{"id":17,"date":"2019-02-08T07:23:35","date_gmt":"2019-02-08T07:23:35","guid":{"rendered":"http:\/\/blogg.sh.se\/paus\/?page_id=17"},"modified":"2019-02-08T07:31:28","modified_gmt":"2019-02-08T07:31:28","slug":"aktiviteter","status":"publish","type":"page","link":"https:\/\/blogg.sh.se\/paus\/aktiviteter\/","title":{"rendered":"Aktiviteter"},"content":{"rendered":"\n<p>L\u00e4rm\u00f6te 29\/8 2019<\/p>\n\n\n\n<p>Save the date! 29 augusti planerar projektet ett l\u00e4rm\u00f6te d\u00e4r alla projektets deltagare, b\u00e5de akademiker och mottagande organisationer kommer att dela erfarenheter genom presentationer och workshops. M\u00f6tet h\u00e5lls p\u00e5 KTH i Stockholm. Deltagare b\u00e5de fr\u00e5n akademin och externa organisationer \u00e4r v\u00e4lkomna.<\/p>\n","protected":false},"excerpt":{"rendered":"<p>L\u00e4rm\u00f6te 29\/8 2019 Save the date! 29 augusti planerar projektet ett l\u00e4rm\u00f6te d\u00e4r alla projektets deltagare, b\u00e5de akademiker och mottagande organisationer kommer att dela erfarenheter genom presentationer och workshops. M\u00f6tet h\u00e5lls p\u00e5 KTH i Stockholm. Deltagare b\u00e5de fr\u00e5n akademin och externa organisationer \u00e4r v\u00e4lkomna.<\/p>\n","protected":false},"author":1,"featured_media":0,"parent":0,"menu_order":0,"comment_status":"closed","ping_status":"closed","template":"","meta":[],"_links":{"self":[{"href":"https:\/\/blogg.sh.se\/paus\/wp-json\/wp\/v2\/pages\/17"}],"collection":[{"href":"https:\/\/blogg.sh.se\/paus\/wp-json\/wp\/v2\/pages"}],"about":[{"href":"https:\/\/blogg.sh.se\/paus\/wp-json\/wp\/v2\/types\/page"}],"author":[{"embeddable":true,"href":"https:\/\/blogg.sh.se\/paus\/wp-json\/wp\/v2\/users\/1"}],"replies":[{"embeddable":true,"href":"https:\/\/blogg.sh.se\/paus\/wp-json\/wp\/v2\/comments?post=17"}],"version-history":[{"count":2,"href":"https:\/\/blogg.sh.se\/paus\/wp-json\/wp\/v2\/pages\/17\/revisions"}],"predecessor-version":[{"id":37,"href":"https:\/\/blogg.sh.se\/paus\/wp-json\/wp\/v2\/pages\/17\/revisions\/37"}],"wp:attachment":[{"href":"https:\/\/blogg.sh.se\/paus\/wp-json\/wp\/v2\/media?parent=17"}],"curies":[{"name":"wp","href":"https:\/\/api.w.org\/{rel}","templated":true}]}}