{"id":146,"date":"2026-03-25T13:25:08","date_gmt":"2026-03-25T13:25:08","guid":{"rendered":"https:\/\/blogg.sh.se\/hbtqochdemens\/?page_id=146"},"modified":"2026-04-27T07:58:23","modified_gmt":"2026-04-27T07:58:23","slug":"resurser","status":"publish","type":"page","link":"https:\/\/blogg.sh.se\/hbtqochdemens\/resurser\/","title":{"rendered":"Resurser"},"content":{"rendered":"\n<h2 class=\"wp-block-heading\">P\u00e5 svenska<\/h2>\n\n\n\n<p>Det finns f\u00e5 resurser p\u00e5 svenska som handlar specifikt om hbtq-personer och demenssjukdomar. Vi har d\u00e4rf\u00f6r nedan \u00e4ven listat texter som&nbsp;handlar mer generellt om hbtq-personer och omsorg, och om demens och sexualitet.&nbsp;Om du klickar p\u00e5 dem s\u00e5 \u00f6ppnas de i en ny flik i webl\u00e4saren.<\/p>\n\n\n\n<p><a href=\"https:\/\/www.diva-portal.org\/smash\/get\/diva2:2050209\/FULLTEXT01.pdf\">Siverskog, A. &amp; Sandberg, L (2026).\u00a0<em>Minnen av regnb\u00e5gen: en studie av hbtq-personer med demenssjukdomar och perspektiv fr\u00e5n omsorgen.\u00a0<\/em>S\u00f6dert\u00f6rn research reports. S\u00f6dert\u00f6rns h\u00f6gskola.<\/a><\/p>\n\n\n\n<p><a href=\"https:\/\/de-menscentrum.se\/publicerat\/bocker-rapporter\/sexualitet-och-demenssjukdom\" data-type=\"link\" data-id=\"https:\/\/de-menscentrum.se\/publicerat\/bocker-rapporter\/sexualitet-och-demenssjukdom\" target=\"_blank\" rel=\"noreferrer noopener\">Persson, P. A., &amp; Hjulstr\u00f6m, S. (2017). Sexualitet och demenssjukdom: En skrift f\u00f6r dig som arbetar med personer som har demenssjukdom. Svenskt demenscentrum. <\/a>[skrift]<\/p>\n\n\n\n<p><a href=\"https:\/\/aldreicentrum.se\/teman\/hbtq-1-25\/bortglomda-om-hbtq-personer-med-demens\/\" data-type=\"link\" data-id=\"https:\/\/aldreicentrum.se\/teman\/hbtq-1-25\/bortglomda-om-hbtq-personer-med-demens\/\" target=\"_blank\" rel=\"noreferrer noopener\">Sandberg, L. &amp; Siverskog, A. (2025)&nbsp;<em>Bortgl\u00f6mda? Om hbtq-personer med demens.&nbsp;<\/em>\u00c4ldre i Centrum.<em>&nbsp;<\/em><\/a> [tidningsartikel]<\/p>\n\n\n\n<p><a href=\"https:\/\/sh.diva-portal.org\/smash\/get\/diva2:1694169\/FULLTEXT03.pdf\" data-type=\"link\" data-id=\"https:\/\/sh.diva-portal.org\/smash\/get\/diva2:1694169\/FULLTEXT03.pdf\" target=\"_blank\" rel=\"noreferrer noopener\">Sandberg, L. &amp; Larsdotter, S. (2022). <em>\u00c4ldres sexualitet: H\u00e4lsa, r\u00e4ttigheter och njutning<\/em>. S\u00f6dert\u00f6rns h\u00f6gskola.<\/a> [bok]<\/p>\n\n\n\n<p><a href=\"http:\/\/rfslstockholm.se\/bestall-skriften-queer-aldreomsorg-gratis\/\" data-type=\"link\" data-id=\"rfslstockholm.se\/bestall-skriften-queer-aldreomsorg-gratis\/\" target=\"_blank\" rel=\"noreferrer noopener\">Siverskog, A. (2021) <em>Queer \u00e4ldreomsorg. Att m\u00f6ta \u00e4ldre hbtq-personer inom v\u00e5rd och omsorg.<\/em> RFSL Stockholm. <\/a> [bok]<\/p>\n\n\n\n<p><a href=\"https:\/\/aldreicentrum.se\/teman\/hbtq-1-25\/han-forsvinner-bit-for-bit\/\" data-type=\"link\" data-id=\"https:\/\/aldreicentrum.se\/teman\/hbtq-1-25\/han-forsvinner-bit-for-bit\/\" target=\"_blank\" rel=\"noreferrer noopener\">Szurkos, E.&nbsp;(2025)&nbsp;<em>\u201cHan f\u00f6rsvinner bit f\u00f6r bit\u201d.&nbsp;<\/em>\u00c4ldre i Centrum. <\/a> [tidningsartikel]<\/p>\n\n\n\n<p><a href=\"https:\/\/transammans.skillhabit.com\/redirect-to-auth-storage?url=https:\/\/storage.skillhabit.com\/baloo-customer-files-private\/transammans-baloo-course-files\/6721bbde-89c4-450d-80a6-817afa743e4c.pdf&amp;download=true\" data-type=\"link\" data-id=\"https:\/\/transammans.skillhabit.com\/redirect-to-auth-storage?url=https:\/\/storage.skillhabit.com\/baloo-customer-files-private\/transammans-baloo-course-files\/6721bbde-89c4-450d-80a6-817afa743e4c.pdf&amp;download=true\" target=\"_blank\" rel=\"noreferrer noopener\">Transammans&nbsp;(2025)&nbsp;<em>V\u00e4rdig&nbsp;v\u00e5rd,&nbsp;\u00f6ppet&nbsp;sinne:&nbsp;Att&nbsp;m\u00f6ta&nbsp;transpersoner&nbsp;inom&nbsp;v\u00e5rd&nbsp;&amp;&nbsp;omsorg.&nbsp;<\/em>&nbsp;<\/a>[handbok f\u00f6r personer som m\u00f6ter transpersoner inom v\u00e5rd och omsorg]<\/p>\n\n\n\n<p><a href=\"https:\/\/transammans.se\/var-verksamhet\/transliv\/utbildning-fran-transliv\/kostnadsfri-webbutbildning\/\" data-type=\"link\" data-id=\"https:\/\/transammans.se\/var-verksamhet\/transliv\/utbildning-fran-transliv\/kostnadsfri-webbutbildning\/\" target=\"_blank\" rel=\"noreferrer noopener\">Transsammans (2025) Webutbildning f\u00f6r personer som m\u00f6ter transpersoner inom v\u00e5rd och omsorg<\/a> [utbildning]<\/p>\n\n\n\n<h2 class=\"wp-block-heading\">P\u00e5 engelska<\/h2>\n\n\n\n<p><strong>F\u00f6rel\u00e4sningar<\/strong><\/p>\n\n\n\n<p><a href=\"https:\/\/memoryfriendly.org.uk\/programmes\/critical-dementia-network\/activities-and-events\/queering-dementia-current-research-on-lgbtq-people-living-with-dementia\/\">Symposium: Queering Dementia: current research on LGBTQ+ people living with dementia <\/a><\/p>\n\n\n\n<p><a href=\"https:\/\/www.youtube.com\/watch?v=Oav6fIASO44\">Spotlight on LGBTQIA+ and Dementia &#8211; SPIN-D Network Plus Event<\/a><\/p>\n\n\n\n<p><a href=\"https:\/\/www.youtube.com\/watch?v=_8XtpWiOp24\">F\u00f6rel\u00e4sning: Living with dementia as a trans older adult: Intervention strategies med Marjorie Silverman och Alexandre Baril <\/a><\/p>\n\n\n\n<p><a href=\"https:\/\/www.youtube.com\/watch?v=1X83vbdXPxU\">F\u00f6rel\u00e4sning: Rethinking Gender in Dementia Care med Phil Harper <\/a><\/p>\n\n\n\n<p><a href=\"https:\/\/www.youtube.com\/watch?v=-32P8a2_tIs\">F\u00f6rel\u00e4sning: An Introduction to LGBTQIA and Dementia Presented med Phil Harper <\/a><\/p>\n\n\n\n<p><strong>Rapporter&nbsp;och&nbsp;utbildningsmaterial:&nbsp;<\/strong><\/p>\n\n\n\n<p><a href=\"https:\/\/alzheimer.ca\/sites\/default\/files\/documents\/Coming-out-and-coming-in-to-living-with-dementia_Egale-National-Institute-on-Ageing.pdf\" data-type=\"link\" data-id=\"https:\/\/alzheimer.ca\/sites\/default\/files\/documents\/Coming-out-and-coming-in-to-living-with-dementia_Egale-National-Institute-on-Ageing.pdf\" target=\"_blank\" rel=\"noreferrer noopener\">Flanagan, A., &amp; Pang, C. (2022).&nbsp;<em>Coming out and coming in to living with dementia: Enhancing support for 2SLGBTQI people living with dementia and their primary unpaid carers<\/em>. National Institute on Ageing, Toronto Metropolitan University och Egale Canada.&nbsp;<\/a>&nbsp;<\/p>\n\n\n\n<p><a href=\"https:\/\/de-mentiavoices.org.uk\/wp-content\/uploads\/2015\/03\/Over-the-Rainbow-LGBTDementia-Report.pdf\" data-type=\"link\" data-id=\"https:\/\/de-mentiavoices.org.uk\/wp-content\/uploads\/2015\/03\/Over-the-Rainbow-LGBTDementia-Report.pdf\" target=\"_blank\" rel=\"noreferrer noopener\">Peel, E., &amp; McDaid, S. (2015). &#8217;Over the rainbow&#8217;: Lesbian, gay, bisexual, trans people and dementia project. Summary report. University of Worcester, Worcester. <\/a><\/p>\n\n\n\n<p><a href=\"https:\/\/www.alz.org\/getmedia\/bb94055b-44eb-4713-b66c-fe5413d0dbb4\/lgbt-dementia-issues-brief.pdf\" data-type=\"link\" data-id=\"https:\/\/www.alz.org\/getmedia\/bb94055b-44eb-4713-b66c-fe5413d0dbb4\/lgbt-dementia-issues-brief.pdf\" target=\"_blank\" rel=\"noreferrer noopener\">SAGE &amp; Alzheimer\u2019s Association.&nbsp;<em>Issues brief: LGBT and dementia<\/em>.&nbsp;&nbsp;<\/a><\/p>\n\n\n\n<p>Westwood, S., &amp; Price, E. (2023).&nbsp;<em>LGBTQ+&nbsp;People&nbsp;and&nbsp;Dementia: A&nbsp;good&nbsp;practice&nbsp;guide<\/em>. Jessica Kingsley Publishers.&nbsp;<\/p>\n\n\n\n<p><strong>Hemsidor:<\/strong>&nbsp;<\/p>\n\n\n\n<p><a href=\"https:\/\/www.alzheimers.org.uk\/get-support\/living-with-dementia\/lgbtq-living-with-dementia\u00a8\" data-type=\"link\" data-id=\"https:\/\/www.alzheimers.org.uk\/get-support\/living-with-dementia\/lgbtq-living-with-dementia\u00a8\" target=\"_blank\" rel=\"noreferrer noopener\">Alzheimer\u2019s Society.&nbsp;<em>LGBTQ + Living with Dementia.&nbsp;<\/em><\/a>&nbsp;<\/p>\n\n\n\n<p><a href=\"https:\/\/lgbt.foundation\/pride-in-ageing-living-well-with-dementia\/\" data-type=\"link\" data-id=\"https:\/\/lgbt.foundation\/pride-in-ageing-living-well-with-dementia\/\" target=\"_blank\" rel=\"noreferrer noopener\">Bring Dementia Out&nbsp;<\/a><\/p>\n\n\n\n<p><a href=\"https:\/\/www.dementiauk.org\/information-and-support\/living-with-dementia\/supporting-lgbtq-people-with-dementia\/\" data-type=\"link\" data-id=\"https:\/\/www.dementiauk.org\/information-and-support\/living-with-dementia\/supporting-lgbtq-people-with-dementia\/\" target=\"_blank\" rel=\"noreferrer noopener\">Dementia UK.&nbsp;<em>Dementia in the LGBT+ community.&nbsp;&nbsp;<\/em><\/a><\/p>\n\n\n\n<p><a href=\"https:\/\/egale.ca\/egale-in-action\/2slgbtqi-dementia-care\/\" data-type=\"link\" data-id=\"https:\/\/egale.ca\/egale-in-action\/2slgbtqi-dementia-care\/\" target=\"_blank\" rel=\"noreferrer noopener\">Egale Canada&nbsp;<\/a><\/p>\n\n\n\n<p><a href=\"https:\/\/www.lgbthealth.org.uk\/resource\/lgbt-dementia-toolkit\/\" data-type=\"link\" data-id=\"https:\/\/www.lgbthealth.org.uk\/resource\/lgbt-dementia-toolkit\/\" target=\"_blank\" rel=\"noreferrer noopener\">LGBT Health and wellbeing.&nbsp;<em>Proud to Care: LGBT and Dementia (a Healthcare Guide).&nbsp;<\/em>&nbsp;<\/a><\/p>\n\n\n\n<p><a href=\"https:\/\/www.dementia.org.au\/dementia-and-lgbti-people\" data-type=\"link\" data-id=\"https:\/\/www.dementia.org.au\/dementia-and-lgbti-people\" target=\"_blank\" rel=\"noreferrer noopener\">Dementia Australia.&nbsp;<em>Dementia and LGBTI+ People.&nbsp;&nbsp;<\/em><\/a><\/p>\n\n\n\n<p><a href=\"https:\/\/lgbtqdementia.org\/\" data-type=\"link\" data-id=\"https:\/\/lgbtqdementia.org\/\" target=\"_blank\" rel=\"noreferrer noopener\">LGBTQ+ Dementia Advisory Group.&nbsp;<\/a><\/p>\n\n\n\n<p><a href=\"https:\/\/www.switchboard.org.uk\/what-we-do\/dementia-project\" data-type=\"link\" data-id=\"https:\/\/www.switchboard.org.uk\/what-we-do\/dementia-project\" target=\"_blank\" rel=\"noreferrer noopener\">Switchboard UK&nbsp;&nbsp;<\/a><\/p>\n\n\n\n<p><\/p>\n\n\n\n<p><strong>Filmer&nbsp;<\/strong><\/p>\n\n\n\n<p><a href=\"https:\/\/www.youtube.com\/watch?v=io6600RFDbU\" data-type=\"link\" data-id=\"https:\/\/www.youtube.com\/watch?v=io6600RFDbU\" target=\"_blank\" rel=\"noreferrer noopener\">Alzheimer\u2019s Society.&nbsp;<em>Bring dementia out.<\/em><\/a>&nbsp;[kortfilm]<em>&nbsp;<\/em><\/p>\n\n\n\n<p><a href=\"https:\/\/www.youtube.com\/watch?v=LGFUQhCkT6U\" data-type=\"link\" data-id=\"https:\/\/www.youtube.com\/watch?v=LGFUQhCkT6U\" target=\"_blank\" rel=\"noreferrer noopener\">Val\u2019s LGBTI Ageing &amp; Aged&nbsp;care. <em>Edie: a day in the life of a lesbian with younger onset dementia<\/em><\/a><em>&nbsp;<\/em>[kortfilm]&nbsp;<\/p>\n\n\n\n<p><em>Supernova&nbsp;<\/em>(2020) [l\u00e5ngfilm] <a href=\"https:\/\/www.youtube.com\/watch?v=T4BzzHYQUNg\" data-type=\"link\" data-id=\"https:\/\/www.youtube.com\/watch?v=T4BzzHYQUNg\" target=\"_blank\" rel=\"noreferrer noopener\">Se trailer&nbsp;h\u00e4r<\/a><\/p>\n\n\n\n<p><strong>Vetenskapliga artiklar&nbsp;p\u00e5 engelska<\/strong>&nbsp;<\/p>\n\n\n\n<p>Anderson, J. G., Flatt, J. D.,&nbsp;Jabson&nbsp;Tree, J. M., Gross, A. L., &amp; Rose, K. M. (2021). Characteristics&nbsp;of sexual and gender minority caregivers of people with dementia. Journal of Aging and Health, 33(10), 838\u2013851.&nbsp;<a href=\"https:\/\/doi.org\/10.1177\/08982643211014767\" target=\"_blank\" rel=\"noreferrer noopener\">https:\/\/doi.org\/10.1177\/0898264321101476<strong>7<\/strong><\/a><strong><\/strong>&nbsp;<\/p>\n\n\n\n<p>Barrett, C.,&nbsp;Crameri, P., Lambourne, S., Latham, J. R., &amp; Whyte, C. (2015). Understanding the experiences and needs of lesbian, gay,&nbsp;bisexual&nbsp;and trans Australians living with dementia, and their partners.&nbsp;<em>Australasian Journal of Ageing<\/em>, 34(S2), 34\u201338.&nbsp;<a href=\"https:\/\/doi.org\/10.1111\/ajag.12271\" target=\"_blank\" rel=\"noreferrer noopener\">https:\/\/doi.org\/10.1111\/ajag.12271<\/a>&nbsp;<\/p>\n\n\n\n<p>Chidiac, C., Walshe, C., Lowers, J., &amp; Preston, N. (2025). The needs, preferences, and ex-periences&nbsp;of LGBT+ people living with dementia: A systematic review with thematic synthesis.&nbsp;<em>BMC Geriatrics<\/em>, 25(326).&nbsp;<a href=\"https:\/\/doi.org\/10.1186\/s12877-025-06006-4\" target=\"_blank\" rel=\"noreferrer noopener\">https:\/\/doi.org\/10.1186\/s12877-025-06006-4<\/a>.&nbsp;<\/p>\n\n\n\n<p>Di Lorito, C., Bosco, A., Peel, A., Hinchliff, S., Dening, T.,&nbsp;Calasanti, T., de Vries, B., Cutler, N. K., &amp; Harwood, R. (2022). Are dementia services and support&nbsp;organisations&nbsp;meeting the needs of lesbian, gay,&nbsp;bisexual&nbsp;and transgender (LGBT) caregivers of LGBT people living with dementia? A scoping review of&nbsp;the literature.&nbsp;<em>Aging &amp; Mental Health,<\/em>&nbsp;26(10), 1912\u20131921.&nbsp;<a href=\"https:\/\/doi.org\/10.1080\/13607863.2021.2008870\" target=\"_blank\" rel=\"noreferrer noopener\">https:\/\/doi.org\/10.1080\/13607863.2021.2008870<\/a>&nbsp;<\/p>\n\n\n\n<p>Harper, P. (2019). How healthcare professionals can support older LGBTQ+ people living with dementia.&nbsp;<em>Nursing Older People,<\/em>&nbsp;31(5), 16\u201321. https:\/\/doi.org\/10.7748\/nop. 2019.e1115&nbsp;<\/p>\n\n\n\n<p>McParland, J., &amp; Camic, P. M. (2018). How do lesbian and gay people experience&nbsp;dementia?&nbsp;<em>Dementia<\/em>, 17(4), 452\u2013477. https:\/\/doi.org\/10.1177\/1471301216648471&nbsp;<\/p>\n\n\n\n<p>Price, E. (2010). Gay&nbsp;and lesbian&nbsp;carers:&nbsp;Ageing&nbsp;in the&nbsp;shadow&nbsp;of&nbsp;dementia.<em>&nbsp;Ageing&nbsp;and&nbsp;Society<\/em>, 32(3), 516\u2013532.&nbsp;<a href=\"https:\/\/doi.org\/10.1017\/S0144686X11000560\" target=\"_blank\" rel=\"noreferrer noopener\">https:\/\/doi.org\/10.1017\/S0144686X11000560<\/a>&nbsp;<\/p>\n\n\n\n<p>Sandberg, L., &amp; Siverskog, A. (2024). Still&nbsp;here, still queer? Queer&nbsp;lives&nbsp;and&nbsp;subjectivities&nbsp;in&nbsp;dementia&nbsp;care.<em>&nbsp;Sexualities<\/em>, 28(4), 1526\u20131543.&nbsp;<a href=\"https:\/\/doi.org\/10.1177\/13634\" target=\"_blank\" rel=\"noreferrer noopener\">https:\/\/doi.org\/10.1177\/13634<\/a>&nbsp;607241274868&nbsp;<\/p>\n\n\n\n<p>Sandberg, L. J., &amp; Siverskog, A. (2025).&nbsp;True&nbsp;inner&nbsp;self&nbsp;or&nbsp;fantasies&nbsp;and&nbsp;fabulation? Dis-courses&nbsp;on gender&nbsp;identity,&nbsp;sexuality, and LGBTQ&nbsp;among&nbsp;care&nbsp;workers&nbsp;in Swedish&nbsp;dementia&nbsp;care.&nbsp;<em>Dementia<\/em>.&nbsp;Advance&nbsp;online&nbsp;publication. https:\/\/doi.org\/10.1177\/&nbsp;14713012251319821&nbsp;<\/p>\n\n\n\n<p>Shippee, T.,&nbsp;Rosser, B. R. S., Wright, M. M.,&nbsp;Aumock, C.,&nbsp;Moone, R.,&nbsp;Talley, K. M. C., Duran, P., Henning-Smith, C., Cahill, S.,&nbsp;Flatt, J. D.,&nbsp;Slaughter-Acey, J.,&nbsp;Greenwald, S., McCarthy, T., &amp; Ross, M. W. (2024).&nbsp;Scoping&nbsp;literature&nbsp;review:&nbsp;Experiences&nbsp;of&nbsp;sexual&nbsp;and gender&nbsp;minority&nbsp;older&nbsp;adults,&nbsp;with&nbsp;diagnoses&nbsp;of&nbsp;dementia,&nbsp;who&nbsp;use&nbsp;residential&nbsp;long-term services&nbsp;and supports.<em>&nbsp;Journal&nbsp;of&nbsp;Applied&nbsp;Gerontology,<\/em>&nbsp;43(5), 562\u2013576.&nbsp;<a href=\"https:\/\/doi.org\/10.1177\/07334648231213532\" target=\"_blank\" rel=\"noreferrer noopener\">https:\/\/doi.org\/10.1177\/07334648231213532<\/a>&nbsp;<\/p>\n\n\n\n<p>Silverman, M., &amp; Baril, A. (2021).&nbsp;Transing&nbsp;dementia:&nbsp;Rethinking&nbsp;compulsory&nbsp;biograph-ical&nbsp;continuity&nbsp;through&nbsp;the&nbsp;theorization&nbsp;of&nbsp;cisism&nbsp;and&nbsp;cisnormativity.&nbsp;<em>Journal&nbsp;of&nbsp;Aging&nbsp;Studies<\/em>, 58,&nbsp;100956.&nbsp;<a href=\"https:\/\/doi.org\/10.1016\/j.jaging.2021.100956\" target=\"_blank\" rel=\"noreferrer noopener\">https:\/\/doi.org\/10.1016\/j.jaging.2021.100956<\/a>&nbsp;<\/p>\n\n\n\n<p>Silverman, M., &amp; Baril, A. (2023). &#8221;We&nbsp;have&nbsp;to&nbsp;advocate&nbsp;so hard for&nbsp;ourselves&nbsp;and&nbsp;our&nbsp;people&#8221;:&nbsp;Caring&nbsp;for a&nbsp;trans or&nbsp;non-binary&nbsp;older&nbsp;adult&nbsp;with&nbsp;dementia.&nbsp;<em>LGBTQ+&nbsp;Family: An&nbsp;Interdisciplinary&nbsp;Journal,<\/em>&nbsp;19(3), 187\u2013210.&nbsp;https:\/\/doi.org\/10.1080\/27703371.&nbsp;2023.2169215&nbsp;<\/p>\n\n\n\n<p>Siverskog, A., &amp; Sandberg, L. J. (2025). Gender&nbsp;identity,&nbsp;sexuality, and LGBTI&nbsp;perspectives&nbsp;in Swedish&nbsp;dementia&nbsp;care&nbsp;policies.&nbsp;<em>Journal&nbsp;of&nbsp;Gerontological&nbsp;Social&nbsp;Work,<\/em>&nbsp;68(7), 956\u2013977.https:\/\/doi.org\/10.1080\/01634372.2025.2472971&nbsp;<\/p>\n\n\n\n<p>Stinchcombe, A.,&nbsp;Oueis, J., Wilson, K., &amp; Wright, D. K. (2024). Safer dementia care spaces: Perspectives from LGBTQ+ people with cognitive impairment and caregivers.&nbsp;<em>Dementia<\/em>, 24(2), 214\u2013234.&nbsp;<a href=\"https:\/\/doi.org\/10.1177\/14713012241284691\" target=\"_blank\" rel=\"noreferrer noopener\">https:\/\/doi.org\/10.1177\/14713012241284691<\/a>&nbsp;<\/p>\n\n\n\n<p>Westwood, S. &amp; Price, E. (Red.) (2016).&nbsp;<em>Lesbian, gay,&nbsp;bisexual&nbsp;and trans* individuals living with dementia: Theoretical,&nbsp;practical&nbsp;and rights-based&nbsp;perspectives<\/em>. Routledge.&nbsp;<\/p>\n\n\n\n<p>Witten, T. M. (2016). Trans* people&nbsp;anticipating&nbsp;dementia care: Findings from the Transgender MetLife Survey. I S. Westwood &amp; E.&nbsp;Price (Red.),<em>&nbsp;Lesbian, gay,&nbsp;bisexual&nbsp;and&nbsp;trans* individuals living with dementia: Theoretical,&nbsp;practical&nbsp;and rights-based per-spectives&nbsp;<\/em>(s. 110\u2013123). Routledge.&nbsp;<\/p>\n","protected":false},"excerpt":{"rendered":"<p>P\u00e5 svenska Det finns f\u00e5 resurser p\u00e5 svenska som handlar specifikt om hbtq-personer och demenssjukdomar. Vi har d\u00e4rf\u00f6r nedan \u00e4ven listat texter som&nbsp;handlar mer generellt om hbtq-personer och omsorg, och om demens och sexualitet.&nbsp;Om du klickar p\u00e5 dem s\u00e5 \u00f6ppnas de i en ny flik i webl\u00e4saren. Siverskog, A. &amp; Sandberg, L (2026).\u00a0Minnen av regnb\u00e5gen: [&hellip;]<\/p>\n","protected":false},"author":2,"featured_media":0,"parent":0,"menu_order":0,"comment_status":"closed","ping_status":"closed","template":"","meta":{"footnotes":""},"class_list":["post-146","page","type-page","status-publish","hentry"],"_links":{"self":[{"href":"https:\/\/blogg.sh.se\/hbtqochdemens\/wp-json\/wp\/v2\/pages\/146","targetHints":{"allow":["GET"]}}],"collection":[{"href":"https:\/\/blogg.sh.se\/hbtqochdemens\/wp-json\/wp\/v2\/pages"}],"about":[{"href":"https:\/\/blogg.sh.se\/hbtqochdemens\/wp-json\/wp\/v2\/types\/page"}],"author":[{"embeddable":true,"href":"https:\/\/blogg.sh.se\/hbtqochdemens\/wp-json\/wp\/v2\/users\/2"}],"replies":[{"embeddable":true,"href":"https:\/\/blogg.sh.se\/hbtqochdemens\/wp-json\/wp\/v2\/comments?post=146"}],"version-history":[{"count":5,"href":"https:\/\/blogg.sh.se\/hbtqochdemens\/wp-json\/wp\/v2\/pages\/146\/revisions"}],"predecessor-version":[{"id":178,"href":"https:\/\/blogg.sh.se\/hbtqochdemens\/wp-json\/wp\/v2\/pages\/146\/revisions\/178"}],"wp:attachment":[{"href":"https:\/\/blogg.sh.se\/hbtqochdemens\/wp-json\/wp\/v2\/media?parent=146"}],"curies":[{"name":"wp","href":"https:\/\/api.w.org\/{rel}","templated":true}]}}