{"id":186,"date":"2017-05-03T10:53:30","date_gmt":"2017-05-03T10:53:30","guid":{"rendered":"http:\/\/blogg.sh.se\/detcivilasamhallet\/?page_id=186"},"modified":"2018-10-05T11:30:39","modified_gmt":"2018-10-05T11:30:39","slug":"nyheter","status":"publish","type":"page","link":"https:\/\/blogg.sh.se\/detcivilasamhallet\/nyheter\/","title":{"rendered":"Nyheter"},"content":{"rendered":"<h2><\/h2>\n<h3>Nya delprojekt inom ramen f\u00f6r forskningsprogrammet 2018-2020<\/h3>\n<p><span style=\"margin: 0px; font-family: 'Calibri',sans-serif; font-size: 11pt;\"><span style=\"color: #000000;\">I januari 2018 startade 7 nya projekt i programmet. Totalt beviljade Vetenskapsr\u00e5det 27 millioner kronor f\u00f6r perioden 2018-2020. Mer information om projekten\u00a0finns att l\u00e4sa\u00a0under &#8221;<em><strong>Delprojekten&#8221;.<\/strong><\/em><\/span><\/span><\/p>\n<h3><\/h3>\n<h3><strong>Workshop om civilsamh\u00e4llet 5 maj 2017<br \/>\n<\/strong><\/h3>\n<p>Inom ramen f\u00f6r uppdraget som samordnare av VR:s ramprogram om det civila samh\u00e4llet bj\u00f6d professor Apostolis Papakostas in till en workshop om civilsamh\u00e4llet p\u00e5 S\u00f6dert\u00f6rns h\u00f6gskola den 5 maj f\u00f6r att samla forskarna kring forskningen p\u00e5 omr\u00e5det och f\u00f6r att hitta nya samarbetsm\u00f6jligheter.<\/p>\n<p><a href=\"http:\/\/blogg.sh.se\/detcivilasamhallet\/wp-content\/uploads\/2017\/05\/d2.jpg\"><img loading=\"lazy\" class=\"aligncenter wp-image-285 size-medium\" src=\"http:\/\/blogg.sh.se\/detcivilasamhallet\/wp-content\/uploads\/2017\/05\/d2-300x201.jpg\" alt=\"\" width=\"300\" height=\"201\" srcset=\"https:\/\/blogg.sh.se\/detcivilasamhallet\/wp-content\/uploads\/2017\/05\/d2-300x201.jpg 300w, https:\/\/blogg.sh.se\/detcivilasamhallet\/wp-content\/uploads\/2017\/05\/d2-768x514.jpg 768w, https:\/\/blogg.sh.se\/detcivilasamhallet\/wp-content\/uploads\/2017\/05\/d2-1024x685.jpg 1024w, https:\/\/blogg.sh.se\/detcivilasamhallet\/wp-content\/uploads\/2017\/05\/d2-580x388.jpg 580w, https:\/\/blogg.sh.se\/detcivilasamhallet\/wp-content\/uploads\/2017\/05\/d2.jpg 1498w\" sizes=\"(max-width: 300px) 100vw, 300px\" \/><\/a> <a href=\"http:\/\/blogg.sh.se\/detcivilasamhallet\/wp-content\/uploads\/2017\/05\/a2.jpg\"><img loading=\"lazy\" class=\"aligncenter wp-image-288 size-medium\" src=\"http:\/\/blogg.sh.se\/detcivilasamhallet\/wp-content\/uploads\/2017\/05\/a2-300x201.jpg\" alt=\"\" width=\"300\" height=\"201\" srcset=\"https:\/\/blogg.sh.se\/detcivilasamhallet\/wp-content\/uploads\/2017\/05\/a2-300x201.jpg 300w, https:\/\/blogg.sh.se\/detcivilasamhallet\/wp-content\/uploads\/2017\/05\/a2-768x514.jpg 768w, https:\/\/blogg.sh.se\/detcivilasamhallet\/wp-content\/uploads\/2017\/05\/a2-1024x685.jpg 1024w, https:\/\/blogg.sh.se\/detcivilasamhallet\/wp-content\/uploads\/2017\/05\/a2-580x388.jpg 580w, https:\/\/blogg.sh.se\/detcivilasamhallet\/wp-content\/uploads\/2017\/05\/a2.jpg 1351w\" sizes=\"(max-width: 300px) 100vw, 300px\" \/><\/a><a href=\"http:\/\/blogg.sh.se\/detcivilasamhallet\/wp-content\/uploads\/2017\/05\/b2.jpg\"><img loading=\"lazy\" class=\"aligncenter wp-image-287 size-medium\" src=\"http:\/\/blogg.sh.se\/detcivilasamhallet\/wp-content\/uploads\/2017\/05\/b2-300x201.jpg\" alt=\"\" width=\"300\" height=\"201\" srcset=\"https:\/\/blogg.sh.se\/detcivilasamhallet\/wp-content\/uploads\/2017\/05\/b2-300x201.jpg 300w, https:\/\/blogg.sh.se\/detcivilasamhallet\/wp-content\/uploads\/2017\/05\/b2-768x514.jpg 768w, https:\/\/blogg.sh.se\/detcivilasamhallet\/wp-content\/uploads\/2017\/05\/b2-1024x685.jpg 1024w, https:\/\/blogg.sh.se\/detcivilasamhallet\/wp-content\/uploads\/2017\/05\/b2-580x388.jpg 580w, https:\/\/blogg.sh.se\/detcivilasamhallet\/wp-content\/uploads\/2017\/05\/b2.jpg 1487w\" sizes=\"(max-width: 300px) 100vw, 300px\" \/><\/a><a href=\"http:\/\/blogg.sh.se\/detcivilasamhallet\/wp-content\/uploads\/2017\/05\/c2.jpg\"><img loading=\"lazy\" class=\"aligncenter wp-image-286 size-medium\" src=\"http:\/\/blogg.sh.se\/detcivilasamhallet\/wp-content\/uploads\/2017\/05\/c2-300x200.jpg\" alt=\"\" width=\"300\" height=\"200\" srcset=\"https:\/\/blogg.sh.se\/detcivilasamhallet\/wp-content\/uploads\/2017\/05\/c2-300x200.jpg 300w, https:\/\/blogg.sh.se\/detcivilasamhallet\/wp-content\/uploads\/2017\/05\/c2-768x513.jpg 768w, https:\/\/blogg.sh.se\/detcivilasamhallet\/wp-content\/uploads\/2017\/05\/c2-1024x684.jpg 1024w, https:\/\/blogg.sh.se\/detcivilasamhallet\/wp-content\/uploads\/2017\/05\/c2-580x387.jpg 580w, https:\/\/blogg.sh.se\/detcivilasamhallet\/wp-content\/uploads\/2017\/05\/c2.jpg 1428w\" sizes=\"(max-width: 300px) 100vw, 300px\" \/><\/a><\/p>\n<h3><strong>Internationell publicering 2015 \/ International publication<\/strong><\/h3>\n<p>Journal of Civil Society har under 2015 gett ut tv\u00e5 special sections med temat A New Ecology of Civil Society.\u00a0 Special section I publicerades i Journal of Civil Society, Volume 11, Issue 2, Routledge, June 2015 och Special Section II i Journal of Civil Society, Volume 11, Issue 4, Routledge, December 2015.Tidskriftsnumren inneh\u00e5ller vart och ett en introduktion av Elisabeth Lilja och artiklar fr\u00e5n forskare inom Vetenskapsr\u00e5dets ramprogram f\u00f6r forskning om det civila samh\u00e4llet\/Special section: A new Ecology of Civil Society. Contributions from reserchers within this program.<\/p>\n<p>L\u00e4nkar till tidskriftsnumren \/ links to the issues:<\/p>\n<p><a href=\"http:\/\/www.tandfonline.com\/toc\/rcis20\/11\/2#.VeWD9T8VgqM\" target=\"_blank\" rel=\"noopener noreferrer\">http:\/\/www.tandfonline.com\/toc\/rcis20\/11\/2#.VeWD9T8VgqM<\/a><\/p>\n<p><a href=\"http:\/\/www.tandfonline.com\/toc\/rcis20\/11\/4\" target=\"_blank\" rel=\"noopener noreferrer\">http:\/\/www.tandfonline.com\/toc\/rcis20\/11\/4<\/a><\/p>\n<p>L\u00e4nkar till programkoordinator Elisabeth Liljas introduktioner \/ Links to introductions by Elisabeth Lilja:<\/p>\n<p><a href=\"http:\/\/www.tandfonline.com\/eprint\/UMifZYB9zqwgKzNUJRjt\/full\" target=\"_blank\" rel=\"noopener noreferrer\">http:\/\/www.tandfonline.com\/eprint\/UMifZYB9zqwgKzNUJRjt\/full<\/a><\/p>\n<p><a href=\"http:\/\/www.tandfonline.com\/doi\/full\/10.1080\/17448689.2015.1112510\" target=\"_blank\" rel=\"noopener noreferrer\">http:\/\/www.tandfonline.com\/doi\/full\/10.1080\/17448689.2015.1112510<\/a><\/p>\n<p>&nbsp;<\/p>\n<h3><strong>Prelimin\u00e4ra resultat september 2013 \/ Preliminary results\u00a0<\/strong><\/h3>\n<p>\u00bb <a href=\"http:\/\/blogg.sh.se\/detcivilasamhallet\/resultat\/\">L\u00e4nk till redovisning av prelimin\u00e4ra resultat presenterade p\u00e5 arbetsseminarium 6 september 2013<\/a><\/p>\n<p>\u00bb <a href=\"http:\/\/blogg.sh.se\/detcivilasamhallet\/resultat\/\">Link to report of preliminary results presented at a work seminar September 6th 2013<\/a><\/p>\n","protected":false},"excerpt":{"rendered":"<p>Nya delprojekt inom ramen f\u00f6r forskningsprogrammet 2018-2020 I januari 2018 startade 7 nya projekt i programmet. Totalt beviljade Vetenskapsr\u00e5det 27 millioner kronor f\u00f6r perioden 2018-2020. Mer information om projekten\u00a0finns att l\u00e4sa\u00a0under &#8221;Delprojekten&#8221;. Workshop om civilsamh\u00e4llet 5 maj 2017 Inom ramen f\u00f6r uppdraget som samordnare av VR:s ramprogram om det civila samh\u00e4llet bj\u00f6d professor Apostolis Papakostas [&hellip;]<\/p>\n","protected":false},"author":2,"featured_media":0,"parent":0,"menu_order":0,"comment_status":"closed","ping_status":"closed","template":"","meta":[],"_links":{"self":[{"href":"https:\/\/blogg.sh.se\/detcivilasamhallet\/wp-json\/wp\/v2\/pages\/186"}],"collection":[{"href":"https:\/\/blogg.sh.se\/detcivilasamhallet\/wp-json\/wp\/v2\/pages"}],"about":[{"href":"https:\/\/blogg.sh.se\/detcivilasamhallet\/wp-json\/wp\/v2\/types\/page"}],"author":[{"embeddable":true,"href":"https:\/\/blogg.sh.se\/detcivilasamhallet\/wp-json\/wp\/v2\/users\/2"}],"replies":[{"embeddable":true,"href":"https:\/\/blogg.sh.se\/detcivilasamhallet\/wp-json\/wp\/v2\/comments?post=186"}],"version-history":[{"count":14,"href":"https:\/\/blogg.sh.se\/detcivilasamhallet\/wp-json\/wp\/v2\/pages\/186\/revisions"}],"predecessor-version":[{"id":302,"href":"https:\/\/blogg.sh.se\/detcivilasamhallet\/wp-json\/wp\/v2\/pages\/186\/revisions\/302"}],"wp:attachment":[{"href":"https:\/\/blogg.sh.se\/detcivilasamhallet\/wp-json\/wp\/v2\/media?parent=186"}],"curies":[{"name":"wp","href":"https:\/\/api.w.org\/{rel}","templated":true}]}}