{"id":10,"date":"2017-04-24T07:21:26","date_gmt":"2017-04-24T07:21:26","guid":{"rendered":"http:\/\/blogg.sh.se\/detcivilasamhallet\/?page_id=10"},"modified":"2019-08-23T11:53:26","modified_gmt":"2019-08-23T11:53:26","slug":"om-projektet","status":"publish","type":"page","link":"https:\/\/blogg.sh.se\/detcivilasamhallet\/","title":{"rendered":"Forskning om det civila samh\u00e4llet"},"content":{"rendered":"<p>Vetenskapsr\u00e5det st\u00f6djer p\u00e5 regeringens uppdrag forskning om det civila samh\u00e4llet. Vetenskapsr\u00e5det har i omg\u00e5ngar sedan 2011 utlyst projektbidrag f\u00f6r s\u00e4rskilda satsningar inom forskning om det civila samh\u00e4llet.<\/p>\n<p>De f\u00f6r\u00e4ndringar som det civila samh\u00e4llet genomg\u00e5r p\u00e5verkar dess roll s\u00e5v\u00e4l i demokratin som i samh\u00e4llet i stort. Syftet med satsningen \u00e4r att \u00f6ka kunskapen om det civila samh\u00e4llets utveckling, organisering och samspel med samh\u00e4llet i \u00f6vrigt.<\/p>\n<p>Genom projektbidragens inriktning ska det civila samh\u00e4llet belysas ur olika perspektiv. Forskningen kan avse olika aspekter av civilsamh\u00e4llet; s\u00e5som historisk utveckling, betydelse i samh\u00e4llsutvecklingen, organisering och kontroll samt individers eller gruppers motiv f\u00f6r att organisera sig. Angel\u00e4gna fr\u00e5gor r\u00f6r vidare hur det civila samh\u00e4llet, stat och marknad relaterar till och p\u00e5verkar varandra. Studier kan avse s\u00e5v\u00e4l f\u00f6reningar, intresseorganisationer och folkr\u00f6relser, som transnationella organisationer och nyare former av sociala n\u00e4tverk. Forskningen kan vidare g\u00e4lla verksamhet som syftar till att p\u00e5verka statens politik eller marknaden och verksamhet som syftar till att erbjuda alternativ, komplettera eller ers\u00e4tta statligt engagemang eller kommersiella marknader.<\/p>\n<p>Beviljade projekt ing\u00e5r i ett st\u00f6rre forskningsprogram om det civila samh\u00e4llet som samordnas av Apostolis Papakostas, S\u00f6dert\u00f6rns h\u00f6gskola. P\u00e5 denna webbplats hittar du samlad information om <a href=\"http:\/\/blogg.sh.se\/detcivilasamhallet\/delprojekten\/\">delprojekten<\/a>.<\/p>\n<p>Programkoordinator fr\u00e5n 1 januari 2016<br \/>\n\u00bb <a href=\"https:\/\/www.sh.se\/p3\/ext\/content.nsf\/aget?openagent&amp;key=sh_personal_profil_sv_301611\" target=\"_blank\" rel=\"noopener noreferrer\">Apostolis Papakostas<\/a><\/p>\n<p>Programkoordinator fr\u00e5n 1 januari 2011 till 31 december 2015<br \/>\n\u00bb <a href=\"http:\/\/www.su.se\/profiles\/elilj-1.183462\" target=\"_blank\" rel=\"noopener noreferrer\">Elisabeth Lilja<\/a><\/p>\n<p><strong>L\u00e4nkar till vetenskapsr\u00e5det<\/strong><\/p>\n<p>\u00bb <a href=\"https:\/\/vr.se\/\" target=\"_blank\" rel=\"noopener noreferrer\">Vetenskapsr\u00e5dets hemsida<\/a><br \/>\n\u00bb <a href=\"https:\/\/vr.se\/genvagar\/humanioraochsamhalle\/forskningomdetcivilasamhallet.4.25e86c0f1350e9e545dab9.html\" target=\"_blank\" rel=\"noopener noreferrer\">Om ramprogrammet p\u00e5 Vetenskapsr\u00e5dets hemsida<\/a><br \/>\n\u00bb <a href=\"https:\/\/www.vr.se\/forskningsfinansiering\/sokabidrag\/vetenskapsradetsutlysningar\/stangdautlysningar\/projektbidragforforskningomcivilsamhallet.5.6546ef8d12fc1a382998000331.html\" target=\"_blank\" rel=\"noopener noreferrer\">Om projektbidrag p\u00e5 Vetenskapsr\u00e5dets hemsida<\/a><\/p>\n<p><strong>Myndigheten f\u00f6r ungdoms- och civilsamh\u00e4llesfr\u00e5gor<\/strong><\/p>\n<p>\u00bb <a href=\"https:\/\/www.mucf.se\/studier-om-civila-samhallet\" target=\"_blank\" rel=\"noopener noreferrer\">L\u00e4nk till presentation av det st\u00f6d som myndigheten ger till forskning om civilsamh\u00e4llet <\/a><\/p>\n","protected":false},"excerpt":{"rendered":"<p>Vetenskapsr\u00e5det st\u00f6djer p\u00e5 regeringens uppdrag forskning om det civila samh\u00e4llet. Vetenskapsr\u00e5det har i omg\u00e5ngar sedan 2011 utlyst projektbidrag f\u00f6r s\u00e4rskilda satsningar inom forskning om det civila samh\u00e4llet. De f\u00f6r\u00e4ndringar som det civila samh\u00e4llet genomg\u00e5r p\u00e5verkar dess roll s\u00e5v\u00e4l i demokratin som i samh\u00e4llet i stort. Syftet med satsningen \u00e4r att \u00f6ka kunskapen om det civila [&hellip;]<\/p>\n","protected":false},"author":1,"featured_media":0,"parent":0,"menu_order":0,"comment_status":"closed","ping_status":"closed","template":"","meta":[],"_links":{"self":[{"href":"https:\/\/blogg.sh.se\/detcivilasamhallet\/wp-json\/wp\/v2\/pages\/10"}],"collection":[{"href":"https:\/\/blogg.sh.se\/detcivilasamhallet\/wp-json\/wp\/v2\/pages"}],"about":[{"href":"https:\/\/blogg.sh.se\/detcivilasamhallet\/wp-json\/wp\/v2\/types\/page"}],"author":[{"embeddable":true,"href":"https:\/\/blogg.sh.se\/detcivilasamhallet\/wp-json\/wp\/v2\/users\/1"}],"replies":[{"embeddable":true,"href":"https:\/\/blogg.sh.se\/detcivilasamhallet\/wp-json\/wp\/v2\/comments?post=10"}],"version-history":[{"count":13,"href":"https:\/\/blogg.sh.se\/detcivilasamhallet\/wp-json\/wp\/v2\/pages\/10\/revisions"}],"predecessor-version":[{"id":312,"href":"https:\/\/blogg.sh.se\/detcivilasamhallet\/wp-json\/wp\/v2\/pages\/10\/revisions\/312"}],"wp:attachment":[{"href":"https:\/\/blogg.sh.se\/detcivilasamhallet\/wp-json\/wp\/v2\/media?parent=10"}],"curies":[{"name":"wp","href":"https:\/\/api.w.org\/{rel}","templated":true}]}}