{"id":505,"date":"2023-02-03T10:54:12","date_gmt":"2023-02-03T10:54:12","guid":{"rendered":"https:\/\/blogg.sh.se\/biologiskt_kulturarv\/?page_id=505"},"modified":"2023-02-03T14:18:32","modified_gmt":"2023-02-03T14:18:32","slug":"de-svenska-fabodaktorerna","status":"publish","type":"page","link":"https:\/\/blogg.sh.se\/biologiskt_kulturarv\/de-svenska-fabodaktorerna\/","title":{"rendered":"De svenska f\u00e4bodakt\u00f6rerna"},"content":{"rendered":"\n<figure class=\"wp-block-image size-full is-resized\"><a href=\"https:\/\/blogg.sh.se\/biologiskt_kulturarv\/wp-content\/uploads\/2023\/02\/unnamed.jpg\"><img loading=\"lazy\" src=\"https:\/\/blogg.sh.se\/biologiskt_kulturarv\/wp-content\/uploads\/2023\/02\/unnamed.jpg\" alt=\"\" class=\"wp-image-551\" width=\"470\" height=\"352\" srcset=\"https:\/\/blogg.sh.se\/biologiskt_kulturarv\/wp-content\/uploads\/2023\/02\/unnamed.jpg 1024w, https:\/\/blogg.sh.se\/biologiskt_kulturarv\/wp-content\/uploads\/2023\/02\/unnamed-300x225.jpg 300w, https:\/\/blogg.sh.se\/biologiskt_kulturarv\/wp-content\/uploads\/2023\/02\/unnamed-768x576.jpg 768w\" sizes=\"(max-width: 470px) 100vw, 470px\" \/><\/a><\/figure>\n\n\n\n<p>En del av de svenska f\u00e4bodbrukarna \u00e4r med i riksf\u00f6reningen Sverige F\u00f6rbundet Sveriges F\u00e4bodkultur och utmarksbruk (FSF) (www.fabod.nu) och Norge finns den nationella f\u00f6reningen Norsk seterkultur (https:\/\/www.seterkultur.no). FSF och Norsk seterkultur \u00e4r de tv\u00e5 drivande f\u00f6reningarna i projektet att nominera f\u00e4bodkulturen\/seterkulturen&nbsp;<\/p>\n\n\n\n<p>Vid sidan av riksf\u00f6reningen finns det \u00e4ven regionala f\u00f6reningar i Sverige, Dalarnas f\u00e4bodbrukarf\u00f6rening (<a rel=\"noreferrer noopener\" href=\"https:\/\/sv-se.facebook.com\/dalafabod\/\" target=\"_blank\">https:\/\/sv-se.facebook.com\/dalafabod\/<\/a>), F\u00f6reningen V\u00e4rmlands S\u00e4terkultur (<a rel=\"noreferrer noopener\" href=\"https:\/\/sv-se.facebook.com\/varmlandsaterkultur\/\" target=\"_blank\">https:\/\/sv-se.facebook.com\/varmlandsaterkultur\/<\/a>), G\u00e4vleborgs f\u00e4bodf\u00f6rening (<a rel=\"noreferrer noopener\" href=\"https:\/\/gfabod.blogspot.com\/\" target=\"_blank\">https:\/\/gfabod.blogspot.com<\/a>), J\u00e4mtland H\u00e4rjedalen F\u00e4bodf\u00f6rening och V\u00e4rmlands s\u00e4terbrukarf\u00f6rening . Sedan finns det dessutom olika lokala f\u00f6reningar.&nbsp;<\/p>\n\n\n\n<p><strong>\u00d6vriga<\/strong><\/p>\n\n\n\n<p>&nbsp;M\u00e5nga f\u00e4bodar i Sverige idag f\u00f6rvaltas av hembygdsf\u00f6reningar i f\u00e4bodl\u00e4nen och ut\u00f6ver de lokala hembygdsf\u00f6reningarna s\u00e5 finns de regionala hembygdsf\u00f6rbunden<\/p>\n\n\n\n<p> (J\u00e4mtland: <a rel=\"noreferrer noopener\" href=\"https:\/\/www.hembygd.se\/heimbygda\" target=\"_blank\">https:\/\/www.hembygd.se\/heimbygda<\/a>, Dalarna: <a rel=\"noreferrer noopener\" href=\"https:\/\/www.hembygd.se\/dalarna\" target=\"_blank\">https:\/\/www.hembygd.se\/dalarna<\/a>, G\u00e4vleborg: <a rel=\"noreferrer noopener\" href=\"https:\/\/www.hembygd.se\/gastrike-halsinge\" target=\"_blank\">https:\/\/www.hembygd.se\/gastrike-halsinge<\/a>, V\u00e4rmland: <a rel=\"noreferrer noopener\" href=\"https:\/\/www.hembygd.se\/varmland\" target=\"_blank\">https:\/\/www.hembygd.se\/varmland<\/a>). <\/p>\n\n\n\n<p>&nbsp;Vid sidan av sj\u00e4lva f\u00e4bodarna s\u00e5 f\u00f6rvaltas delar av f\u00e4bodkulturen ocks\u00e5 av helt andra akt\u00f6rer i samh\u00e4llet. Exempelvis har delar av f\u00e4bodarnas livsmedelstraditioner studerats och f\u00f6rts vidare av Eldrimner \u2013 Nationellt resurscentrum f\u00f6r mathantverk (<a rel=\"noreferrer noopener\" href=\"https:\/\/www.eldrimner.com\/\" target=\"_blank\">https:\/\/www.eldrimner.com<\/a>). &nbsp;<\/p>\n\n\n\n<p>Ut\u00f6vandet av hantverket att bevara byggnader och h\u00e4gnader respektive sl\u00f6jden f\u00f6r att dels tillverka de redskap och k\u00e4rl som nyttjas i bruket och dels de produkter som tidigare var en del av f\u00e4bodkullans sommarbeting f\u00f6rvaltas av hantverkare och sl\u00f6jdare och d\u00e5 kan ju s\u00e4rskilt l\u00e4nshemsl\u00f6jdskonsulenterna och N\u00e4mnden f\u00f6r hemsl\u00f6jdsfr\u00e5gor&nbsp;(<a rel=\"noreferrer noopener\" href=\"https:\/\/nfh.se\/\" target=\"_blank\">https:\/\/nfh.se<\/a>) samt Hantverkslaboratoriet (<a rel=\"noreferrer noopener\" href=\"https:\/\/www.gu.se\/hantverkslaboratoriet\" target=\"_blank\">https:\/\/www.gu.se\/hantverkslaboratoriet<\/a>). &nbsp;<\/p>\n\n\n\n<p>Vallmusiken (bl.a. lockrop, kulning och n\u00e4verlurs-, ko- och bockhornsbl\u00e5sning) l\u00e4rs ut och f\u00f6rs vidare inom en m\u00e4ngd olika kontexter av b\u00e5de amat\u00f6rer och professionella musiker.&nbsp;<\/p>\n","protected":false},"excerpt":{"rendered":"<p>En del av de svenska f\u00e4bodbrukarna \u00e4r med i riksf\u00f6reningen Sverige F\u00f6rbundet Sveriges F\u00e4bodkultur och utmarksbruk (FSF) (www.fabod.nu) och Norge finns den nationella f\u00f6reningen Norsk seterkultur (https:\/\/www.seterkultur.no). FSF och Norsk seterkultur \u00e4r de tv\u00e5 drivande f\u00f6reningarna i projektet att nominera f\u00e4bodkulturen\/seterkulturen&nbsp; Vid sidan av riksf\u00f6reningen finns det \u00e4ven regionala f\u00f6reningar i Sverige, Dalarnas f\u00e4bodbrukarf\u00f6rening (https:\/\/sv-se.facebook.com\/dalafabod\/), &hellip; <\/p>\n<p class=\"link-more\"><a href=\"https:\/\/blogg.sh.se\/biologiskt_kulturarv\/de-svenska-fabodaktorerna\/\" class=\"more-link\">Forts\u00e4tt l\u00e4sa<span class=\"screen-reader-text\"> \u201dDe svenska f\u00e4bodakt\u00f6rerna\u201d<\/span><\/a><\/p>\n","protected":false},"author":5,"featured_media":0,"parent":0,"menu_order":0,"comment_status":"closed","ping_status":"closed","template":"","meta":[],"_links":{"self":[{"href":"https:\/\/blogg.sh.se\/biologiskt_kulturarv\/wp-json\/wp\/v2\/pages\/505"}],"collection":[{"href":"https:\/\/blogg.sh.se\/biologiskt_kulturarv\/wp-json\/wp\/v2\/pages"}],"about":[{"href":"https:\/\/blogg.sh.se\/biologiskt_kulturarv\/wp-json\/wp\/v2\/types\/page"}],"author":[{"embeddable":true,"href":"https:\/\/blogg.sh.se\/biologiskt_kulturarv\/wp-json\/wp\/v2\/users\/5"}],"replies":[{"embeddable":true,"href":"https:\/\/blogg.sh.se\/biologiskt_kulturarv\/wp-json\/wp\/v2\/comments?post=505"}],"version-history":[{"count":2,"href":"https:\/\/blogg.sh.se\/biologiskt_kulturarv\/wp-json\/wp\/v2\/pages\/505\/revisions"}],"predecessor-version":[{"id":552,"href":"https:\/\/blogg.sh.se\/biologiskt_kulturarv\/wp-json\/wp\/v2\/pages\/505\/revisions\/552"}],"wp:attachment":[{"href":"https:\/\/blogg.sh.se\/biologiskt_kulturarv\/wp-json\/wp\/v2\/media?parent=505"}],"curies":[{"name":"wp","href":"https:\/\/api.w.org\/{rel}","templated":true}]}}