{"id":484,"date":"2023-02-02T09:24:58","date_gmt":"2023-02-02T09:24:58","guid":{"rendered":"https:\/\/blogg.sh.se\/biologiskt_kulturarv\/?page_id=484"},"modified":"2023-02-03T11:14:25","modified_gmt":"2023-02-03T11:14:25","slug":"fabodbockerna","status":"publish","type":"page","link":"https:\/\/blogg.sh.se\/biologiskt_kulturarv\/fabodbockerna\/","title":{"rendered":"F\u00e4bodb\u00f6ckerna"},"content":{"rendered":"\n<p>Inom Interreg-projektet Biologiskt kulturarv som som h\u00e5llbar v\u00e4rdeskapare (2016\u20132020) valde vi ocks\u00e5 att f\u00f6rs\u00f6ka synligg\u00f6ra de olika dimensionerna i av f\u00e4bodbruket\/-kulturen.<strong><em>&nbsp;<\/em><\/strong>D\u00e4rf\u00f6r skrev H\u00e5kan Tun\u00f3n och Bolette Bele initialt en popul\u00e4rvetenskaplig bok med avsikten att beskriva f\u00e4bodbruket, avsikten med det och p\u00e5 vilket s\u00e4tt det har gjort avtryck i naturen, landskapet och kulturen. Avsikten var att belysa f\u00f6rh\u00e5llandena i s\u00e5v\u00e4l Sverige som Norge. Resultatet blev den rikt illustrerade boken \u201dF\u00e4bod: natur, kultur och kulturlandskap\u201d som publicerades v\u00e5ren 2019. Vi hade \u00e4ven m\u00f6jlighet att g\u00f6ra en engelsk \u00f6vers\u00e4ttning av boken och boken \u201dF\u00e4bod och seter: summer farms on the Scandinavian peninsula\u201d kom sommaren 2019. Parallellt med \u00f6vers\u00e4ttningen s\u00e5 gjordes \u00e4ven en norsk version, men den var inte en direkt \u00f6vers\u00e4ttning utan till stor del ombearbetning f\u00f6r att \u00e4nnu tydligare spegla de norska f\u00f6rh\u00e5llandena och p\u00e5 h\u00f6stkanten 2019 kom \u201dSeterlandskapet: historia, naturen og kulturen\u201d (som finns tillg\u00e4nglig som PDF: <a href=\"https:\/\/nibio.brage.unit.no\/nibio-xmlui\/bitstream\/handle\/11250\/2627801\/NIBIO_BOK_2019_5_8.pdf?sequence=2&amp;isAllowed=y\" target=\"_blank\" rel=\"noreferrer noopener\">https:\/\/nibio.brage.unit.no\/nibio-xmlui\/bitstream\/handle\/11250\/2627801\/NIBIO_BOK_2019_5_8.pdf?sequence=2&amp;isAllowed=y<\/a>).&nbsp;<\/p>\n\n\n\n<p>Tillsammans med Studief\u00f6rbundet Vuxenskolan utvecklades 2020 en studieplan f\u00f6r boken f\u00f6r att skapa f\u00f6ruts\u00e4ttningar f\u00f6r studiecirklar om den lokala f\u00e4bodkulturen. &nbsp;<\/p>\n\n\n\n<p>Tun\u00f3n, H. &amp; Bele, B. 2019. F\u00e4bod: natur, kultur och kulturlandskap. SLU Centrum f\u00f6r biologisk m\u00e5ngfald, Uppsala.&nbsp;<\/p>\n\n\n\n<p>Tun\u00f3n, H. &amp; Bele, B. 2019. F\u00e4bod och seter: summer farms on the Scandinavian peninsula. SLU Centrum f\u00f6r biologisk m\u00e5ngfald, Uppsala. &nbsp;<\/p>\n\n\n\n<p>Bele, B., Norderhaug, A. &amp; Tun\u00f3n, H. 2019. Seterlandskapet: historia, naturen og kulturen. NIBIO, \u00c5s &amp; SLU Centrum f\u00f6r biologisk m\u00e5ngfald, Uppsala. (<a href=\"https:\/\/nibio.brage.unit.no\/nibio-xmlui\/bitstream\/handle\/11250\/2627801\/NIBIO_BOK_2019_5_8.pdf?sequence=2&amp;isAllowed=y\" target=\"_blank\" rel=\"noreferrer noopener\">https:\/\/nibio.brage.unit.no\/nibio-xmlui\/bitstream\/handle\/11250\/2627801\/NIBIO_BOK_2019_5_8.pdf?sequence=2&amp;isAllowed=y<\/a>)&nbsp;<\/p>\n","protected":false},"excerpt":{"rendered":"<p>Inom Interreg-projektet Biologiskt kulturarv som som h\u00e5llbar v\u00e4rdeskapare (2016\u20132020) valde vi ocks\u00e5 att f\u00f6rs\u00f6ka synligg\u00f6ra de olika dimensionerna i av f\u00e4bodbruket\/-kulturen.&nbsp;D\u00e4rf\u00f6r skrev H\u00e5kan Tun\u00f3n och Bolette Bele initialt en popul\u00e4rvetenskaplig bok med avsikten att beskriva f\u00e4bodbruket, avsikten med det och p\u00e5 vilket s\u00e4tt det har gjort avtryck i naturen, landskapet och kulturen. Avsikten var att &hellip; <\/p>\n<p class=\"link-more\"><a href=\"https:\/\/blogg.sh.se\/biologiskt_kulturarv\/fabodbockerna\/\" class=\"more-link\">Forts\u00e4tt l\u00e4sa<span class=\"screen-reader-text\"> \u201dF\u00e4bodb\u00f6ckerna\u201d<\/span><\/a><\/p>\n","protected":false},"author":5,"featured_media":0,"parent":0,"menu_order":0,"comment_status":"closed","ping_status":"closed","template":"","meta":[],"_links":{"self":[{"href":"https:\/\/blogg.sh.se\/biologiskt_kulturarv\/wp-json\/wp\/v2\/pages\/484"}],"collection":[{"href":"https:\/\/blogg.sh.se\/biologiskt_kulturarv\/wp-json\/wp\/v2\/pages"}],"about":[{"href":"https:\/\/blogg.sh.se\/biologiskt_kulturarv\/wp-json\/wp\/v2\/types\/page"}],"author":[{"embeddable":true,"href":"https:\/\/blogg.sh.se\/biologiskt_kulturarv\/wp-json\/wp\/v2\/users\/5"}],"replies":[{"embeddable":true,"href":"https:\/\/blogg.sh.se\/biologiskt_kulturarv\/wp-json\/wp\/v2\/comments?post=484"}],"version-history":[{"count":2,"href":"https:\/\/blogg.sh.se\/biologiskt_kulturarv\/wp-json\/wp\/v2\/pages\/484\/revisions"}],"predecessor-version":[{"id":518,"href":"https:\/\/blogg.sh.se\/biologiskt_kulturarv\/wp-json\/wp\/v2\/pages\/484\/revisions\/518"}],"wp:attachment":[{"href":"https:\/\/blogg.sh.se\/biologiskt_kulturarv\/wp-json\/wp\/v2\/media?parent=484"}],"curies":[{"name":"wp","href":"https:\/\/api.w.org\/{rel}","templated":true}]}}