{"id":476,"date":"2023-02-02T09:21:50","date_gmt":"2023-02-02T09:21:50","guid":{"rendered":"https:\/\/blogg.sh.se\/biologiskt_kulturarv\/?page_id=476"},"modified":"2023-02-03T14:29:41","modified_gmt":"2023-02-03T14:29:41","slug":"interreg-projekt-med-fokus-pa-fabodbruk-i-sverige-och-norge","status":"publish","type":"page","link":"https:\/\/blogg.sh.se\/biologiskt_kulturarv\/interreg-projekt-med-fokus-pa-fabodbruk-i-sverige-och-norge\/","title":{"rendered":"Interreg-projekt med fokus p\u00e5 f\u00e4bodbruk i Sverige och Norge"},"content":{"rendered":"\n<figure class=\"wp-block-image size-large is-resized\"><a href=\"https:\/\/blogg.sh.se\/biologiskt_kulturarv\/wp-content\/uploads\/2023\/02\/IMG20220822131409-1-scaled.jpg\"><img loading=\"lazy\" src=\"https:\/\/blogg.sh.se\/biologiskt_kulturarv\/wp-content\/uploads\/2023\/02\/IMG20220822131409-1-1024x768.jpg\" alt=\"\" class=\"wp-image-564\" width=\"492\" height=\"368\" srcset=\"https:\/\/blogg.sh.se\/biologiskt_kulturarv\/wp-content\/uploads\/2023\/02\/IMG20220822131409-1-1024x768.jpg 1024w, https:\/\/blogg.sh.se\/biologiskt_kulturarv\/wp-content\/uploads\/2023\/02\/IMG20220822131409-1-300x225.jpg 300w, https:\/\/blogg.sh.se\/biologiskt_kulturarv\/wp-content\/uploads\/2023\/02\/IMG20220822131409-1-768x576.jpg 768w, https:\/\/blogg.sh.se\/biologiskt_kulturarv\/wp-content\/uploads\/2023\/02\/IMG20220822131409-1-1536x1152.jpg 1536w, https:\/\/blogg.sh.se\/biologiskt_kulturarv\/wp-content\/uploads\/2023\/02\/IMG20220822131409-1-2048x1536.jpg 2048w\" sizes=\"(max-width: 492px) 100vw, 492px\" \/><\/a><\/figure>\n\n\n\n<p>Under perioden 2010\u20132020 genomf\u00f6rdes fyra stycken Interreg-projekt i omr\u00e5det Nordens gr\u00f6na b\u00e4lte (Tr\u00f8ndelag p\u00e5 norsk sida och J\u00e4mtlands och G\u00e4vleborgs l\u00e4n p\u00e5 svensk sida). De har genomf\u00f6rts i samarbete mellan SLU Centrum f\u00f6r biologisk m\u00e5ngfald, Norsk Institutt f\u00f8r Bio-\u00f8konomi och norska och svenska f\u00e4bodbrukare. I projektet 2016\u20132020 medverkade \u00e4ven S\u00f6dert\u00f6rns h\u00f6gskola och Proneo A\/S.&nbsp;<\/p>\n\n\n\n<p><strong>\u2022 Interreg IIIA Sverige\u2013Norge. Sm\u00e5projekt: <\/strong><strong><em>Seterbrukets biologiske kulturarv som ressurs for en b\u00e6rekraftig framtid. <\/em><\/strong><strong>2010\u20132011.<\/strong>&nbsp;<\/p>\n\n\n\n<p>Naturbetesmarker i skogs- och fj\u00e4lltrakter \u00e4r resultatet av bete under mycket l\u00e5ng tid och de \u00e4r ofta mycket artrika. Om betet upph\u00f6r s\u00e5 v\u00e4xer dessa marker igen och b\u00f6rjar f\u00f6rlora biologisk m\u00e5ngfald. D\u00e4rf\u00f6r \u00e4r det viktigt att betesdriften forts\u00e4tter, och konventionen om biologisk m\u00e5ngfald fr\u00e5n 1992 betonar att man beh\u00f6ver skydda och bibeh\u00e5lla den traditionella kunskaoen och de traditionella driftssystemen. Detta var ett f\u00f6rprojekt i syfte att unders\u00f6ka intresset f\u00f6r ett huvudprojekt med fokus p\u00e5 biologiskt kulturarv som resurs f\u00f6r ett h\u00e5llbart bruk och utveckling av utmarksbetet p\u00e5 svensk och norsk sida. Projektet har genomf\u00f6rts av Bioforsk Midt-Norge (numer Norsk Institutt f\u00f8r Bio-\u00f8konomi), SLU Centrum f\u00f6r biologisk m\u00e5ngfald, F\u00f6reningen Sveriges f\u00e4bodbrukare, Norsk Seterkultur, Nordisk kulturlandskapsforbund och L\u00e4nsstyrelsen i J\u00e4mtlands l\u00e4n. Med st\u00f6d fr\u00e5n Interreg Sverige-Norge 2007\u20132013, delomr\u00e5de Nordens Gr\u00f8nne Belte, Nord-Tr\u00f8ndelag Fylkeskommune, S\u00f8r-Tr\u00f8ndelag Fylkeskommune och L\u00e4nsstyrelsen i J\u00e4mtlands l\u00e4n.&nbsp;<\/p>\n\n\n\n<p><strong>\u2022 Interreg IIIA Sverige\u2013Norge. <\/strong><strong><em>Utmarksbete: ett biologiskt kulturarv som resurs f\u00f6r en h\u00e5llbar framtid. <\/em><\/strong><strong>2011\u20132013.<\/strong>&nbsp;<\/p>\n\n\n\n<p>Historiskt sett har utmarkerna i Norden anv\u00e4nts som betesmark och\/eller f\u00f6r fodert\u00e4kt och de har d\u00e4rf\u00f6r haft en stor roll i hush\u00e5llningen. Samtidigt har denna h\u00e4vd lett till ett kulturlandskap med h\u00e4vdgynnade arter och strukturer, ett kulturlandskap som har stora natur- och kulturv\u00e4rden, men ocks\u00e5 betydande turistiska v\u00e4rden. Under 1900-talet har samh\u00e4llets strukturomvandling lett till en successiv avveckling av detta utmarksbruk, vilket ocks\u00e5 resulterat i en f\u00f6r\u00e4ndring av landskapsbilden och \u00e4ven den biologiska m\u00e5ngfaldens sammans\u00e4ttning. Denna utveckling fortskrider fortfarande idag. Projektet har haft som syfte att synligg\u00f6ra den potential som utmarken utg\u00f6r f\u00f6r samh\u00e4llet idag och i framtiden och inte enbart som ett historiskt kulturarv. Ett fortsatt utmarksbete skapar inte bara en h\u00e5llbar livsmedelsproduktion utan bidrar ocks\u00e5 till ett bevarande av m\u00e5nga natur- och kulturv\u00e4rden i dessa delar av v\u00e5ra b\u00e4gge l\u00e4nder.&nbsp;<\/p>\n\n\n\n<p>Inom ramen f\u00f6r projektet har vi genomf\u00f6rt workshops, intervjuer, inventeringar och sammanst\u00e4llningar i syfte att b\u00e5de samla in fakta och att sprida information och lyfta projektets tema i diskussionen. I juli 2014 genomf\u00f6rdes en \u201df\u00e4bodresa\u201d med deltagande av forskare, myndighetsrepresentanter och brukare fr\u00e5n b\u00e5de Sverige och Norge i syfte att skapa en arena d\u00e4r man i ett praktiskt sammanhang skulle kunna diskutera olika erfarenheter och perspektiv p\u00e5 utmarksbete och dess v\u00e4rden. Resultaten fr\u00e5n projektet har presenterats i olika sammanhang med finns ocks\u00e5 i form av ett antal publikationer. F\u00f6rhoppningen \u00e4r att de \u00e4ven lever kvar i de brukare och myndighetsrepresentanter som p\u00e5 olika s\u00e4tt har deltagit under projektets g\u00e5ng.&nbsp;<\/p>\n\n\n\n<p><strong>\u2022 Interreg IIIA Sverige\u2013Norge. Sm\u00e5projekt: <\/strong><strong><em>Natur- og kulturarv som b\u00e6rekraftig verdiskaper. <\/em><\/strong><strong>2014.<\/strong><strong>&nbsp;<\/strong>&nbsp;<\/p>\n\n\n\n<p>Detta var ett sm\u00e5projekt som genomf\u00f6rdes i syfte att unders\u00f6ka om f\u00e4bodbrukare fr\u00e5n Sverige och Norge s\u00e5g ett behov av att n\u00e4rmare studera hur natur- och kulturv\u00e4rden skulle kunna anv\u00e4ndas f\u00f6r att synligg\u00f6ra exklusiviteten av produkter fr\u00e5n f\u00e4bodar och andra utmarksbeten. En workshop arrangerades i Stj\u00f8rdal i april 2014. Genom att koppla lokal mat och reselivsupplevelser till platsens historia och kulturlandskap borde man kunna \u00f6ka produktens merv\u00e4rde. Marknaden efterfr\u00e5gar numer ofta exempelvis mat med identitet, kultur- och landsbygdsturism och naturupplevelser vilket borde kunna skapa v\u00e4rdeskapande f\u00f6r lantbruket.&nbsp;&nbsp;<\/p>\n\n\n\n<p>Slutrapport:<\/p>\n\n\n\n<p><a href=\"https:\/\/www.slu.se\/globalassets\/ew\/org\/centrb\/cbm\/dokument\/publikationer-cbm\/bioforsk-rapport_9_134_interreg_smaaprosjekt.pdf\">https:\/\/www.slu.se\/globalassets\/ew\/org\/centrb\/cbm\/dokument\/publikationer-cbm\/bioforsk-rapport_9_134_interreg_smaaprosjekt.pdf<\/a><\/p>\n\n\n\n<p><strong>\u2022 Interreg IIIA Sverige\u2013Norge. <\/strong><strong><em>Biologiskt kulturarv som som h\u00e5llbar v\u00e4rdeskapare.<\/em><\/strong><strong> 2016\u20132020.<\/strong><strong><em>&nbsp;<\/em><\/strong>&nbsp;<\/p>\n\n\n\n<p>Avsikten med projektet var att unders\u00f6ka p\u00e5 vilket s\u00e4tt natur- och kulturv\u00e4rden och s\u00e4rskilt biologiskt kulturarv kan anv\u00e4ndas f\u00f6r att skapa merv\u00e4rde i f\u00f6retagandet f\u00f6r f\u00e4bodbrukare och andra som anv\u00e4nder utmarkens resurser. M\u00e5let har varit skapa b\u00e4ttre ekonomiska f\u00f6ruts\u00e4ttningar f\u00f6r brukarna att forts\u00e4tta bedriva utmarksbruk utan att detta p\u00e5 ett negativt s\u00e4tt p\u00e5verkar dessa verksamheters bidrag till bevarande av exempelvis biologisk m\u00e5ngfald, kulturv\u00e4rden och annat som g\u00e5r under ben\u00e4mningen biologiskt kulturarv. Under projektets g\u00e5ng har vi d\u00e4rf\u00f6r fokuserat p\u00e5 koncept som biologisk m\u00e5ngfald, biologiskt kulturarv, immateriellt kulturarv, terroir och sensorisk utv\u00e4rdering i syfte att peka p\u00e5 v\u00e4rden som uppr\u00e4tth\u00e5lls genom ett fortsatt bruk av utmarken, som numera till stor del handlar om en igenv\u00e4xande resurs f\u00f6r framtiden. Projektet har till st\u00f6rsta delen varit deltagarstyrt och med inslag av \u00e5terkommande workshopar med brukare f\u00f6r att kunna bidra till att utveckla deras f\u00f6retag. Det gjordes ocks\u00e5 en konsumentunders\u00f6kning f\u00f6r att f\u00e5 veta vad man egentligen f\u00f6rv\u00e4ntar sig av platsen och produkterna (se Allm\u00e4nheten och f\u00e4bodbruket). Ett resultat fr\u00e5n projektet var en utgivning av b\u00f6ckerna \u201dF\u00e4bod: natur, kultur och kulturlandskap\u201d, \u201dSeterlandskapet: historia, naturen og kulturen\u201d och \u201dF\u00e4bod and seter: summer farms on the Scandinavian peninsula\u201d (2019).&nbsp;<\/p>\n\n\n\n<p>Slutrapport: <a rel=\"noreferrer noopener\" href=\"https:\/\/www.slu.se\/globalassets\/ew\/org\/centrb\/cbm\/dokument\/publikationer-cbm\/cbm-skriftserie\/interreg-redovisning-slutrapport-administrativ-2016-2019_reviderad.pdf\" target=\"_blank\">https:\/\/www.slu.se\/globalassets\/ew\/org\/centrb\/cbm\/dokument\/publikationer-cbm\/cbm-skriftserie\/interreg-redovisning-slutrapport-administrativ-2016-2019_reviderad.pdf<\/a> &nbsp;<\/p>\n\n\n\n<p>Svensk popul\u00e4r: <a href=\"https:\/\/www.slu.se\/globalassets\/ew\/org\/centrb\/cbm\/dokument\/publikationer-cbm\/cbm-skriftserie\/popular_slutrapport-svensk-liten.pdf\" target=\"_blank\" rel=\"noreferrer noopener\">https:\/\/www.slu.se\/globalassets\/ew\/org\/centrb\/cbm\/dokument\/publikationer-cbm\/cbm-skriftserie\/popular_slutrapport-svensk-liten.pdf<\/a>&nbsp;<\/p>\n\n\n\n<p>Norsk popul\u00e4r: <a href=\"https:\/\/www.slu.se\/globalassets\/ew\/org\/centrb\/cbm\/dokument\/publikationer-cbm\/cbm-skriftserie\/popular_slutrapport-norsk-liten.pdf\" target=\"_blank\" rel=\"noreferrer noopener\">https:\/\/www.slu.se\/globalassets\/ew\/org\/centrb\/cbm\/dokument\/publikationer-cbm\/cbm-skriftserie\/popular_slutrapport-norsk-liten.pdf<\/a>&nbsp;<\/p>\n","protected":false},"excerpt":{"rendered":"<p>Under perioden 2010\u20132020 genomf\u00f6rdes fyra stycken Interreg-projekt i omr\u00e5det Nordens gr\u00f6na b\u00e4lte (Tr\u00f8ndelag p\u00e5 norsk sida och J\u00e4mtlands och G\u00e4vleborgs l\u00e4n p\u00e5 svensk sida). De har genomf\u00f6rts i samarbete mellan SLU Centrum f\u00f6r biologisk m\u00e5ngfald, Norsk Institutt f\u00f8r Bio-\u00f8konomi och norska och svenska f\u00e4bodbrukare. I projektet 2016\u20132020 medverkade \u00e4ven S\u00f6dert\u00f6rns h\u00f6gskola och Proneo A\/S.&nbsp; \u2022 &hellip; <\/p>\n<p class=\"link-more\"><a href=\"https:\/\/blogg.sh.se\/biologiskt_kulturarv\/interreg-projekt-med-fokus-pa-fabodbruk-i-sverige-och-norge\/\" class=\"more-link\">Forts\u00e4tt l\u00e4sa<span class=\"screen-reader-text\"> \u201dInterreg-projekt med fokus p\u00e5 f\u00e4bodbruk i Sverige och Norge\u201d<\/span><\/a><\/p>\n","protected":false},"author":5,"featured_media":0,"parent":0,"menu_order":0,"comment_status":"closed","ping_status":"closed","template":"","meta":[],"_links":{"self":[{"href":"https:\/\/blogg.sh.se\/biologiskt_kulturarv\/wp-json\/wp\/v2\/pages\/476"}],"collection":[{"href":"https:\/\/blogg.sh.se\/biologiskt_kulturarv\/wp-json\/wp\/v2\/pages"}],"about":[{"href":"https:\/\/blogg.sh.se\/biologiskt_kulturarv\/wp-json\/wp\/v2\/types\/page"}],"author":[{"embeddable":true,"href":"https:\/\/blogg.sh.se\/biologiskt_kulturarv\/wp-json\/wp\/v2\/users\/5"}],"replies":[{"embeddable":true,"href":"https:\/\/blogg.sh.se\/biologiskt_kulturarv\/wp-json\/wp\/v2\/comments?post=476"}],"version-history":[{"count":3,"href":"https:\/\/blogg.sh.se\/biologiskt_kulturarv\/wp-json\/wp\/v2\/pages\/476\/revisions"}],"predecessor-version":[{"id":565,"href":"https:\/\/blogg.sh.se\/biologiskt_kulturarv\/wp-json\/wp\/v2\/pages\/476\/revisions\/565"}],"wp:attachment":[{"href":"https:\/\/blogg.sh.se\/biologiskt_kulturarv\/wp-json\/wp\/v2\/media?parent=476"}],"curies":[{"name":"wp","href":"https:\/\/api.w.org\/{rel}","templated":true}]}}