{"id":403,"date":"2023-01-26T15:57:51","date_gmt":"2023-01-26T15:57:51","guid":{"rendered":"https:\/\/blogg.sh.se\/biologiskt_kulturarv\/?page_id=403"},"modified":"2023-02-03T14:33:29","modified_gmt":"2023-02-03T14:33:29","slug":"tidslinje-for-konventionen-i-norge","status":"publish","type":"page","link":"https:\/\/blogg.sh.se\/biologiskt_kulturarv\/unescos-konvention\/tidslinje-for-konventionen-i-norge\/","title":{"rendered":"Tidslinje f\u00f6r konventionen i Norge"},"content":{"rendered":"\n<figure class=\"wp-block-image size-large is-resized\"><a href=\"https:\/\/blogg.sh.se\/biologiskt_kulturarv\/wp-content\/uploads\/2023\/02\/IMG20220822090844-scaled.jpg\"><img loading=\"lazy\" src=\"https:\/\/blogg.sh.se\/biologiskt_kulturarv\/wp-content\/uploads\/2023\/02\/IMG20220822090844-768x1024.jpg\" alt=\"\" class=\"wp-image-570\" width=\"417\" height=\"555\" srcset=\"https:\/\/blogg.sh.se\/biologiskt_kulturarv\/wp-content\/uploads\/2023\/02\/IMG20220822090844-768x1024.jpg 768w, https:\/\/blogg.sh.se\/biologiskt_kulturarv\/wp-content\/uploads\/2023\/02\/IMG20220822090844-225x300.jpg 225w, https:\/\/blogg.sh.se\/biologiskt_kulturarv\/wp-content\/uploads\/2023\/02\/IMG20220822090844-1152x1536.jpg 1152w, https:\/\/blogg.sh.se\/biologiskt_kulturarv\/wp-content\/uploads\/2023\/02\/IMG20220822090844-1536x2048.jpg 1536w, https:\/\/blogg.sh.se\/biologiskt_kulturarv\/wp-content\/uploads\/2023\/02\/IMG20220822090844-scaled.jpg 1920w\" sizes=\"(max-width: 417px) 100vw, 417px\" \/><\/a><\/figure>\n\n\n\n<h2><strong>\u00c5rtal och dokument r\u00f6rande konventionen f\u00f6r Norge<\/strong>&nbsp;<\/h2>\n\n\n\n<p><strong>2003<\/strong> \u2013 UNESCOs konvensjon om vern av den immaterielle kulturarven vedtas, 17 oktober. (<a href=\"https:\/\/ich.unesco.org\/en\/convention\" target=\"_blank\" rel=\"noreferrer noopener\">https:\/\/ich.unesco.org\/en\/convention<\/a>) https:\/\/lovdata.no\/dokument\/TRAKTAT\/traktat\/2003-10-17-190&nbsp;<\/p>\n\n\n\n<p><strong>2005-2006 <\/strong>\u2013 Tilr\u00e5ding fra Utenriksdepartementet av 2. juni 2006, godkjent i statsr\u00e5d samme dag. (Regjeringen Stoltenberg II). Om samtykke til ratifikasjon av UNESCOs konvensjon av 17. oktober 2003 om vern av den immaterielle kulturarven (<a href=\"https:\/\/unesco.no\/wp-content\/uploads\/2012\/12\/UNESCOs-konvensjon-av-2003-om-vern-av-den-immaterielle-kulturarven.pdf)\" target=\"_blank\" rel=\"noreferrer noopener\">https:\/\/unesco.no\/wp-content\/uploads\/2012\/12\/UNESCOs-konvensjon-av-2003-om-vern-av-den-immaterielle-kulturarven.pdf)<\/a>&nbsp;<\/p>\n\n\n\n<p><strong>2007 <\/strong>\u2013 Norge ratifiserer UNESCO konvensjonen om vern av den immaterielle kulturarven, den 7 januar 2007. (<a href=\"https:\/\/www.kulturradet.no\/vis-publikasjon\/-\/immateriell-kulturarv-i-norge)\" target=\"_blank\" rel=\"noreferrer noopener\">https:\/\/www.kulturradet.no\/vis-publikasjon\/-\/immateriell-kulturarv-i-norge)<\/a>&nbsp;<\/p>\n\n\n\n<p><strong>2010 <\/strong>\u2013 Kulturr\u00e5det publiserer rapport: <em>Immateriell kulturarv i Norge. <\/em><em>En utredning om UNESCOs konvensjon av 17. oktober 2003 om vern av den immaterielle kulturarven<\/em> (<a href=\"https:\/\/www.kulturradet.no\/documents\/10157\/a12b2499-0e89-4548-96f5-a63bacf843eb\" target=\"_blank\" rel=\"noreferrer noopener\">https:\/\/www.kulturradet.no\/documents\/10157\/a12b2499-0e89-4548-96f5-a63bacf843eb<\/a>)&nbsp;<\/p>\n\n\n\n<p><strong>2019<\/strong> \u2013 Som det f\u00f8rste norske elementet p\u00e5 UNESCO\u2019s verdensarvliste for immateriell kulturarv, ble Setesd\u00f8lane sin dans, spilling, kveding og steving innskrevet. (<a href=\"https:\/\/www.kulturradet.no\/en\/museum-kulturarv\/vis-artikkel\/-\/setesdalstradisjonen-fyste-norske-element-pa-unesco-liste\" target=\"_blank\" rel=\"noreferrer noopener\">https:\/\/www.kulturradet.no\/en\/museum-kulturarv\/vis-artikkel\/-\/setesdalstradisjonen-fyste-norske-element-pa-unesco-liste<\/a>)&nbsp;<\/p>\n\n\n\n<p><strong>2020 <\/strong>\u2013 Bygghytta ved Nidaros Domkirke, fikk plass p\u00e5 UNESCO\u2019s liste over immateriall kulturarv, for gode vernepraksiser. Bygghyttemodellen er et flernasjonalt fagmilj\u00f8 som er knyttet til restaurering av kirker, katerdraler og slott fra mellomalderen. (<a href=\"https:\/\/www.kulturradet.no\/en\/museum-kulturarv\/vis-artikkel\/-\/nidarosdomens-restaureringsarbeider-fort-opp-i-unesco-forteikning\" target=\"_blank\" rel=\"noreferrer noopener\">https:\/\/www.kulturradet.no\/en\/museum-kulturarv\/vis-artikkel\/-\/nidarosdomens-restaureringsarbeider-fort-opp-i-unesco-forteikning<\/a>)&nbsp;<\/p>\n\n\n\n<p><strong>2021<\/strong> \u2013 Den nordiske klinkb\u00e5ttradisjonen innskrives p\u00e5 UNESCO\u2019s liste over verdens immaterielle kulturarv (<a href=\"https:\/\/unesco.no\/nordisk-klinkbattradisjon-inn-pa-unescos-liste-over-immateriell-kulturarv\/\" target=\"_blank\" rel=\"noreferrer noopener\">https:\/\/unesco.no\/nordisk-klinkbattradisjon-inn-pa-unescos-liste-over-immateriell-kulturarv\/<\/a>)&nbsp;<\/p>\n","protected":false},"excerpt":{"rendered":"<p>\u00c5rtal och dokument r\u00f6rande konventionen f\u00f6r Norge&nbsp; 2003 \u2013 UNESCOs konvensjon om vern av den immaterielle kulturarven vedtas, 17 oktober. (https:\/\/ich.unesco.org\/en\/convention) https:\/\/lovdata.no\/dokument\/TRAKTAT\/traktat\/2003-10-17-190&nbsp; 2005-2006 \u2013 Tilr\u00e5ding fra Utenriksdepartementet av 2. juni 2006, godkjent i statsr\u00e5d samme dag. (Regjeringen Stoltenberg II). Om samtykke til ratifikasjon av UNESCOs konvensjon av 17. oktober 2003 om vern av den immaterielle &hellip; <\/p>\n<p class=\"link-more\"><a href=\"https:\/\/blogg.sh.se\/biologiskt_kulturarv\/unescos-konvention\/tidslinje-for-konventionen-i-norge\/\" class=\"more-link\">Forts\u00e4tt l\u00e4sa<span class=\"screen-reader-text\"> \u201dTidslinje f\u00f6r konventionen i Norge\u201d<\/span><\/a><\/p>\n","protected":false},"author":6,"featured_media":0,"parent":400,"menu_order":0,"comment_status":"closed","ping_status":"closed","template":"","meta":[],"_links":{"self":[{"href":"https:\/\/blogg.sh.se\/biologiskt_kulturarv\/wp-json\/wp\/v2\/pages\/403"}],"collection":[{"href":"https:\/\/blogg.sh.se\/biologiskt_kulturarv\/wp-json\/wp\/v2\/pages"}],"about":[{"href":"https:\/\/blogg.sh.se\/biologiskt_kulturarv\/wp-json\/wp\/v2\/types\/page"}],"author":[{"embeddable":true,"href":"https:\/\/blogg.sh.se\/biologiskt_kulturarv\/wp-json\/wp\/v2\/users\/6"}],"replies":[{"embeddable":true,"href":"https:\/\/blogg.sh.se\/biologiskt_kulturarv\/wp-json\/wp\/v2\/comments?post=403"}],"version-history":[{"count":3,"href":"https:\/\/blogg.sh.se\/biologiskt_kulturarv\/wp-json\/wp\/v2\/pages\/403\/revisions"}],"predecessor-version":[{"id":571,"href":"https:\/\/blogg.sh.se\/biologiskt_kulturarv\/wp-json\/wp\/v2\/pages\/403\/revisions\/571"}],"up":[{"embeddable":true,"href":"https:\/\/blogg.sh.se\/biologiskt_kulturarv\/wp-json\/wp\/v2\/pages\/400"}],"wp:attachment":[{"href":"https:\/\/blogg.sh.se\/biologiskt_kulturarv\/wp-json\/wp\/v2\/media?parent=403"}],"curies":[{"name":"wp","href":"https:\/\/api.w.org\/{rel}","templated":true}]}}