{"id":401,"date":"2023-01-26T15:56:14","date_gmt":"2023-01-26T15:56:14","guid":{"rendered":"https:\/\/blogg.sh.se\/biologiskt_kulturarv\/?page_id=401"},"modified":"2023-02-03T14:34:55","modified_gmt":"2023-02-03T14:34:55","slug":"tidslinje-for-konventionen-i-sverige","status":"publish","type":"page","link":"https:\/\/blogg.sh.se\/biologiskt_kulturarv\/unescos-konvention\/tidslinje-for-konventionen-i-sverige\/","title":{"rendered":"Tidslinje f\u00f6r konventionen i Sverige"},"content":{"rendered":"\n<figure class=\"wp-block-image size-large is-resized\"><a href=\"https:\/\/blogg.sh.se\/biologiskt_kulturarv\/wp-content\/uploads\/2023\/02\/DSC_2968-scaled.jpg\"><img loading=\"lazy\" src=\"https:\/\/blogg.sh.se\/biologiskt_kulturarv\/wp-content\/uploads\/2023\/02\/DSC_2968-683x1024.jpg\" alt=\"\" class=\"wp-image-572\" width=\"382\" height=\"573\" srcset=\"https:\/\/blogg.sh.se\/biologiskt_kulturarv\/wp-content\/uploads\/2023\/02\/DSC_2968-683x1024.jpg 683w, https:\/\/blogg.sh.se\/biologiskt_kulturarv\/wp-content\/uploads\/2023\/02\/DSC_2968-200x300.jpg 200w, https:\/\/blogg.sh.se\/biologiskt_kulturarv\/wp-content\/uploads\/2023\/02\/DSC_2968-768x1152.jpg 768w, https:\/\/blogg.sh.se\/biologiskt_kulturarv\/wp-content\/uploads\/2023\/02\/DSC_2968-1024x1536.jpg 1024w, https:\/\/blogg.sh.se\/biologiskt_kulturarv\/wp-content\/uploads\/2023\/02\/DSC_2968-1365x2048.jpg 1365w, https:\/\/blogg.sh.se\/biologiskt_kulturarv\/wp-content\/uploads\/2023\/02\/DSC_2968-scaled.jpg 1707w\" sizes=\"(max-width: 382px) 100vw, 382px\" \/><\/a><\/figure>\n\n\n\n<h2><strong>\u00c5rtal och dokument r\u00f6rande konventionen f\u00f6r Sverige<\/strong>&nbsp;<\/h2>\n\n\n\n<p><strong>2003<\/strong> \u2013 <em>Unesco:s konvention om tryggande av det immateriella kulturarvet<\/em> antas av Unesco.&nbsp;<\/p>\n\n\n\n<p><strong>2005<\/strong> \u2013 <em>Unescos konvention om skydd f\u00f6r det immateriella kulturarvet. Bakgrund, Sveriges arbete med konventionen, synpunkter och tankar<\/em>. Svenska Unescor\u00e5dets skriftserie nr 1\/2005. (<a href=\"http:\/\/u4614432.fsdata.se\/wp-content\/uploads\/2013\/09\/Unescos-konvention-om-skydd-f%C3%B6r-det-immateriella-kulturarvet.pdf\" target=\"_blank\" rel=\"noreferrer noopener\">http:\/\/u4614432.fsdata.se\/wp-content\/uploads\/2013\/09\/Unescos-konvention-om-skydd-f\u00f6r-det-immateriella-kulturarvet.pdf<\/a>)&nbsp;&nbsp;<\/p>\n\n\n\n<p><strong>2009<\/strong> \u2013 <em>F\u00f6rslag till nationellt genomf\u00f6rande av Unescos konvention om skydd av det immateriella kulturarvet. <\/em>Institutet f\u00f6r spr\u00e5k och folkminnen (Isof). Sm\u00e5skrifter 3. (<a href=\"https:\/\/isof.diva-portal.org\/smash\/get\/diva2:1178961\/FULLTEXT01.pdf\" target=\"_blank\" rel=\"noreferrer noopener\">https:\/\/isof.diva-portal.org\/smash\/get\/diva2:1178961\/FULLTEXT01.pdf<\/a>)&nbsp;&nbsp;<\/p>\n\n\n\n<p><strong>2011<\/strong> \u2013 Regeringen beslutade den 9 december 2010 att ratificera konventionen. Den 26 januari 2011 deponerades Sveriges ratifikationsinstrument hos UNESCO:s generaldirekt\u00f6r. Konventionen tr\u00e4dde i kraft den 26 april 2011. <a href=\"https:\/\/www.regeringen.se\/rattsliga-dokument\/sveriges-internationella-overenskommelser\/2013\/01\/so-201231\/\" target=\"_blank\" rel=\"noreferrer noopener\">https:\/\/www.regeringen.se\/rattsliga-dokument\/sveriges-internationella-overenskommelser\/2013\/01\/so-201231\/<\/a>&nbsp;&nbsp;<\/p>\n\n\n\n<p><strong>2012<\/strong> \u2013 Officiell \u00f6vers\u00e4ttning. S\u00d6 2012:31 <em>Unescos konvention om skydd av det immateriella kulturarvet<\/em> (<a href=\"https:\/\/www.regeringen.se\/49c828\/contentassets\/b43083af89784a79941f672180f6ab4e\/konvention-om-tryggande-av-det-immateriella-kulturarvet\" target=\"_blank\" rel=\"noreferrer noopener\">https:\/\/www.regeringen.se\/49c828\/contentassets\/b43083af89784a79941f672180f6ab4e\/konvention-om-tryggande-av-det-immateriella-kulturarvet<\/a>)&nbsp;&nbsp;<\/p>\n\n\n\n<p><strong>2012<\/strong> \u2013 Isof:s delrapport <em>Levande kulturarv. Delrapport om till\u00e4mpningen av Unescos konvention om tryggande av det immateriella kulturarvet i Sverige<\/em> (<a href=\"https:\/\/www.isof.se\/download\/18.5d2bf5ad1791d0816f45b33\/1620333812404\/Levande-kulturarv-Unesco-delrapport%2020131115.pdf\" target=\"_blank\" rel=\"noreferrer noopener\">https:\/\/www.isof.se\/download\/18.5d2bf5ad1791d0816f45b33\/1620333812404\/Levande-kulturarv-Unesco-delrapport%2020131115.pdf<\/a>)&nbsp;&nbsp;<\/p>\n\n\n\n<p><strong>2014<\/strong> \u2013 Isof:s slutrapport <em>Levande traditioner. Slutrapport om till\u00e4mpning av Unescos konvention om tryggande av det immateriella kulturarvet i Sverige<\/em> <a href=\"http:\/\/unesco.hemsida.eu\/wp-content\/uploads\/2014\/02\/Slutrapport.pdf\" target=\"_blank\" rel=\"noreferrer noopener\">http:\/\/unesco.hemsida.eu\/wp-content\/uploads\/2014\/02\/Slutrapport.pdf<\/a>&nbsp;&nbsp;<\/p>\n\n\n\n<p><strong>2014<\/strong> \u2013 Svenska Unescor\u00e5dets nyhet om Isof:s slutrapport: <a href=\"https:\/\/unesco.se\/hur-ska-sverige-arbeta-med-unescos-konvention-om-det-immateriella-kulturarvet\/\" target=\"_blank\" rel=\"noreferrer noopener\">https:\/\/unesco.se\/hur-ska-sverige-arbeta-med-unescos-konvention-om-det-immateriella-kulturarvet\/<\/a>&nbsp;<\/p>\n\n\n\n<p><strong>2015<\/strong> \u2013 Det nationella registret inr\u00e4ttas f\u00f6r svenska immateriella kulturarv, <em>Levande traditioner <\/em>(<a href=\"https:\/\/www.isof.se\/lar-dig-mer\/levande-traditioner\" target=\"_blank\" rel=\"noreferrer noopener\">https:\/\/www.isof.se\/lar-dig-mer\/levande-traditioner<\/a>), och f\u00e4bodkulturen listas (<a href=\"https:\/\/www.isof.se\/lar-dig-mer\/levande-traditioner\/forslag\/2015-09-30-fabodkultur\" target=\"_blank\" rel=\"noreferrer noopener\">https:\/\/www.isof.se\/lar-dig-mer\/levande-traditioner\/forslag\/2015-09-30-fabodkultur<\/a>)&nbsp;&nbsp;<\/p>\n\n\n\n<p><strong>2016<\/strong> \u2013 Isof publicerar rapporten <em>Det nationella arbetet med till\u00e4mpningen av Unescos konvention om tryggande av det immateriella kulturarvet<\/em> (<a href=\"https:\/\/www.isof.se\/download\/18.5d2bf5ad1791d0816f45b35\/1620333812514\/ISOF%20Redovisning%20immateriellt%20kulturarv%202016.pdf\" target=\"_blank\" rel=\"noreferrer noopener\">https:\/\/www.isof.se\/download\/18.5d2bf5ad1791d0816f45b35\/1620333812514\/ISOF%20Redovisning%20immateriellt%20kulturarv%202016.pdf<\/a>)&nbsp;&nbsp;<\/p>\n\n\n\n<p><strong>2018<\/strong> \u2013<em> Sagobygden<\/em> blir det f\u00f6rsta svenska kulturarvet att bli uppf\u00f6rd p\u00e5 Unescos internationella lista (<a href=\"https:\/\/sagobygden.se\/sv\/unesco\/\" target=\"_blank\" rel=\"noreferrer noopener\">https:\/\/sagobygden.se\/sv\/unesco\/<\/a>)&nbsp;<\/p>\n\n\n\n<p><strong>2019<\/strong> \u2013 <em>Hantering av nomineringsf\u00f6rslag till Unescolistor och register f\u00f6r det immateriella kulturarvet <\/em>(<a href=\"https:\/\/www.isof.se\/download\/18.5d2bf5ad1791d0816f45b36\/1620333812539\/Hantering_Unescos_listor%202019.pdf\" target=\"_blank\" rel=\"noreferrer noopener\">https:\/\/www.isof.se\/download\/18.5d2bf5ad1791d0816f45b36\/1620333812539\/Hantering_Unescos_listor%202019.pdf<\/a>)&nbsp;&nbsp;<\/p>\n\n\n\n<p><strong>2021<\/strong> \u2013 <em>Nordiska klinkb\u00e5tstraditioner<\/em> blev uppf\u00f6rd p\u00e5 Unescos internationella lista&nbsp;<\/p>\n\n\n\n<p>(<a href=\"https:\/\/www.isof.se\/lar-dig-mer\/levande-traditioner\/forslag\/2017-01-18-klinkteknik---batbyggnad\" target=\"_blank\" rel=\"noreferrer noopener\">https:\/\/www.isof.se\/lar-dig-mer\/levande-traditioner\/forslag\/2017-01-18-klinkteknik&#8212;batbyggnad<\/a>)&nbsp;&nbsp;<\/p>\n","protected":false},"excerpt":{"rendered":"<p>\u00c5rtal och dokument r\u00f6rande konventionen f\u00f6r Sverige&nbsp; 2003 \u2013 Unesco:s konvention om tryggande av det immateriella kulturarvet antas av Unesco.&nbsp; 2005 \u2013 Unescos konvention om skydd f\u00f6r det immateriella kulturarvet. Bakgrund, Sveriges arbete med konventionen, synpunkter och tankar. Svenska Unescor\u00e5dets skriftserie nr 1\/2005. (http:\/\/u4614432.fsdata.se\/wp-content\/uploads\/2013\/09\/Unescos-konvention-om-skydd-f\u00f6r-det-immateriella-kulturarvet.pdf)&nbsp;&nbsp; 2009 \u2013 F\u00f6rslag till nationellt genomf\u00f6rande av Unescos konvention om skydd &hellip; <\/p>\n<p class=\"link-more\"><a href=\"https:\/\/blogg.sh.se\/biologiskt_kulturarv\/unescos-konvention\/tidslinje-for-konventionen-i-sverige\/\" class=\"more-link\">Forts\u00e4tt l\u00e4sa<span class=\"screen-reader-text\"> \u201dTidslinje f\u00f6r konventionen i Sverige\u201d<\/span><\/a><\/p>\n","protected":false},"author":6,"featured_media":0,"parent":400,"menu_order":0,"comment_status":"closed","ping_status":"closed","template":"","meta":[],"_links":{"self":[{"href":"https:\/\/blogg.sh.se\/biologiskt_kulturarv\/wp-json\/wp\/v2\/pages\/401"}],"collection":[{"href":"https:\/\/blogg.sh.se\/biologiskt_kulturarv\/wp-json\/wp\/v2\/pages"}],"about":[{"href":"https:\/\/blogg.sh.se\/biologiskt_kulturarv\/wp-json\/wp\/v2\/types\/page"}],"author":[{"embeddable":true,"href":"https:\/\/blogg.sh.se\/biologiskt_kulturarv\/wp-json\/wp\/v2\/users\/6"}],"replies":[{"embeddable":true,"href":"https:\/\/blogg.sh.se\/biologiskt_kulturarv\/wp-json\/wp\/v2\/comments?post=401"}],"version-history":[{"count":4,"href":"https:\/\/blogg.sh.se\/biologiskt_kulturarv\/wp-json\/wp\/v2\/pages\/401\/revisions"}],"predecessor-version":[{"id":574,"href":"https:\/\/blogg.sh.se\/biologiskt_kulturarv\/wp-json\/wp\/v2\/pages\/401\/revisions\/574"}],"up":[{"embeddable":true,"href":"https:\/\/blogg.sh.se\/biologiskt_kulturarv\/wp-json\/wp\/v2\/pages\/400"}],"wp:attachment":[{"href":"https:\/\/blogg.sh.se\/biologiskt_kulturarv\/wp-json\/wp\/v2\/media?parent=401"}],"curies":[{"name":"wp","href":"https:\/\/api.w.org\/{rel}","templated":true}]}}