{"id":374,"date":"2023-01-26T12:48:34","date_gmt":"2023-01-26T12:48:34","guid":{"rendered":"https:\/\/blogg.sh.se\/biologiskt_kulturarv\/?page_id=374"},"modified":"2023-02-03T14:02:01","modified_gmt":"2023-02-03T14:02:01","slug":"vad-ar-immateriellt-kulturarv","status":"publish","type":"page","link":"https:\/\/blogg.sh.se\/biologiskt_kulturarv\/begrepp\/vad-ar-immateriellt-kulturarv\/","title":{"rendered":"Vad \u00e4r immateriellt kulturarv?"},"content":{"rendered":"\n<figure class=\"wp-block-image size-full is-resized\"><a href=\"https:\/\/blogg.sh.se\/biologiskt_kulturarv\/wp-content\/uploads\/2023\/02\/IMG-6740.jpg\"><img loading=\"lazy\" src=\"https:\/\/blogg.sh.se\/biologiskt_kulturarv\/wp-content\/uploads\/2023\/02\/IMG-6740.jpg\" alt=\"\" class=\"wp-image-542\" width=\"489\" height=\"366\" srcset=\"https:\/\/blogg.sh.se\/biologiskt_kulturarv\/wp-content\/uploads\/2023\/02\/IMG-6740.jpg 1024w, https:\/\/blogg.sh.se\/biologiskt_kulturarv\/wp-content\/uploads\/2023\/02\/IMG-6740-300x225.jpg 300w, https:\/\/blogg.sh.se\/biologiskt_kulturarv\/wp-content\/uploads\/2023\/02\/IMG-6740-768x576.jpg 768w\" sizes=\"(max-width: 489px) 100vw, 489px\" \/><\/a><\/figure>\n\n\n\n<p>Unesco beslutade om konventionen om tryggande av det immateriella kulturarvet 2003 och syftet var just att trygga och synligg\u00f6ra det immateriella kulturarvet som en kontrast till det materiella. Svenska Akademien f\u00f6rklarar \u201dim\u00b7materi\u00b7ell\u201d med termerna \u201dokroppslig, andlig\u201d och att kulturarv utg\u00f6rs av \u201dbest\u00e5ende yttringar av en kultur genom hela dess historia\u201d. Ett okroppsligt och andligt kulturarv. P\u00e5 engelska heter det <em>intangible<\/em>, dvs n\u00e5got som inte \u00e4r gripbart, ett kulturarv som man inte kan ta p\u00e5. Unescos konvention om tryggande av det immateriella kulturarvet kan ses som en motsvarighet till den mer k\u00e4nda <em>V\u00e4rldsarvskonventionen<\/em>, eller egentligen <em>Unescos konvention om skydd f\u00f6r v\u00e4rldens kultur- och naturarv <\/em>(fr\u00e5n 1972), som syftar till att skydda minnesm\u00e4rken, byggnader, milj\u00f6er m.fl., dvs i h\u00f6gsta grad materiella och fysiska kulturarv. Konventionens andra paragraf fastst\u00e4ller att det <em>immateriella kulturarvet<\/em> kan klassificeras i fem dom\u00e4ner:&nbsp;<\/p>\n\n\n\n<p>(a) oral traditions and expressions, including language as a vehicle of the intangible cultural heritage;&nbsp;<\/p>\n\n\n\n<p>(b) performing arts;&nbsp;<\/p>\n\n\n\n<p>(c) social practices, rituals and festive events;&nbsp;<\/p>\n\n\n\n<p>(d) knowledge and practices concerning nature and the universe;&nbsp;<\/p>\n\n\n\n<p>(e) traditional craftsmanship.&nbsp;<\/p>\n\n\n\n<h2>Sverige<\/h2>\n\n\n\n<p>Var och en av dessa kallas nod och har f\u00f6rdelats p\u00e5 en ansvarig myndighet:&nbsp;<\/p>\n\n\n\n<p>a) <strong>Institutet f\u00f6r spr\u00e5k och folkminnen<\/strong> och <strong>Nordiska museet<\/strong>: Muntliga traditioner och uttryck, d\u00e4ribland spr\u00e5ket som f\u00f6rmedlare av det immateriella kulturarvet samt sociala sedv\u00e4njor, riter och h\u00f6gtider. Kunskap och sedv\u00e4njor r\u00f6rande universum&nbsp;<\/p>\n\n\n\n<p>b) <strong>N\u00e4mnden f\u00f6r hemsl\u00f6jdsfr\u00e5gor<\/strong>: Traditionell hantverkskunskap&nbsp;<\/p>\n\n\n\n<p>c) <strong>Statens musikverk\/Svenskt visarkiv<\/strong>: Framf\u00f6randen \u2013 musik, dans och teater&nbsp;<\/p>\n\n\n\n<p>d) <strong>Riksantikvarie\u00e4mbetet<\/strong>: Kunskap och sedv\u00e4njor r\u00f6rande naturen samt kulturarv som h\u00f6r samman med materiella kulturarv och kulturmilj\u00f6er i Sverige&nbsp;<\/p>\n","protected":false},"excerpt":{"rendered":"<p>Unesco beslutade om konventionen om tryggande av det immateriella kulturarvet 2003 och syftet var just att trygga och synligg\u00f6ra det immateriella kulturarvet som en kontrast till det materiella. Svenska Akademien f\u00f6rklarar \u201dim\u00b7materi\u00b7ell\u201d med termerna \u201dokroppslig, andlig\u201d och att kulturarv utg\u00f6rs av \u201dbest\u00e5ende yttringar av en kultur genom hela dess historia\u201d. Ett okroppsligt och andligt kulturarv. &hellip; <\/p>\n<p class=\"link-more\"><a href=\"https:\/\/blogg.sh.se\/biologiskt_kulturarv\/begrepp\/vad-ar-immateriellt-kulturarv\/\" class=\"more-link\">Forts\u00e4tt l\u00e4sa<span class=\"screen-reader-text\"> \u201dVad \u00e4r immateriellt kulturarv?\u201d<\/span><\/a><\/p>\n","protected":false},"author":6,"featured_media":0,"parent":362,"menu_order":0,"comment_status":"closed","ping_status":"closed","template":"","meta":[],"_links":{"self":[{"href":"https:\/\/blogg.sh.se\/biologiskt_kulturarv\/wp-json\/wp\/v2\/pages\/374"}],"collection":[{"href":"https:\/\/blogg.sh.se\/biologiskt_kulturarv\/wp-json\/wp\/v2\/pages"}],"about":[{"href":"https:\/\/blogg.sh.se\/biologiskt_kulturarv\/wp-json\/wp\/v2\/types\/page"}],"author":[{"embeddable":true,"href":"https:\/\/blogg.sh.se\/biologiskt_kulturarv\/wp-json\/wp\/v2\/users\/6"}],"replies":[{"embeddable":true,"href":"https:\/\/blogg.sh.se\/biologiskt_kulturarv\/wp-json\/wp\/v2\/comments?post=374"}],"version-history":[{"count":5,"href":"https:\/\/blogg.sh.se\/biologiskt_kulturarv\/wp-json\/wp\/v2\/pages\/374\/revisions"}],"predecessor-version":[{"id":543,"href":"https:\/\/blogg.sh.se\/biologiskt_kulturarv\/wp-json\/wp\/v2\/pages\/374\/revisions\/543"}],"up":[{"embeddable":true,"href":"https:\/\/blogg.sh.se\/biologiskt_kulturarv\/wp-json\/wp\/v2\/pages\/362"}],"wp:attachment":[{"href":"https:\/\/blogg.sh.se\/biologiskt_kulturarv\/wp-json\/wp\/v2\/media?parent=374"}],"curies":[{"name":"wp","href":"https:\/\/api.w.org\/{rel}","templated":true}]}}