{"id":755,"date":"2024-12-19T14:24:56","date_gmt":"2024-12-19T14:24:56","guid":{"rendered":"https:\/\/blogg.sh.se\/artspace\/?page_id=755"},"modified":"2024-12-19T14:42:57","modified_gmt":"2024-12-19T14:42:57","slug":"ann-frossen-inny-betyder-annan-pa-polska","status":"publish","type":"page","link":"https:\/\/blogg.sh.se\/artspace\/ann-frossen-inny-betyder-annan-pa-polska\/","title":{"rendered":"Ann Fr\u00f6ss\u00e9n: Inny betyder annan p\u00e5 polska"},"content":{"rendered":"\n<h2 class=\"wp-block-heading\">23 januari &#8211; 14 mars 2025<\/h2>\n\n\n\n<figure class=\"wp-block-image size-large\"><img loading=\"lazy\" decoding=\"async\" width=\"1024\" height=\"768\" src=\"https:\/\/blogg.sh.se\/artspace\/wp-content\/uploads\/2024\/12\/IMG_9112-1024x768.jpg\" alt=\"\" class=\"wp-image-750\" srcset=\"https:\/\/blogg.sh.se\/artspace\/wp-content\/uploads\/2024\/12\/IMG_9112-1024x768.jpg 1024w, https:\/\/blogg.sh.se\/artspace\/wp-content\/uploads\/2024\/12\/IMG_9112-300x225.jpg 300w, https:\/\/blogg.sh.se\/artspace\/wp-content\/uploads\/2024\/12\/IMG_9112-768x576.jpg 768w, https:\/\/blogg.sh.se\/artspace\/wp-content\/uploads\/2024\/12\/IMG_9112-1536x1152.jpg 1536w, https:\/\/blogg.sh.se\/artspace\/wp-content\/uploads\/2024\/12\/IMG_9112-2048x1536.jpg 2048w, https:\/\/blogg.sh.se\/artspace\/wp-content\/uploads\/2024\/12\/IMG_9112-1200x900.jpg 1200w, https:\/\/blogg.sh.se\/artspace\/wp-content\/uploads\/2024\/12\/IMG_9112-1980x1485.jpg 1980w\" sizes=\"auto, (max-width: 1024px) 100vw, 1024px\" \/><figcaption class=\"wp-element-caption\">Turbulence (2022)<\/figcaption><\/figure>\n\n\n\n<p class=\"has-large-font-size\"> Utst\u00e4llningen \u00e4r till\u00e4gnad havet, genom konstn\u00e4ren Ann Fr\u00f6ss\u00e9ns m\u00e5leri och dess r\u00f6relse mellan v\u00e4st- och \u00f6steuropa. H\u00e4r fyller den stora m\u00e5lningen <em>Turbulence<\/em> n\u00e4stan hela gallerirummet.<\/p>\n\n\n\n<p><br>Ann Fr\u00f6ss\u00e9n har sagt att havet \u00e4r k\u00e4llan till allt hon g\u00f6r. Hon betraktar vatten, mest p\u00e5 n\u00e4ra h\u00e5ll. Sedan gestaltar hon minnet av upplevelsen genom m\u00e5leri, utan f\u00f6rmedlande skisser eller dokumentation. F\u00e4rgen arbetas omsorgsfullt fram \u00f6ver tid genom flera lager och olika f\u00e4rgskikt. Arbetss\u00e4ttet \u00e4r allts\u00e5 det omv\u00e4nda fr\u00e5n modelltecknandets logik. Bes\u00f6karen i erbjuds i galleriet ett m\u00f6te med havet, just f\u00f6rmedlat genom m\u00e5leri. H\u00e4r omsluts man av m\u00e5lningen och kan dras in i egna f\u00f6rnimmelser och minnen av hav. Ann Fr\u00f6ss\u00e9ns hav \u00e4r oroliga, m\u00e5lningen gestaltar ett turbulent varande, kanske som det vi befinner oss i idag.<\/p>\n\n\n\n<p>Ett par f\u00f6r konstn\u00e4ren unika modellteckningar och en abstraherande m\u00e5lning, markerar en n\u00e4rvaro i rummet av hennes akademistudier i Warszawa.&nbsp;Med utst\u00e4llningstiteln <em>Inny betyder annan p\u00e5 polska, <\/em>pekar konstn\u00e4ren mot just sina erfarenheter fr\u00e5n Konstakademien i Warszawa, <em>Akademia Sztuk Pieknych<\/em>, d\u00e4r hon studerade 1986 -1987. Att arbeta med konst d\u00e4r inte bara det verbala spr\u00e5ket utan hela f\u00f6rest\u00e4llningen om \u2019konsten\u2019 var n\u00e5got alldeles annat \u00e4n det hon omgavs av i Stockholm, blev en avg\u00f6rande upplevelse, en brytpunkt. Detta var under \u00e5ren f\u00f6re murens fall 1989, d\u00e5 ett nytt konstbegrepp och konstliv ett intrikat vis tr\u00e4ngde fram p\u00e5 b\u00e5da sidor om och genom det tidigare tudelade Europa.<\/p>\n\n\n\n<figure class=\"wp-block-image size-large is-resized\"><img loading=\"lazy\" decoding=\"async\" width=\"835\" height=\"1024\" src=\"https:\/\/blogg.sh.se\/artspace\/wp-content\/uploads\/2024\/12\/w-wa-2-835x1024.jpg\" alt=\"\" class=\"wp-image-762\" style=\"width:555px;height:auto\" srcset=\"https:\/\/blogg.sh.se\/artspace\/wp-content\/uploads\/2024\/12\/w-wa-2-835x1024.jpg 835w, https:\/\/blogg.sh.se\/artspace\/wp-content\/uploads\/2024\/12\/w-wa-2-245x300.jpg 245w, https:\/\/blogg.sh.se\/artspace\/wp-content\/uploads\/2024\/12\/w-wa-2-768x941.jpg 768w, https:\/\/blogg.sh.se\/artspace\/wp-content\/uploads\/2024\/12\/w-wa-2.jpg 850w\" sizes=\"auto, (max-width: 835px) 100vw, 835px\" \/><figcaption class=\"wp-element-caption\">Manlig modell, 1986. Blyerts p\u00e5 papper.<\/figcaption><\/figure>\n\n\n\n<p>Fr\u00f6ss\u00e9n har genom \u00e5ren st\u00e4llt ut nationellt och internationellt och i den l\u00e5nga utst\u00e4llningsf\u00f6rteckningen \u00e5terkommer inbjudningar till gallerier &#8211; och \u00e4ven i en rad sj\u00f6fartsmuseer i \u00d6stersj\u00f6-n\u00e4ra st\u00e4der som Gdansk, Tallinn, Riga, Rostock, Kaliningrad och Hamburg. Med Ann Fr\u00f6ss\u00e9ns utst\u00e4llning i Art Space skapas en b\u00e5ge \u00f6ver tid och rum, ett annat narrativ \u00e4n ett baserat p\u00e5 kronologi, p\u00e5 f\u00f6re och efter, d\u00e4r och h\u00e4r: <em>inny betyder andra.<\/em><\/p>\n\n\n\n<figure class=\"wp-block-image size-full\"><img loading=\"lazy\" decoding=\"async\" width=\"850\" height=\"638\" src=\"https:\/\/blogg.sh.se\/artspace\/wp-content\/uploads\/2024\/12\/w-wa-3.jpg\" alt=\"\" class=\"wp-image-763\" srcset=\"https:\/\/blogg.sh.se\/artspace\/wp-content\/uploads\/2024\/12\/w-wa-3.jpg 850w, https:\/\/blogg.sh.se\/artspace\/wp-content\/uploads\/2024\/12\/w-wa-3-300x225.jpg 300w, https:\/\/blogg.sh.se\/artspace\/wp-content\/uploads\/2024\/12\/w-wa-3-768x576.jpg 768w\" sizes=\"auto, (max-width: 850px) 100vw, 850px\" \/><figcaption class=\"wp-element-caption\">Winter in Warsaw, 1987. Olja p\u00e5 duk, 70h x 40w cm.<\/figcaption><\/figure>\n\n\n\n<p>Kortbiografi: <br><strong>Ann Fr\u00f6ss\u00e9n (f. 1953)<\/strong> arbetar med storskaliga m\u00e5lningar, teckningar, video och fotografi i presenterade i utst\u00e4llningar samt i offentliga verk. Hon utbildade sig till konstn\u00e4r vid Academy of Fine Arts i Warszawa och har \u00e4ven studerat i Frankrike under flera \u00e5r. Sedan 1988 har hon st\u00e4llt ut regelbundet och deltagit i utst\u00e4llningar och specialprojekt i Sverige, Frankrike, Baltikum, Danmark, Finland, Ryssland, Polen, Tyskland och Japan. H\u00f6sten 2024 blev Fr\u00f6ss\u00e9ns m\u00e5leri s\u00e4rskilt uppm\u00e4rksammat genom hennes medverkan i Nationalmuseums utst\u00e4llning <em>Romantiken &#8211; ett s\u00e4tt att se<\/em>. Ann Fr\u00f6ss\u00e9n \u00e4r \u00e4ven verksam som curator och driver bl.a. Art in Office Stockholm och Side by Side Stockholm.<\/p>\n","protected":false},"excerpt":{"rendered":"<p>23 januari &#8211; 14 mars 2025 Utst\u00e4llningen \u00e4r till\u00e4gnad havet, genom konstn\u00e4ren Ann Fr\u00f6ss\u00e9ns m\u00e5leri och dess r\u00f6relse mellan v\u00e4st- och \u00f6steuropa. H\u00e4r fyller den stora m\u00e5lningen Turbulence n\u00e4stan hela [&hellip;]<\/p>\n","protected":false},"author":1,"featured_media":0,"parent":0,"menu_order":0,"comment_status":"closed","ping_status":"closed","template":"","meta":{"footnotes":""},"class_list":["post-755","page","type-page","status-publish","hentry"],"_links":{"self":[{"href":"https:\/\/blogg.sh.se\/artspace\/wp-json\/wp\/v2\/pages\/755","targetHints":{"allow":["GET"]}}],"collection":[{"href":"https:\/\/blogg.sh.se\/artspace\/wp-json\/wp\/v2\/pages"}],"about":[{"href":"https:\/\/blogg.sh.se\/artspace\/wp-json\/wp\/v2\/types\/page"}],"author":[{"embeddable":true,"href":"https:\/\/blogg.sh.se\/artspace\/wp-json\/wp\/v2\/users\/1"}],"replies":[{"embeddable":true,"href":"https:\/\/blogg.sh.se\/artspace\/wp-json\/wp\/v2\/comments?post=755"}],"version-history":[{"count":4,"href":"https:\/\/blogg.sh.se\/artspace\/wp-json\/wp\/v2\/pages\/755\/revisions"}],"predecessor-version":[{"id":766,"href":"https:\/\/blogg.sh.se\/artspace\/wp-json\/wp\/v2\/pages\/755\/revisions\/766"}],"wp:attachment":[{"href":"https:\/\/blogg.sh.se\/artspace\/wp-json\/wp\/v2\/media?parent=755"}],"curies":[{"name":"wp","href":"https:\/\/api.w.org\/{rel}","templated":true}]}}