{"id":29,"date":"2022-09-13T12:53:04","date_gmt":"2022-09-13T12:53:04","guid":{"rendered":"https:\/\/blogg.sh.se\/artspace\/?page_id=29"},"modified":"2025-01-21T15:28:23","modified_gmt":"2025-01-21T14:28:23","slug":"besok_oss","status":"publish","type":"page","link":"https:\/\/blogg.sh.se\/artspace\/besok_oss\/","title":{"rendered":"Bes\u00f6k oss"},"content":{"rendered":"\n<div class=\"wp-block-columns alignwide is-layout-flex wp-container-core-columns-is-layout-9d6595d7 wp-block-columns-is-layout-flex\">\n<div class=\"wp-block-column is-layout-flow wp-block-column-is-layout-flow\">\n<figure class=\"wp-block-image size-full is-resized\"><img loading=\"lazy\" decoding=\"async\" width=\"412\" height=\"686\" src=\"https:\/\/blogg.sh.se\/artspace\/wp-content\/uploads\/2025\/01\/art_space_silver-1-edited.jpg\" alt=\"\" class=\"wp-image-784\" style=\"width:602px;height:902px\" srcset=\"https:\/\/blogg.sh.se\/artspace\/wp-content\/uploads\/2025\/01\/art_space_silver-1-edited.jpg 412w, https:\/\/blogg.sh.se\/artspace\/wp-content\/uploads\/2025\/01\/art_space_silver-1-edited-180x300.jpg 180w\" sizes=\"auto, (max-width: 412px) 100vw, 412px\" \/><\/figure>\n<\/div>\n\n\n\n<div class=\"wp-block-column is-vertically-aligned-stretch is-layout-flow wp-block-column-is-layout-flow\">\n<div class=\"wp-block-group alignwide\"><div class=\"wp-block-group__inner-container is-layout-constrained wp-block-group-is-layout-constrained\">\n<h4 class=\"wp-block-heading\">\u00d6ppettider<\/h4>\n\n\n\n<p class=\"has-normal-font-size\">Art Space har \u00f6ppet <strong>vardagar 10.00-16.00<\/strong> under utst\u00e4llningsperioderna. Ut\u00f6kade \u00f6ppettider vid vernissager. <\/p>\n\n\n\n<p class=\"has-normal-font-size\"><strong>Fri entr\u00e9.<\/strong><\/p>\n\n\n\n<h4 class=\"wp-block-heading\">Hitta hit<\/h4>\n\n\n\n<p class=\"has-normal-font-size\">Art Space S\u00f6dert\u00f6rn \u00e4r S\u00f6dert\u00f6rns h\u00f6gskolas konstgalleri i Flemingsberg. Konstgalleriet ligger centralt i huvudbyggnaden Moas till h\u00f6ger om huvudentr\u00e9n (MA513). Tag pendelt\u00e5g eller fj\u00e4rrt\u00e5g till Flemingsbergs station och v\u00e4lj uppg\u00e5ngen mot S\u00f6dert\u00f6rns h\u00f6gskola<\/p>\n\n\n\n<h4 class=\"wp-block-heading\">Kontakta oss<\/h4>\n\n\n\n<p class=\"has-normal-font-size\"><a href=\"mailto:artspace@sh.se\">artspace@sh.se<\/a> <\/p>\n\n\n\n<p class=\"has-normal-font-size\">S\u00f6dert\u00f6rns h\u00f6gskola <br>Alfred Nobels all\u00e9 7, Flemingsberg<br>141 89 Huddinge<\/p>\n\n\n\n<p>F\u00f6lj Art Space p\u00e5 Instagram [@artspacesh] och Facebook [@ART SPACE S\u00f6dert\u00f6rn].<\/p>\n<\/div><\/div>\n<\/div>\n<\/div>\n","protected":false},"excerpt":{"rendered":"<p>\u00d6ppettider Art Space har \u00f6ppet vardagar 10.00-16.00 under utst\u00e4llningsperioderna. Ut\u00f6kade \u00f6ppettider vid vernissager. Fri entr\u00e9. Hitta hit Art Space S\u00f6dert\u00f6rn \u00e4r S\u00f6dert\u00f6rns h\u00f6gskolas konstgalleri i Flemingsberg. Konstgalleriet ligger centralt i [&hellip;]<\/p>\n","protected":false},"author":1,"featured_media":0,"parent":0,"menu_order":0,"comment_status":"closed","ping_status":"closed","template":"templates\/template-full-width.php","meta":{"footnotes":""},"class_list":["post-29","page","type-page","status-publish","hentry"],"_links":{"self":[{"href":"https:\/\/blogg.sh.se\/artspace\/wp-json\/wp\/v2\/pages\/29","targetHints":{"allow":["GET"]}}],"collection":[{"href":"https:\/\/blogg.sh.se\/artspace\/wp-json\/wp\/v2\/pages"}],"about":[{"href":"https:\/\/blogg.sh.se\/artspace\/wp-json\/wp\/v2\/types\/page"}],"author":[{"embeddable":true,"href":"https:\/\/blogg.sh.se\/artspace\/wp-json\/wp\/v2\/users\/1"}],"replies":[{"embeddable":true,"href":"https:\/\/blogg.sh.se\/artspace\/wp-json\/wp\/v2\/comments?post=29"}],"version-history":[{"count":21,"href":"https:\/\/blogg.sh.se\/artspace\/wp-json\/wp\/v2\/pages\/29\/revisions"}],"predecessor-version":[{"id":835,"href":"https:\/\/blogg.sh.se\/artspace\/wp-json\/wp\/v2\/pages\/29\/revisions\/835"}],"wp:attachment":[{"href":"https:\/\/blogg.sh.se\/artspace\/wp-json\/wp\/v2\/media?parent=29"}],"curies":[{"name":"wp","href":"https:\/\/api.w.org\/{rel}","templated":true}]}}