{"id":27,"date":"2022-09-13T12:53:04","date_gmt":"2022-09-13T12:53:04","guid":{"rendered":"https:\/\/blogg.sh.se\/artspace\/?page_id=27"},"modified":"2026-03-17T14:00:48","modified_gmt":"2026-03-17T13:00:48","slug":"utstallningar","status":"publish","type":"page","link":"https:\/\/blogg.sh.se\/artspace\/utstallningar\/","title":{"rendered":"Arkiv"},"content":{"rendered":"\n<figure class=\"wp-block-gallery alignwide has-nested-images columns-default is-cropped wp-block-gallery-1 is-layout-flex wp-block-gallery-is-layout-flex\">\n<figure class=\"wp-block-image size-large\"><a href=\"https:\/\/blogg.sh.se\/artspace\/the-art-of-not-forgetting-rebuilding-shared-realities\/\"><img loading=\"lazy\" decoding=\"async\" width=\"1024\" height=\"806\" data-id=\"975\" src=\"https:\/\/blogg.sh.se\/artspace\/wp-content\/uploads\/2026\/01\/00_\u0424\u0440\u0430\u0433\u043c\u0435\u043d\u0442_HI-RES_OUT5-1-1024x806.jpg\" alt=\"\" class=\"wp-image-975\" srcset=\"https:\/\/blogg.sh.se\/artspace\/wp-content\/uploads\/2026\/01\/00_\u0424\u0440\u0430\u0433\u043c\u0435\u043d\u0442_HI-RES_OUT5-1-1024x806.jpg 1024w, https:\/\/blogg.sh.se\/artspace\/wp-content\/uploads\/2026\/01\/00_\u0424\u0440\u0430\u0433\u043c\u0435\u043d\u0442_HI-RES_OUT5-1-300x236.jpg 300w, https:\/\/blogg.sh.se\/artspace\/wp-content\/uploads\/2026\/01\/00_\u0424\u0440\u0430\u0433\u043c\u0435\u043d\u0442_HI-RES_OUT5-1-768x604.jpg 768w, https:\/\/blogg.sh.se\/artspace\/wp-content\/uploads\/2026\/01\/00_\u0424\u0440\u0430\u0433\u043c\u0435\u043d\u0442_HI-RES_OUT5-1-1536x1208.jpg 1536w, https:\/\/blogg.sh.se\/artspace\/wp-content\/uploads\/2026\/01\/00_\u0424\u0440\u0430\u0433\u043c\u0435\u043d\u0442_HI-RES_OUT5-1-2048x1611.jpg 2048w, https:\/\/blogg.sh.se\/artspace\/wp-content\/uploads\/2026\/01\/00_\u0424\u0440\u0430\u0433\u043c\u0435\u043d\u0442_HI-RES_OUT5-1-1200x944.jpg 1200w, https:\/\/blogg.sh.se\/artspace\/wp-content\/uploads\/2026\/01\/00_\u0424\u0440\u0430\u0433\u043c\u0435\u043d\u0442_HI-RES_OUT5-1-1980x1558.jpg 1980w\" sizes=\"auto, (max-width: 1024px) 100vw, 1024px\" \/><\/a><figcaption class=\"wp-element-caption\"><a href=\"https:\/\/blogg.sh.se\/artspace\/the-art-of-not-forgetting-rebuilding-shared-realities\/\" data-type=\"page\" data-id=\"971\">The Art of (Not) Forgetting: Rebuilding Shared Realities<\/a><\/figcaption><\/figure>\n\n\n\n<figure class=\"wp-block-image size-large\"><a href=\"https:\/\/blogg.sh.se\/artspace\/wp-admin\/post.php?post=956&amp;action=edit\"><img loading=\"lazy\" decoding=\"async\" width=\"590\" height=\"590\" data-id=\"977\" src=\"https:\/\/blogg.sh.se\/artspace\/wp-content\/uploads\/2026\/01\/Forest1-edited.jpg\" alt=\"\" class=\"wp-image-977\" srcset=\"https:\/\/blogg.sh.se\/artspace\/wp-content\/uploads\/2026\/01\/Forest1-edited.jpg 590w, https:\/\/blogg.sh.se\/artspace\/wp-content\/uploads\/2026\/01\/Forest1-edited-300x300.jpg 300w, https:\/\/blogg.sh.se\/artspace\/wp-content\/uploads\/2026\/01\/Forest1-edited-150x150.jpg 150w\" sizes=\"auto, (max-width: 590px) 100vw, 590px\" \/><\/a><figcaption class=\"wp-element-caption\"><a href=\"https:\/\/blogg.sh.se\/artspace\/utstallningar\/atmospheric-forest\/\" data-type=\"page\" data-id=\"956\">Atmospheric Forest<\/a><\/figcaption><\/figure>\n\n\n\n<figure class=\"wp-block-image size-large\"><a href=\"https:\/\/blogg.sh.se\/artspace\/wp-admin\/post.php?post=922&amp;action=edit\"><img loading=\"lazy\" decoding=\"async\" width=\"1024\" height=\"1024\" data-id=\"934\" src=\"https:\/\/blogg.sh.se\/artspace\/wp-content\/uploads\/2025\/08\/3.-Horricous-death-of-uniqness-2-1024x1024.jpg\" alt=\"\" class=\"wp-image-934\" srcset=\"https:\/\/blogg.sh.se\/artspace\/wp-content\/uploads\/2025\/08\/3.-Horricous-death-of-uniqness-2-1024x1024.jpg 1024w, https:\/\/blogg.sh.se\/artspace\/wp-content\/uploads\/2025\/08\/3.-Horricous-death-of-uniqness-2-300x300.jpg 300w, https:\/\/blogg.sh.se\/artspace\/wp-content\/uploads\/2025\/08\/3.-Horricous-death-of-uniqness-2-150x150.jpg 150w, https:\/\/blogg.sh.se\/artspace\/wp-content\/uploads\/2025\/08\/3.-Horricous-death-of-uniqness-2-768x768.jpg 768w, https:\/\/blogg.sh.se\/artspace\/wp-content\/uploads\/2025\/08\/3.-Horricous-death-of-uniqness-2.jpg 1200w\" sizes=\"auto, (max-width: 1024px) 100vw, 1024px\" \/><\/a><figcaption class=\"wp-element-caption\"><a href=\"https:\/\/blogg.sh.se\/artspace\/utstallningar\/to-praise-disgrace-turkish-underground-metal-culture\/\" data-type=\"page\" data-id=\"922\">To Praise Disgrace: <br>Visualizing Turkish Underground<br>Metal-Culture<\/a><\/figcaption><\/figure>\n\n\n\n<figure class=\"wp-block-image size-large\"><img loading=\"lazy\" decoding=\"async\" width=\"1024\" height=\"760\" data-id=\"869\" src=\"https:\/\/blogg.sh.se\/artspace\/wp-content\/uploads\/2025\/01\/Dina_red4-1024x760.jpg\" alt=\"\" class=\"wp-image-869\" srcset=\"https:\/\/blogg.sh.se\/artspace\/wp-content\/uploads\/2025\/01\/Dina_red4-1024x760.jpg 1024w, https:\/\/blogg.sh.se\/artspace\/wp-content\/uploads\/2025\/01\/Dina_red4-300x223.jpg 300w, https:\/\/blogg.sh.se\/artspace\/wp-content\/uploads\/2025\/01\/Dina_red4-768x570.jpg 768w, https:\/\/blogg.sh.se\/artspace\/wp-content\/uploads\/2025\/01\/Dina_red4-1536x1140.jpg 1536w, https:\/\/blogg.sh.se\/artspace\/wp-content\/uploads\/2025\/01\/Dina_red4-2048x1520.jpg 2048w, https:\/\/blogg.sh.se\/artspace\/wp-content\/uploads\/2025\/01\/Dina_red4-1200x891.jpg 1200w, https:\/\/blogg.sh.se\/artspace\/wp-content\/uploads\/2025\/01\/Dina_red4-1980x1470.jpg 1980w\" sizes=\"auto, (max-width: 1024px) 100vw, 1024px\" \/><figcaption class=\"wp-element-caption\"><a href=\"https:\/\/blogg.sh.se\/artspace\/efterrorelse-maleri-och-skulptur-fran-1950-talet-och-idag\/\" data-type=\"page\" data-id=\"885\">Efterr\u00f6relse. M\u00e5leri och skulptur fr\u00e5n 1950-talet och idag. <br>3 april-5 juni 2025<\/a><\/figcaption><\/figure>\n\n\n\n<figure class=\"wp-block-image size-large\"><a href=\"https:\/\/blogg.sh.se\/artspace\/ann-frossen-inny-betyder-annan-pa-polska\/\"><img loading=\"lazy\" decoding=\"async\" width=\"768\" height=\"1024\" data-id=\"759\" src=\"https:\/\/blogg.sh.se\/artspace\/wp-content\/uploads\/2024\/12\/IMG_9068-768x1024.jpg\" alt=\"M\u00e5lningen Turbulence\" class=\"wp-image-759\" srcset=\"https:\/\/blogg.sh.se\/artspace\/wp-content\/uploads\/2024\/12\/IMG_9068-768x1024.jpg 768w, https:\/\/blogg.sh.se\/artspace\/wp-content\/uploads\/2024\/12\/IMG_9068-225x300.jpg 225w, https:\/\/blogg.sh.se\/artspace\/wp-content\/uploads\/2024\/12\/IMG_9068-1152x1536.jpg 1152w, https:\/\/blogg.sh.se\/artspace\/wp-content\/uploads\/2024\/12\/IMG_9068-1536x2048.jpg 1536w, https:\/\/blogg.sh.se\/artspace\/wp-content\/uploads\/2024\/12\/IMG_9068-1200x1600.jpg 1200w, https:\/\/blogg.sh.se\/artspace\/wp-content\/uploads\/2024\/12\/IMG_9068-1980x2640.jpg 1980w, https:\/\/blogg.sh.se\/artspace\/wp-content\/uploads\/2024\/12\/IMG_9068-scaled.jpg 1920w\" sizes=\"auto, (max-width: 768px) 100vw, 768px\" \/><\/a><figcaption class=\"wp-element-caption\"><a href=\"https:\/\/blogg.sh.se\/artspace\/ann-frossen-inny-betyder-annan-pa-polska\/\" data-type=\"page\" data-id=\"755\">Ann Fr\u00f6ss\u00e9n. Inny betyder annan p\u00e5 polska. <br>23 januari-14 mars 2025<\/a><\/figcaption><\/figure>\n\n\n\n<figure class=\"wp-block-image size-large\"><a href=\"https:\/\/blogg.sh.se\/artspace\/andrei-pandele-dan-perjovschi-witnessing-pre-post-revolution-in-romania\/\"><img loading=\"lazy\" decoding=\"async\" width=\"1024\" height=\"671\" data-id=\"670\" src=\"https:\/\/blogg.sh.se\/artspace\/wp-content\/uploads\/2024\/08\/79-stad-23-august-Sing-Romania-red-cards-up-1024x671.jpg\" alt=\"August 1982. Foto:Andrei Pandele\" class=\"wp-image-670\" srcset=\"https:\/\/blogg.sh.se\/artspace\/wp-content\/uploads\/2024\/08\/79-stad-23-august-Sing-Romania-red-cards-up-1024x671.jpg 1024w, https:\/\/blogg.sh.se\/artspace\/wp-content\/uploads\/2024\/08\/79-stad-23-august-Sing-Romania-red-cards-up-300x197.jpg 300w, https:\/\/blogg.sh.se\/artspace\/wp-content\/uploads\/2024\/08\/79-stad-23-august-Sing-Romania-red-cards-up-768x503.jpg 768w, https:\/\/blogg.sh.se\/artspace\/wp-content\/uploads\/2024\/08\/79-stad-23-august-Sing-Romania-red-cards-up-1536x1007.jpg 1536w, https:\/\/blogg.sh.se\/artspace\/wp-content\/uploads\/2024\/08\/79-stad-23-august-Sing-Romania-red-cards-up-2048x1342.jpg 2048w, https:\/\/blogg.sh.se\/artspace\/wp-content\/uploads\/2024\/08\/79-stad-23-august-Sing-Romania-red-cards-up-1200x787.jpg 1200w, https:\/\/blogg.sh.se\/artspace\/wp-content\/uploads\/2024\/08\/79-stad-23-august-Sing-Romania-red-cards-up-1980x1298.jpg 1980w\" sizes=\"auto, (max-width: 1024px) 100vw, 1024px\" \/><\/a><figcaption class=\"wp-element-caption\"><a href=\"https:\/\/blogg.sh.se\/artspace\/andrei-pandele-dan-perjovschi-witnessing-pre-post-revolution-in-romania\/\" data-type=\"page\" data-id=\"698\">Andrei Pandele &amp; Dan Perjovschi: Witnessing pre \/post Revolution in Romania<br>7 oktober \u2013 13 december 2024<\/a><\/figcaption><\/figure>\n\n\n\n<figure class=\"wp-block-image size-large\"><a href=\"https:\/\/blogg.sh.se\/artspace\/verena-friedrich-erbsenzahler-kvalitetssorterare-v2\/\"><img loading=\"lazy\" decoding=\"async\" width=\"1024\" height=\"683\" data-id=\"673\" src=\"https:\/\/blogg.sh.se\/artspace\/wp-content\/uploads\/2024\/08\/VF_IMG_9522-1024x683.jpg\" alt=\"\" class=\"wp-image-673\" srcset=\"https:\/\/blogg.sh.se\/artspace\/wp-content\/uploads\/2024\/08\/VF_IMG_9522-1024x683.jpg 1024w, https:\/\/blogg.sh.se\/artspace\/wp-content\/uploads\/2024\/08\/VF_IMG_9522-300x200.jpg 300w, https:\/\/blogg.sh.se\/artspace\/wp-content\/uploads\/2024\/08\/VF_IMG_9522-768x512.jpg 768w, https:\/\/blogg.sh.se\/artspace\/wp-content\/uploads\/2024\/08\/VF_IMG_9522-1536x1024.jpg 1536w, https:\/\/blogg.sh.se\/artspace\/wp-content\/uploads\/2024\/08\/VF_IMG_9522-2048x1365.jpg 2048w, https:\/\/blogg.sh.se\/artspace\/wp-content\/uploads\/2024\/08\/VF_IMG_9522-1200x800.jpg 1200w, https:\/\/blogg.sh.se\/artspace\/wp-content\/uploads\/2024\/08\/VF_IMG_9522-1980x1320.jpg 1980w\" sizes=\"auto, (max-width: 1024px) 100vw, 1024px\" \/><\/a><figcaption class=\"wp-element-caption\"><a href=\"https:\/\/blogg.sh.se\/artspace\/verena-friedrich-erbsenzahler-kvalitetssorterare-v2\/\" data-type=\"page\" data-id=\"672\">Verena Friedrich. ERBSENZ\u00c4HLER Kvalitetssorterare V2<br>5 september \u2013 4 oktober 2024<\/a><\/figcaption><\/figure>\n\n\n\n<figure class=\"wp-block-image size-large\"><a href=\"https:\/\/blogg.sh.se\/artspace\/a-karlsson-rixon-at-the-time-of-the-third-reading-%d0%b2%d0%be-%d0%b2%d1%80%d0%b5%d0%bc%d1%8f-%d1%82%d1%80%d0%b5%d1%82%d1%8c%d0%b5%d0%b3%d0%be-%d1%87%d1%82%d0%b5%d0%bd%d0%b8%d1%8f\/\"><img loading=\"lazy\" decoding=\"async\" width=\"853\" height=\"480\" data-id=\"634\" src=\"https:\/\/blogg.sh.se\/artspace\/wp-content\/uploads\/2024\/04\/ATTR_17_kopia.jpg\" alt=\"\" class=\"wp-image-634\" srcset=\"https:\/\/blogg.sh.se\/artspace\/wp-content\/uploads\/2024\/04\/ATTR_17_kopia.jpg 853w, https:\/\/blogg.sh.se\/artspace\/wp-content\/uploads\/2024\/04\/ATTR_17_kopia-300x169.jpg 300w, https:\/\/blogg.sh.se\/artspace\/wp-content\/uploads\/2024\/04\/ATTR_17_kopia-768x432.jpg 768w\" sizes=\"auto, (max-width: 853px) 100vw, 853px\" \/><\/a><figcaption class=\"wp-element-caption\"><a href=\"https:\/\/blogg.sh.se\/artspace\/a-karlsson-rixon-at-the-time-of-the-third-reading-%d0%b2%d0%be-%d0%b2%d1%80%d0%b5%d0%bc%d1%8f-%d1%82%d1%80%d0%b5%d1%82%d1%8c%d0%b5%d0%b3%d0%be-%d1%87%d1%82%d0%b5%d0%bd%d0%b8%d1%8f\/\" data-type=\"page\" data-id=\"613\">A. Karlsson Rixon. At the Time of the Third Reading \u2013 \u0412\u043e \u0432\u0440\u0435\u043c\u044f \u0442\u0440\u0435\u0442\u044c\u0435\u0433\u043e \u0447\u0442\u0435\u043d\u0438\u044f.<br>11 april \u2013 24 maj 2024<\/a><\/figcaption><\/figure>\n\n\n\n<figure class=\"wp-block-image size-large\"><a href=\"https:\/\/blogg.sh.se\/artspace\/maria-friberg-night-vision\/\"><img loading=\"lazy\" decoding=\"async\" width=\"1024\" height=\"674\" data-id=\"596\" src=\"https:\/\/blogg.sh.se\/artspace\/wp-content\/uploads\/2024\/01\/image3.jpeg\" alt=\"Maria Friberg; Night Vision IV (2019), silicon-monterad C-print\" class=\"wp-image-596\" srcset=\"https:\/\/blogg.sh.se\/artspace\/wp-content\/uploads\/2024\/01\/image3.jpeg 1024w, https:\/\/blogg.sh.se\/artspace\/wp-content\/uploads\/2024\/01\/image3-300x197.jpeg 300w, https:\/\/blogg.sh.se\/artspace\/wp-content\/uploads\/2024\/01\/image3-768x506.jpeg 768w\" sizes=\"auto, (max-width: 1024px) 100vw, 1024px\" \/><\/a><figcaption class=\"wp-element-caption\"><a href=\"https:\/\/blogg.sh.se\/artspace\/maria-friberg-night-vision\/\" data-type=\"page\" data-id=\"595\">Night Vision. Maria Friberg.<br>1 februari \u2013 28 mars 2024<\/a><\/figcaption><\/figure>\n\n\n\n<figure class=\"wp-block-image size-large\"><a href=\"https:\/\/blogg.sh.se\/artspace\/ur-signora-canedottos-uppordningar-nina-bondeson\/\"><img loading=\"lazy\" decoding=\"async\" width=\"1024\" height=\"683\" data-id=\"563\" src=\"https:\/\/blogg.sh.se\/artspace\/wp-content\/uploads\/2023\/11\/4.-DSC_3221-1024x683.jpg\" alt=\"\" class=\"wp-image-563\" srcset=\"https:\/\/blogg.sh.se\/artspace\/wp-content\/uploads\/2023\/11\/4.-DSC_3221-1024x683.jpg 1024w, https:\/\/blogg.sh.se\/artspace\/wp-content\/uploads\/2023\/11\/4.-DSC_3221-300x200.jpg 300w, https:\/\/blogg.sh.se\/artspace\/wp-content\/uploads\/2023\/11\/4.-DSC_3221-768x512.jpg 768w, https:\/\/blogg.sh.se\/artspace\/wp-content\/uploads\/2023\/11\/4.-DSC_3221-1536x1024.jpg 1536w, https:\/\/blogg.sh.se\/artspace\/wp-content\/uploads\/2023\/11\/4.-DSC_3221-2048x1365.jpg 2048w, https:\/\/blogg.sh.se\/artspace\/wp-content\/uploads\/2023\/11\/4.-DSC_3221-1200x800.jpg 1200w, https:\/\/blogg.sh.se\/artspace\/wp-content\/uploads\/2023\/11\/4.-DSC_3221-1980x1320.jpg 1980w\" sizes=\"auto, (max-width: 1024px) 100vw, 1024px\" \/><\/a><figcaption class=\"wp-element-caption\"><a href=\"https:\/\/blogg.sh.se\/artspace\/ur-signora-canedottos-uppordningar-nina-bondeson\/\" data-type=\"page\" data-id=\"556\">Ur Signora Canedottos uppordningar. Nina Bondeson.<br>23 september 2023 \u2013 18 februari 2024<\/a><\/figcaption><\/figure>\n\n\n\n<figure class=\"wp-block-image size-large\"><a href=\"https:\/\/blogg.sh.se\/artspace\/lenke-rothman-den-roda-traden\/\"><img loading=\"lazy\" decoding=\"async\" width=\"1024\" height=\"826\" data-id=\"528\" src=\"https:\/\/blogg.sh.se\/artspace\/wp-content\/uploads\/2023\/09\/Art-space_Rothman_roda-traden-3-1024x826.jpg\" alt=\"Den r\u00f6da tr\u00e5den, tempera, ogrundad duk, s\u00f6mnad, tyg, 1962.\" class=\"wp-image-528\" srcset=\"https:\/\/blogg.sh.se\/artspace\/wp-content\/uploads\/2023\/09\/Art-space_Rothman_roda-traden-3-1024x826.jpg 1024w, https:\/\/blogg.sh.se\/artspace\/wp-content\/uploads\/2023\/09\/Art-space_Rothman_roda-traden-3-300x242.jpg 300w, https:\/\/blogg.sh.se\/artspace\/wp-content\/uploads\/2023\/09\/Art-space_Rothman_roda-traden-3-768x619.jpg 768w, https:\/\/blogg.sh.se\/artspace\/wp-content\/uploads\/2023\/09\/Art-space_Rothman_roda-traden-3-1200x968.jpg 1200w, https:\/\/blogg.sh.se\/artspace\/wp-content\/uploads\/2023\/09\/Art-space_Rothman_roda-traden-3.jpg 1462w\" sizes=\"auto, (max-width: 1024px) 100vw, 1024px\" \/><\/a><figcaption class=\"wp-element-caption\"><a href=\"https:\/\/blogg.sh.se\/artspace\/lenke-rothman-den-roda-traden\/\" data-type=\"page\" data-id=\"490\">Den r\u00f6da tr\u00e5den. Lenke Rothman.<br>21 september \u2013 9 november 2023<\/a><\/figcaption><\/figure>\n\n\n\n<figure class=\"wp-block-image size-large\"><a href=\"https:\/\/blogg.sh.se\/artspace\/relatos-arvda-berattelser-av-ricard-estay\/\"><img loading=\"lazy\" decoding=\"async\" width=\"1024\" height=\"683\" data-id=\"368\" src=\"https:\/\/blogg.sh.se\/artspace\/wp-content\/uploads\/2023\/05\/DSC9373-1024x683.jpg\" alt=\"\" class=\"wp-image-368\" srcset=\"https:\/\/blogg.sh.se\/artspace\/wp-content\/uploads\/2023\/05\/DSC9373-1024x683.jpg 1024w, https:\/\/blogg.sh.se\/artspace\/wp-content\/uploads\/2023\/05\/DSC9373-300x200.jpg 300w, https:\/\/blogg.sh.se\/artspace\/wp-content\/uploads\/2023\/05\/DSC9373-768x512.jpg 768w, https:\/\/blogg.sh.se\/artspace\/wp-content\/uploads\/2023\/05\/DSC9373-1200x800.jpg 1200w, https:\/\/blogg.sh.se\/artspace\/wp-content\/uploads\/2023\/05\/DSC9373.jpg 1500w\" sizes=\"auto, (max-width: 1024px) 100vw, 1024px\" \/><\/a><figcaption class=\"wp-element-caption\"><a href=\"https:\/\/blogg.sh.se\/artspace\/relatos-arvda-berattelser-av-ricard-estay\/\" data-type=\"page\" data-id=\"314\">Relatos. \u00c4rvda ber\u00e4ttelser. Ricard Estay 12 april \u2013 2 juni 2023<\/a><\/figcaption><\/figure>\n\n\n\n<figure class=\"wp-block-image size-large\"><a href=\"https:\/\/blogg.sh.se\/artspace\/tidskron-tre-malningar-av-omid-delafrouz\/\"><img loading=\"lazy\" decoding=\"async\" width=\"1024\" height=\"683\" data-id=\"344\" src=\"https:\/\/blogg.sh.se\/artspace\/wp-content\/uploads\/2023\/03\/336951464_965355544820548_497471497423224046_n-dg-f-2-1024x683.jpg\" alt=\"\" class=\"wp-image-344\" srcset=\"https:\/\/blogg.sh.se\/artspace\/wp-content\/uploads\/2023\/03\/336951464_965355544820548_497471497423224046_n-dg-f-2-1024x683.jpg 1024w, https:\/\/blogg.sh.se\/artspace\/wp-content\/uploads\/2023\/03\/336951464_965355544820548_497471497423224046_n-dg-f-2-300x200.jpg 300w, https:\/\/blogg.sh.se\/artspace\/wp-content\/uploads\/2023\/03\/336951464_965355544820548_497471497423224046_n-dg-f-2-768x512.jpg 768w, https:\/\/blogg.sh.se\/artspace\/wp-content\/uploads\/2023\/03\/336951464_965355544820548_497471497423224046_n-dg-f-2-1536x1024.jpg 1536w, https:\/\/blogg.sh.se\/artspace\/wp-content\/uploads\/2023\/03\/336951464_965355544820548_497471497423224046_n-dg-f-2-1200x800.jpg 1200w, https:\/\/blogg.sh.se\/artspace\/wp-content\/uploads\/2023\/03\/336951464_965355544820548_497471497423224046_n-dg-f-2.jpg 1935w\" sizes=\"auto, (max-width: 1024px) 100vw, 1024px\" \/><\/a><figcaption class=\"wp-element-caption\"><a href=\"https:\/\/blogg.sh.se\/artspace\/tidskron-tre-malningar-av-omid-delafrouz\/\" data-type=\"page\" data-id=\"250\">Tidskr\u00f6n. Tre m\u00e5lningar av Omid Delafrouz 15 februari \u2013 24 mars 2023<\/a><\/figcaption><\/figure>\n\n\n\n<figure class=\"wp-block-image size-large\"><a href=\"https:\/\/blogg.sh.se\/artspace\/vara-plats-be-space-lina-bjerneld-astrid-svangren-och-erik-udden\/\"><img loading=\"lazy\" decoding=\"async\" width=\"1024\" height=\"683\" data-id=\"190\" src=\"https:\/\/blogg.sh.se\/artspace\/wp-content\/uploads\/2023\/01\/pfpf-1024x683.jpg\" alt=\"\" class=\"wp-image-190\" srcset=\"https:\/\/blogg.sh.se\/artspace\/wp-content\/uploads\/2023\/01\/pfpf-1024x683.jpg 1024w, https:\/\/blogg.sh.se\/artspace\/wp-content\/uploads\/2023\/01\/pfpf-300x200.jpg 300w, https:\/\/blogg.sh.se\/artspace\/wp-content\/uploads\/2023\/01\/pfpf-768x512.jpg 768w, https:\/\/blogg.sh.se\/artspace\/wp-content\/uploads\/2023\/01\/pfpf-1200x800.jpg 1200w, https:\/\/blogg.sh.se\/artspace\/wp-content\/uploads\/2023\/01\/pfpf.jpg 1500w\" sizes=\"auto, (max-width: 1024px) 100vw, 1024px\" \/><\/a><figcaption class=\"wp-element-caption\"><a href=\"https:\/\/blogg.sh.se\/artspace\/vara-plats-be-space-lina-bjerneld-astrid-svangren-och-erik-udden\/\" data-type=\"page\" data-id=\"199\">Vara plats\/Be Space. Lina Bjerneld, Astrid Svangren och Erik Udd\u00e9n 17 november 2022 \u2013 20 januari 2023<\/a><\/figcaption><\/figure>\n\n\n\n<figure class=\"wp-block-image size-large\"><a href=\"https:\/\/blogg.sh.se\/artspace\/abakan-och-nattlig-ryttare-magdalena-abakanowicz-och-wladyslaw-hasior-sodertorn-1970-2022\/\"><img loading=\"lazy\" decoding=\"async\" width=\"1024\" height=\"683\" data-id=\"224\" src=\"https:\/\/blogg.sh.se\/artspace\/wp-content\/uploads\/2023\/01\/a-1-1024x683.jpg\" alt=\"\" class=\"wp-image-224\" srcset=\"https:\/\/blogg.sh.se\/artspace\/wp-content\/uploads\/2023\/01\/a-1-1024x683.jpg 1024w, https:\/\/blogg.sh.se\/artspace\/wp-content\/uploads\/2023\/01\/a-1-300x200.jpg 300w, https:\/\/blogg.sh.se\/artspace\/wp-content\/uploads\/2023\/01\/a-1-768x512.jpg 768w, https:\/\/blogg.sh.se\/artspace\/wp-content\/uploads\/2023\/01\/a-1-1200x800.jpg 1200w, https:\/\/blogg.sh.se\/artspace\/wp-content\/uploads\/2023\/01\/a-1.jpg 1500w\" sizes=\"auto, (max-width: 1024px) 100vw, 1024px\" \/><\/a><figcaption class=\"wp-element-caption\"><a href=\"https:\/\/blogg.sh.se\/artspace\/abakan-och-nattlig-ryttare-magdalena-abakanowicz-och-wladyslaw-hasior-sodertorn-1970-2022\/\" data-type=\"page\" data-id=\"223\">Abakan och Nattlig ryttare. Magdalena Abakanowicz och W\u0142adys\u0142aw Hasior, 25 september \u2013 28 oktober 2022<\/a><\/figcaption><\/figure>\n<\/figure>\n\n\n\n<p><\/p>\n","protected":false},"excerpt":{"rendered":"","protected":false},"author":1,"featured_media":0,"parent":0,"menu_order":0,"comment_status":"closed","ping_status":"closed","template":"","meta":{"footnotes":""},"class_list":["post-27","page","type-page","status-publish","hentry"],"_links":{"self":[{"href":"https:\/\/blogg.sh.se\/artspace\/wp-json\/wp\/v2\/pages\/27","targetHints":{"allow":["GET"]}}],"collection":[{"href":"https:\/\/blogg.sh.se\/artspace\/wp-json\/wp\/v2\/pages"}],"about":[{"href":"https:\/\/blogg.sh.se\/artspace\/wp-json\/wp\/v2\/types\/page"}],"author":[{"embeddable":true,"href":"https:\/\/blogg.sh.se\/artspace\/wp-json\/wp\/v2\/users\/1"}],"replies":[{"embeddable":true,"href":"https:\/\/blogg.sh.se\/artspace\/wp-json\/wp\/v2\/comments?post=27"}],"version-history":[{"count":40,"href":"https:\/\/blogg.sh.se\/artspace\/wp-json\/wp\/v2\/pages\/27\/revisions"}],"predecessor-version":[{"id":1005,"href":"https:\/\/blogg.sh.se\/artspace\/wp-json\/wp\/v2\/pages\/27\/revisions\/1005"}],"wp:attachment":[{"href":"https:\/\/blogg.sh.se\/artspace\/wp-json\/wp\/v2\/media?parent=27"}],"curies":[{"name":"wp","href":"https:\/\/api.w.org\/{rel}","templated":true}]}}