{"id":250,"date":"2023-01-25T10:22:15","date_gmt":"2023-01-25T10:22:15","guid":{"rendered":"https:\/\/blogg.sh.se\/artspace\/?page_id=250"},"modified":"2023-05-16T10:33:45","modified_gmt":"2023-05-16T10:33:45","slug":"tidskron-tre-malningar-av-omid-delafrouz","status":"publish","type":"page","link":"https:\/\/blogg.sh.se\/artspace\/tidskron-tre-malningar-av-omid-delafrouz\/","title":{"rendered":"Tidskr\u00f6n. Tre m\u00e5lningar av Omid Delafrouz"},"content":{"rendered":"\n<h2 class=\"wp-block-heading has-text-align-center\">15 februari \u2013&nbsp;24 mars 2023<\/h2>\n\n\n\n<div class=\"wp-block-columns alignwide is-layout-flex wp-container-core-columns-is-layout-9d6595d7 wp-block-columns-is-layout-flex\">\n<div class=\"wp-block-column is-layout-flow wp-block-column-is-layout-flow\">\n<figure class=\"wp-block-image size-large\"><img loading=\"lazy\" decoding=\"async\" width=\"799\" height=\"1024\" src=\"https:\/\/blogg.sh.se\/artspace\/wp-content\/uploads\/2023\/01\/Union-Flag-213x167cm-olja-pa-duk-202a-799x1024.jpg\" alt=\"\" class=\"wp-image-255\" srcset=\"https:\/\/blogg.sh.se\/artspace\/wp-content\/uploads\/2023\/01\/Union-Flag-213x167cm-olja-pa-duk-202a-799x1024.jpg 799w, https:\/\/blogg.sh.se\/artspace\/wp-content\/uploads\/2023\/01\/Union-Flag-213x167cm-olja-pa-duk-202a-234x300.jpg 234w, https:\/\/blogg.sh.se\/artspace\/wp-content\/uploads\/2023\/01\/Union-Flag-213x167cm-olja-pa-duk-202a-768x984.jpg 768w, https:\/\/blogg.sh.se\/artspace\/wp-content\/uploads\/2023\/01\/Union-Flag-213x167cm-olja-pa-duk-202a-1199x1536.jpg 1199w, https:\/\/blogg.sh.se\/artspace\/wp-content\/uploads\/2023\/01\/Union-Flag-213x167cm-olja-pa-duk-202a-1598x2048.jpg 1598w, https:\/\/blogg.sh.se\/artspace\/wp-content\/uploads\/2023\/01\/Union-Flag-213x167cm-olja-pa-duk-202a-1200x1537.jpg 1200w, https:\/\/blogg.sh.se\/artspace\/wp-content\/uploads\/2023\/01\/Union-Flag-213x167cm-olja-pa-duk-202a-1980x2537.jpg 1980w, https:\/\/blogg.sh.se\/artspace\/wp-content\/uploads\/2023\/01\/Union-Flag-213x167cm-olja-pa-duk-202a-scaled.jpg 1998w\" sizes=\"auto, (max-width: 799px) 100vw, 799px\" \/><\/figure>\n<\/div>\n\n\n\n<div class=\"wp-block-column is-vertically-aligned-center is-layout-flow wp-block-column-is-layout-flow\">\n<figure class=\"wp-block-image size-large\"><img loading=\"lazy\" decoding=\"async\" width=\"985\" height=\"1024\" src=\"https:\/\/blogg.sh.se\/artspace\/wp-content\/uploads\/2023\/01\/Mechanical-Flag-1946-150cmx150cm-olja-pa-duk-2021-985x1024.jpg\" alt=\"\" class=\"wp-image-253\" srcset=\"https:\/\/blogg.sh.se\/artspace\/wp-content\/uploads\/2023\/01\/Mechanical-Flag-1946-150cmx150cm-olja-pa-duk-2021-985x1024.jpg 985w, https:\/\/blogg.sh.se\/artspace\/wp-content\/uploads\/2023\/01\/Mechanical-Flag-1946-150cmx150cm-olja-pa-duk-2021-289x300.jpg 289w, https:\/\/blogg.sh.se\/artspace\/wp-content\/uploads\/2023\/01\/Mechanical-Flag-1946-150cmx150cm-olja-pa-duk-2021-768x798.jpg 768w, https:\/\/blogg.sh.se\/artspace\/wp-content\/uploads\/2023\/01\/Mechanical-Flag-1946-150cmx150cm-olja-pa-duk-2021-1478x1536.jpg 1478w, https:\/\/blogg.sh.se\/artspace\/wp-content\/uploads\/2023\/01\/Mechanical-Flag-1946-150cmx150cm-olja-pa-duk-2021-1971x2048.jpg 1971w, https:\/\/blogg.sh.se\/artspace\/wp-content\/uploads\/2023\/01\/Mechanical-Flag-1946-150cmx150cm-olja-pa-duk-2021-1200x1247.jpg 1200w, https:\/\/blogg.sh.se\/artspace\/wp-content\/uploads\/2023\/01\/Mechanical-Flag-1946-150cmx150cm-olja-pa-duk-2021-1980x2058.jpg 1980w\" sizes=\"auto, (max-width: 985px) 100vw, 985px\" \/><\/figure>\n\n\n\n<p class=\"has-text-align-right has-small-font-size\">Till v\u00e4nster: Omid Delafrouz, Union Flag, 2021; till h\u00f6ger: Omid Delafrouz, Mechanical Flag 1946, 2021. Fotograf: Jean Baptiste B\u00e9ranger. <\/p>\n<\/div>\n<\/div>\n\n\n\n<p class=\"has-large-font-size\"><em>Tidskr\u00f6n, se oss redo. Tag m\u00e5ttet p\u00e5 m\u00e4nniskans hj\u00e4rta. <\/em>S\u00e5 lyder en rad av den franske poeten, nobelpristagaren och diplomaten, Saint-John Perse i diktsamlingen <em>Kr\u00f6nika <\/em>(1960). Dag Hammarskj\u00f6ld, akademiledamot och F\u00f6renta Nationernas generalsekreterare, hade sj\u00e4lv sammanst\u00e4llt volymen och gjort \u00f6vers\u00e4ttningen. Strofen \u00e4r ocks\u00e5 utg\u00e5ngspunkt f\u00f6r den tredje utst\u00e4llningen i Art Space S\u00f6dert\u00f6rn, med m\u00e5leri av Omid Delafrouz.<\/p>\n\n\n\n<p>Omid Delafrouzs utst\u00e4llning kretsar kring FN, Europa, och v\u00e4rldssamfundet. M\u00e5lningarna har ett direkt tilltal och \u00e4r dessutom laddade med flerbottnade associationer till f\u00f6reteelser ur v\u00e4sterlandets litter\u00e4ra, politiska och lagstiftande f\u00f6rflutna. Titeln till verket<em> Jus Cogens 1945<\/em>-, som m\u00e5lats s\u00e4rskilt f\u00f6r utst\u00e4llningen, h\u00e4nvisar till den prim\u00e4ra folkr\u00e4tt FN-stadgarna vilar p\u00e5 sedan 1945. Konstn\u00e4ren l\u00e5ter oss, genom m\u00e5lningen <em>Mechanical Flag 1946<\/em>, uppt\u00e4cka det m\u00e4nskliga hj\u00e4rtat i Henri Matisses gouachem\u00e5lning <em>Ikaros<\/em> (1946), som kom till vid i stort sett samma tid.<\/p>\n\n\n\n<p>M\u00e5leriet i Art Space S\u00f6dert\u00f6rnstredje utst\u00e4llning har en egen poesi men r\u00f6r samtidigt fundamentala fr\u00e5gor i v\u00e5r tid. Den str\u00e4cker sig \u00f6ver samh\u00e4lls-, historie- och konstvetenskapliga sf\u00e4rer. I ett tillf\u00e4lligt arkiv i utst\u00e4llningen kan bes\u00f6karen ta del av bilder av lagstiftande urkunder, konstverk och krigsmetaforik, samt de litter\u00e4ra, religi\u00f6sa och juridiska texter som ligger bakom m\u00e5leriet. H\u00e4r ges tillf\u00e4lle till m\u00f6te med konstn\u00e4rens unders\u00f6kning, men framf\u00f6rallt, till eftertanke och reflektion.<\/p>\n\n\n\n<p><strong>Omid Delafrouz<\/strong> som \u00e4r f\u00f6dd 1982 i Teheran kom till Sverige som FN-flykting med sin familj som tv\u00e5\u00e5ring, och bor och verkar i Saltsj\u00f6baden. Hans diptyk <em>Den ensamme skejtaren<\/em> (2010) \u00e4r sedan tidigare placerad i S\u00f6dert\u00f6rn h\u00f6gskola genom Statens konstr\u00e5d, i bibliotekshuset, plan 4. Han har studerat vid Konsth\u00f6gskolan i Malm\u00f6 och Konsth\u00f6gskolan Valand, G\u00f6teborgs universitet och \u00e4r knuten till Galleri Andr\u00e9hn-Schiptjenko, Stockholm-Paris. Delafrouz har tidigare st\u00e4llt ut bl. a. p\u00e5 Konstm\u00e4ssan Basel Miami, Nada Art fair, Alings\u00e5s Konsthall, Eskilstuna Konstmuseum, The Contemporary Art Gallery, Bohusl\u00e4ns Konsthall, G\u00f6teborgs Konsthall och R\u00f6da Sten Konsthall.<\/p>\n\n\n\n<p><em>Tidskr\u00f6n<\/em><em>.<\/em><em> Tre m\u00e5lningar av<\/em><em> Omid Delafrouz,<\/em> \u00e4r \u00f6ppet 15 februrari \u2013 24 mars 2023, vardagar kl 10.00-16.00.<\/p>\n\n\n\n<p>M\u00e5lningar: <em>Mechanical&nbsp;Flag&nbsp;1946<\/em> (2021), <em>Union&nbsp;Flag <\/em>(2021) och <em>Jus Cogens 1945<\/em>&#8211; (2023).<\/p>\n\n\n\n<p>Utst\u00e4llningsansvarig Annika \u00d6hrner. F\u00f6r information och bokning av visningar, kontakta Art Space, <a href=\"mailto:artspage@sh.se\">artspace@sh.se<\/a>.<\/p>\n\n\n\n<div class=\"wp-block-media-text alignwide is-stacked-on-mobile has-background\" style=\"background-color:#d6c5ba57\"><figure class=\"wp-block-media-text__media\"><img loading=\"lazy\" decoding=\"async\" width=\"809\" height=\"1024\" src=\"https:\/\/blogg.sh.se\/artspace\/wp-content\/uploads\/2023\/01\/Foreslaget-emblem-for-Europaradet-1953-Embleme-propose-pour-lAssemblee-consultative-du-Conseil-de-lEurope-en-1953-809x1024.jpg\" alt=\"\" class=\"wp-image-251 size-full\" srcset=\"https:\/\/blogg.sh.se\/artspace\/wp-content\/uploads\/2023\/01\/Foreslaget-emblem-for-Europaradet-1953-Embleme-propose-pour-lAssemblee-consultative-du-Conseil-de-lEurope-en-1953-809x1024.jpg 809w, https:\/\/blogg.sh.se\/artspace\/wp-content\/uploads\/2023\/01\/Foreslaget-emblem-for-Europaradet-1953-Embleme-propose-pour-lAssemblee-consultative-du-Conseil-de-lEurope-en-1953-237x300.jpg 237w, https:\/\/blogg.sh.se\/artspace\/wp-content\/uploads\/2023\/01\/Foreslaget-emblem-for-Europaradet-1953-Embleme-propose-pour-lAssemblee-consultative-du-Conseil-de-lEurope-en-1953-768x972.jpg 768w, https:\/\/blogg.sh.se\/artspace\/wp-content\/uploads\/2023\/01\/Foreslaget-emblem-for-Europaradet-1953-Embleme-propose-pour-lAssemblee-consultative-du-Conseil-de-lEurope-en-1953-1213x1536.jpg 1213w, https:\/\/blogg.sh.se\/artspace\/wp-content\/uploads\/2023\/01\/Foreslaget-emblem-for-Europaradet-1953-Embleme-propose-pour-lAssemblee-consultative-du-Conseil-de-lEurope-en-1953-1200x1519.jpg 1200w, https:\/\/blogg.sh.se\/artspace\/wp-content\/uploads\/2023\/01\/Foreslaget-emblem-for-Europaradet-1953-Embleme-propose-pour-lAssemblee-consultative-du-Conseil-de-lEurope-en-1953.jpg 1300w\" sizes=\"auto, (max-width: 809px) 100vw, 809px\" \/><\/figure><div class=\"wp-block-media-text__content\">\n<p><strong>\u00d6ppettider:<\/strong> vardagar 10.00-16.00<br><strong>Utst\u00e4llningsperiod:<\/strong> 15 februari \u2013 24 mars 2023.<\/p>\n\n\n\n<p><strong>Hitta hit:<\/strong> Art Space S\u00f6dert\u00f6rn ligger p\u00e5 S\u00f6dert\u00f6rns h\u00f6gskola i Flemingsberg, centralt p\u00e5 campus till h\u00f6ger om huvudentr\u00e9n i huset Moas b\u00e5ge. S\u00f6dert\u00f6rns h\u00f6gskola ligger 5 minuters promenad fr\u00e5n Flemingsberg centrum eller 19 minuter med lokaltrafik fr\u00e5n Stockholm City. Tag pendelt\u00e5g eller fj\u00e4rrt\u00e5g till Flemingsbergs station och v\u00e4lj uppg\u00e5ngen mot S\u00f6dert\u00f6rns h\u00f6gskola<\/p>\n\n\n\n<p><strong>Art Space <\/strong>drivs av S\u00f6dert\u00f6rns h\u00f6gskola i samverkan med Stiftelsen Clara.<\/p>\n\n\n\n<p><strong>Kontakt:<\/strong><br>Annika \u00d6hrner, utst\u00e4llningsansvarig, <a href=\"mailto:annika.ohrner@sh.se\">annika.ohrner@sh.se<\/a>. <br>E-post: <a href=\"mailto:artspace@sh.se\">artspace@sh.se<\/a>.<\/p>\n\n\n\n<p><br><\/p>\n<\/div><\/div>\n\n\n\n<hr class=\"wp-block-separator alignwide has-alpha-channel-opacity\"\/>\n\n\n\n<h3 class=\"wp-block-heading alignwide\">Ur arkivet i utst\u00e4llningen<\/h3>\n\n\n\n<div class=\"wp-block-columns alignwide is-layout-flex wp-container-core-columns-is-layout-9d6595d7 wp-block-columns-is-layout-flex\">\n<div class=\"wp-block-column is-layout-flow wp-block-column-is-layout-flow\">\n<figure class=\"wp-block-image size-large\"><img loading=\"lazy\" decoding=\"async\" width=\"809\" height=\"1024\" src=\"https:\/\/blogg.sh.se\/artspace\/wp-content\/uploads\/2023\/01\/Foreslaget-emblem-for-Europaradet-1953-Embleme-propose-pour-lAssemblee-consultative-du-Conseil-de-lEurope-en-1953-809x1024.jpg\" alt=\"\" class=\"wp-image-251\" srcset=\"https:\/\/blogg.sh.se\/artspace\/wp-content\/uploads\/2023\/01\/Foreslaget-emblem-for-Europaradet-1953-Embleme-propose-pour-lAssemblee-consultative-du-Conseil-de-lEurope-en-1953-809x1024.jpg 809w, https:\/\/blogg.sh.se\/artspace\/wp-content\/uploads\/2023\/01\/Foreslaget-emblem-for-Europaradet-1953-Embleme-propose-pour-lAssemblee-consultative-du-Conseil-de-lEurope-en-1953-237x300.jpg 237w, https:\/\/blogg.sh.se\/artspace\/wp-content\/uploads\/2023\/01\/Foreslaget-emblem-for-Europaradet-1953-Embleme-propose-pour-lAssemblee-consultative-du-Conseil-de-lEurope-en-1953-768x972.jpg 768w, https:\/\/blogg.sh.se\/artspace\/wp-content\/uploads\/2023\/01\/Foreslaget-emblem-for-Europaradet-1953-Embleme-propose-pour-lAssemblee-consultative-du-Conseil-de-lEurope-en-1953-1213x1536.jpg 1213w, https:\/\/blogg.sh.se\/artspace\/wp-content\/uploads\/2023\/01\/Foreslaget-emblem-for-Europaradet-1953-Embleme-propose-pour-lAssemblee-consultative-du-Conseil-de-lEurope-en-1953-1200x1519.jpg 1200w, https:\/\/blogg.sh.se\/artspace\/wp-content\/uploads\/2023\/01\/Foreslaget-emblem-for-Europaradet-1953-Embleme-propose-pour-lAssemblee-consultative-du-Conseil-de-lEurope-en-1953.jpg 1300w\" sizes=\"auto, (max-width: 809px) 100vw, 809px\" \/><figcaption class=\"wp-element-caption\">F\u00f6reslaget emblem f\u00f6r Europar\u00e5det 1953, &#8217;Embleme propose pour l&#8217;Assembl\u00e9e consultative du Conseil de l&#8217;Europe en 1953&#8217;<\/figcaption><\/figure>\n<\/div>\n\n\n\n<div class=\"wp-block-column is-layout-flow wp-block-column-is-layout-flow\">\n<figure class=\"wp-block-image size-large\"><img loading=\"lazy\" decoding=\"async\" width=\"733\" height=\"1024\" src=\"https:\/\/blogg.sh.se\/artspace\/wp-content\/uploads\/2023\/01\/Theatrum-anatomicum-Lyceum-Patavini-Giacomo-Filippo-Tomasini-Gravyr-1654-Den-historiskt-forsta-Anatomiska-teatern-byggd-i-Padua-1594-733x1024.jpg\" alt=\"\" class=\"wp-image-254\" srcset=\"https:\/\/blogg.sh.se\/artspace\/wp-content\/uploads\/2023\/01\/Theatrum-anatomicum-Lyceum-Patavini-Giacomo-Filippo-Tomasini-Gravyr-1654-Den-historiskt-forsta-Anatomiska-teatern-byggd-i-Padua-1594-733x1024.jpg 733w, https:\/\/blogg.sh.se\/artspace\/wp-content\/uploads\/2023\/01\/Theatrum-anatomicum-Lyceum-Patavini-Giacomo-Filippo-Tomasini-Gravyr-1654-Den-historiskt-forsta-Anatomiska-teatern-byggd-i-Padua-1594-215x300.jpg 215w, https:\/\/blogg.sh.se\/artspace\/wp-content\/uploads\/2023\/01\/Theatrum-anatomicum-Lyceum-Patavini-Giacomo-Filippo-Tomasini-Gravyr-1654-Den-historiskt-forsta-Anatomiska-teatern-byggd-i-Padua-1594-768x1073.jpg 768w, https:\/\/blogg.sh.se\/artspace\/wp-content\/uploads\/2023\/01\/Theatrum-anatomicum-Lyceum-Patavini-Giacomo-Filippo-Tomasini-Gravyr-1654-Den-historiskt-forsta-Anatomiska-teatern-byggd-i-Padua-1594-1099x1536.jpg 1099w, https:\/\/blogg.sh.se\/artspace\/wp-content\/uploads\/2023\/01\/Theatrum-anatomicum-Lyceum-Patavini-Giacomo-Filippo-Tomasini-Gravyr-1654-Den-historiskt-forsta-Anatomiska-teatern-byggd-i-Padua-1594-1200x1677.jpg 1200w, https:\/\/blogg.sh.se\/artspace\/wp-content\/uploads\/2023\/01\/Theatrum-anatomicum-Lyceum-Patavini-Giacomo-Filippo-Tomasini-Gravyr-1654-Den-historiskt-forsta-Anatomiska-teatern-byggd-i-Padua-1594.jpg 1431w\" sizes=\"auto, (max-width: 733px) 100vw, 733px\" \/><figcaption class=\"wp-element-caption\">&#8217;Theatrum anatomicum Lyceum Patavini&#8217;, Giacomo Filippo Tomasini, Gravyr, 1654 &#8211; Den historiskt f\u00f6rsta &#8217;Anatomiska teatern&#8217; byggd i Padua 1594<\/figcaption><\/figure>\n<\/div>\n\n\n\n<div class=\"wp-block-column is-layout-flow wp-block-column-is-layout-flow\">\n<figure class=\"wp-block-image size-large\"><img loading=\"lazy\" decoding=\"async\" width=\"889\" height=\"1024\" src=\"https:\/\/blogg.sh.se\/artspace\/wp-content\/uploads\/2023\/01\/Forsta-utkastet-till-Forenta-Nationerna-av-Franklin-D.-Roosevelt-fran-Teheran-konferensen-November-30-1943-889x1024.jpg\" alt=\"\" class=\"wp-image-252\" srcset=\"https:\/\/blogg.sh.se\/artspace\/wp-content\/uploads\/2023\/01\/Forsta-utkastet-till-Forenta-Nationerna-av-Franklin-D.-Roosevelt-fran-Teheran-konferensen-November-30-1943-889x1024.jpg 889w, https:\/\/blogg.sh.se\/artspace\/wp-content\/uploads\/2023\/01\/Forsta-utkastet-till-Forenta-Nationerna-av-Franklin-D.-Roosevelt-fran-Teheran-konferensen-November-30-1943-260x300.jpg 260w, https:\/\/blogg.sh.se\/artspace\/wp-content\/uploads\/2023\/01\/Forsta-utkastet-till-Forenta-Nationerna-av-Franklin-D.-Roosevelt-fran-Teheran-konferensen-November-30-1943-768x885.jpg 768w, https:\/\/blogg.sh.se\/artspace\/wp-content\/uploads\/2023\/01\/Forsta-utkastet-till-Forenta-Nationerna-av-Franklin-D.-Roosevelt-fran-Teheran-konferensen-November-30-1943-1333x1536.jpg 1333w, https:\/\/blogg.sh.se\/artspace\/wp-content\/uploads\/2023\/01\/Forsta-utkastet-till-Forenta-Nationerna-av-Franklin-D.-Roosevelt-fran-Teheran-konferensen-November-30-1943-1200x1383.jpg 1200w, https:\/\/blogg.sh.se\/artspace\/wp-content\/uploads\/2023\/01\/Forsta-utkastet-till-Forenta-Nationerna-av-Franklin-D.-Roosevelt-fran-Teheran-konferensen-November-30-1943.jpg 1440w\" sizes=\"auto, (max-width: 889px) 100vw, 889px\" \/><figcaption class=\"wp-element-caption\">F\u00f6rsta utkastet till F\u00f6renta Nationerna, av Franklin D. Roosevelt, fr\u00e5n Teheran-konferensen, November 30, 1943<\/figcaption><\/figure>\n<\/div>\n<\/div>\n\n\n\n<div class=\"wp-block-columns alignwide is-layout-flex wp-container-core-columns-is-layout-9d6595d7 wp-block-columns-is-layout-flex\">\n<div class=\"wp-block-column is-layout-flow wp-block-column-is-layout-flow\">\n<figure class=\"wp-block-image size-full\"><img loading=\"lazy\" decoding=\"async\" width=\"560\" height=\"898\" src=\"https:\/\/blogg.sh.se\/artspace\/wp-content\/uploads\/2023\/01\/United-Nations-Documents-1941-1945-Page-24.png\" alt=\"\" class=\"wp-image-260\" srcset=\"https:\/\/blogg.sh.se\/artspace\/wp-content\/uploads\/2023\/01\/United-Nations-Documents-1941-1945-Page-24.png 560w, https:\/\/blogg.sh.se\/artspace\/wp-content\/uploads\/2023\/01\/United-Nations-Documents-1941-1945-Page-24-187x300.png 187w\" sizes=\"auto, (max-width: 560px) 100vw, 560px\" \/><figcaption class=\"wp-element-caption\">United Nations Documents 1941-1945, Page 24<\/figcaption><\/figure>\n<\/div>\n\n\n\n<div class=\"wp-block-column is-layout-flow wp-block-column-is-layout-flow\">\n<figure class=\"wp-block-image size-large\"><img loading=\"lazy\" decoding=\"async\" width=\"506\" height=\"1024\" src=\"https:\/\/blogg.sh.se\/artspace\/wp-content\/uploads\/2023\/01\/Discours-douverture-prononce-au-Congres-de-la-Paix-le-21-aout-1849-Victor-Hugo-Page-3-Etats-Unis-dEurope-506x1024.jpeg\" alt=\"\" class=\"wp-image-259\" srcset=\"https:\/\/blogg.sh.se\/artspace\/wp-content\/uploads\/2023\/01\/Discours-douverture-prononce-au-Congres-de-la-Paix-le-21-aout-1849-Victor-Hugo-Page-3-Etats-Unis-dEurope-506x1024.jpeg 506w, https:\/\/blogg.sh.se\/artspace\/wp-content\/uploads\/2023\/01\/Discours-douverture-prononce-au-Congres-de-la-Paix-le-21-aout-1849-Victor-Hugo-Page-3-Etats-Unis-dEurope-148x300.jpeg 148w, https:\/\/blogg.sh.se\/artspace\/wp-content\/uploads\/2023\/01\/Discours-douverture-prononce-au-Congres-de-la-Paix-le-21-aout-1849-Victor-Hugo-Page-3-Etats-Unis-dEurope-768x1554.jpeg 768w, https:\/\/blogg.sh.se\/artspace\/wp-content\/uploads\/2023\/01\/Discours-douverture-prononce-au-Congres-de-la-Paix-le-21-aout-1849-Victor-Hugo-Page-3-Etats-Unis-dEurope-759x1536.jpeg 759w, https:\/\/blogg.sh.se\/artspace\/wp-content\/uploads\/2023\/01\/Discours-douverture-prononce-au-Congres-de-la-Paix-le-21-aout-1849-Victor-Hugo-Page-3-Etats-Unis-dEurope.jpeg 774w\" sizes=\"auto, (max-width: 506px) 100vw, 506px\" \/><figcaption class=\"wp-element-caption\">Discours d&#8217;ouverture prononc\u00e9 au Congr\u00e8s de la Paix, le 21 ao\u00fbt 1849, Victor Hugo, Page 3 (\u00c9tats-Unis d\u2019Europe)<\/figcaption><\/figure>\n<\/div>\n\n\n\n<div class=\"wp-block-column is-layout-flow wp-block-column-is-layout-flow\"><\/div>\n<\/div>\n\n\n\n<h3 class=\"wp-block-heading alignwide\">Bilder fr\u00e5n utst\u00e4llningen<\/h3>\n\n\n\n<figure class=\"wp-block-gallery alignwide has-nested-images columns-default is-cropped wp-block-gallery-1 is-layout-flex wp-block-gallery-is-layout-flex\">\n<figure class=\"wp-block-image size-large\"><img loading=\"lazy\" decoding=\"async\" width=\"1024\" height=\"768\" data-id=\"349\" src=\"https:\/\/blogg.sh.se\/artspace\/wp-content\/uploads\/2023\/04\/334522603_754608759602489_8460941936289453178_n-1024x768.jpg\" alt=\"\" class=\"wp-image-349\" srcset=\"https:\/\/blogg.sh.se\/artspace\/wp-content\/uploads\/2023\/04\/334522603_754608759602489_8460941936289453178_n-1024x768.jpg 1024w, https:\/\/blogg.sh.se\/artspace\/wp-content\/uploads\/2023\/04\/334522603_754608759602489_8460941936289453178_n-300x225.jpg 300w, https:\/\/blogg.sh.se\/artspace\/wp-content\/uploads\/2023\/04\/334522603_754608759602489_8460941936289453178_n-768x576.jpg 768w, https:\/\/blogg.sh.se\/artspace\/wp-content\/uploads\/2023\/04\/334522603_754608759602489_8460941936289453178_n-1536x1152.jpg 1536w, https:\/\/blogg.sh.se\/artspace\/wp-content\/uploads\/2023\/04\/334522603_754608759602489_8460941936289453178_n-1200x900.jpg 1200w, https:\/\/blogg.sh.se\/artspace\/wp-content\/uploads\/2023\/04\/334522603_754608759602489_8460941936289453178_n-1980x1485.jpg 1980w, https:\/\/blogg.sh.se\/artspace\/wp-content\/uploads\/2023\/04\/334522603_754608759602489_8460941936289453178_n.jpg 2048w\" sizes=\"auto, (max-width: 1024px) 100vw, 1024px\" \/><\/figure>\n\n\n\n<figure class=\"wp-block-image size-large\"><img loading=\"lazy\" decoding=\"async\" width=\"1024\" height=\"768\" data-id=\"357\" src=\"https:\/\/blogg.sh.se\/artspace\/wp-content\/uploads\/2023\/04\/334585798_209116088407874_1982865988732673958_n-f-d-1024x768.jpg\" alt=\"\" class=\"wp-image-357\" srcset=\"https:\/\/blogg.sh.se\/artspace\/wp-content\/uploads\/2023\/04\/334585798_209116088407874_1982865988732673958_n-f-d-1024x768.jpg 1024w, https:\/\/blogg.sh.se\/artspace\/wp-content\/uploads\/2023\/04\/334585798_209116088407874_1982865988732673958_n-f-d-300x225.jpg 300w, https:\/\/blogg.sh.se\/artspace\/wp-content\/uploads\/2023\/04\/334585798_209116088407874_1982865988732673958_n-f-d-768x576.jpg 768w, https:\/\/blogg.sh.se\/artspace\/wp-content\/uploads\/2023\/04\/334585798_209116088407874_1982865988732673958_n-f-d-1536x1152.jpg 1536w, https:\/\/blogg.sh.se\/artspace\/wp-content\/uploads\/2023\/04\/334585798_209116088407874_1982865988732673958_n-f-d-1200x900.jpg 1200w, https:\/\/blogg.sh.se\/artspace\/wp-content\/uploads\/2023\/04\/334585798_209116088407874_1982865988732673958_n-f-d-1980x1485.jpg 1980w, https:\/\/blogg.sh.se\/artspace\/wp-content\/uploads\/2023\/04\/334585798_209116088407874_1982865988732673958_n-f-d.jpg 2048w\" sizes=\"auto, (max-width: 1024px) 100vw, 1024px\" \/><\/figure>\n\n\n\n<figure class=\"wp-block-image size-large\"><img loading=\"lazy\" decoding=\"async\" width=\"1024\" height=\"768\" data-id=\"356\" src=\"https:\/\/blogg.sh.se\/artspace\/wp-content\/uploads\/2023\/04\/336759371_607881440880582_4479760739913045108_n-d-d-1024x768.jpg\" alt=\"\" class=\"wp-image-356\" srcset=\"https:\/\/blogg.sh.se\/artspace\/wp-content\/uploads\/2023\/04\/336759371_607881440880582_4479760739913045108_n-d-d-1024x768.jpg 1024w, https:\/\/blogg.sh.se\/artspace\/wp-content\/uploads\/2023\/04\/336759371_607881440880582_4479760739913045108_n-d-d-300x225.jpg 300w, https:\/\/blogg.sh.se\/artspace\/wp-content\/uploads\/2023\/04\/336759371_607881440880582_4479760739913045108_n-d-d-768x576.jpg 768w, https:\/\/blogg.sh.se\/artspace\/wp-content\/uploads\/2023\/04\/336759371_607881440880582_4479760739913045108_n-d-d-1536x1152.jpg 1536w, https:\/\/blogg.sh.se\/artspace\/wp-content\/uploads\/2023\/04\/336759371_607881440880582_4479760739913045108_n-d-d-1200x900.jpg 1200w, https:\/\/blogg.sh.se\/artspace\/wp-content\/uploads\/2023\/04\/336759371_607881440880582_4479760739913045108_n-d-d-1980x1485.jpg 1980w, https:\/\/blogg.sh.se\/artspace\/wp-content\/uploads\/2023\/04\/336759371_607881440880582_4479760739913045108_n-d-d.jpg 2048w\" sizes=\"auto, (max-width: 1024px) 100vw, 1024px\" \/><\/figure>\n\n\n\n<figure class=\"wp-block-image size-large\"><img loading=\"lazy\" decoding=\"async\" width=\"768\" height=\"1024\" data-id=\"350\" src=\"https:\/\/blogg.sh.se\/artspace\/wp-content\/uploads\/2023\/04\/336921065_944233333399048_5411931627167385010_n-d-768x1024.jpg\" alt=\"\" class=\"wp-image-350\" srcset=\"https:\/\/blogg.sh.se\/artspace\/wp-content\/uploads\/2023\/04\/336921065_944233333399048_5411931627167385010_n-d-768x1024.jpg 768w, https:\/\/blogg.sh.se\/artspace\/wp-content\/uploads\/2023\/04\/336921065_944233333399048_5411931627167385010_n-d-225x300.jpg 225w, https:\/\/blogg.sh.se\/artspace\/wp-content\/uploads\/2023\/04\/336921065_944233333399048_5411931627167385010_n-d-1152x1536.jpg 1152w, https:\/\/blogg.sh.se\/artspace\/wp-content\/uploads\/2023\/04\/336921065_944233333399048_5411931627167385010_n-d-1200x1600.jpg 1200w, https:\/\/blogg.sh.se\/artspace\/wp-content\/uploads\/2023\/04\/336921065_944233333399048_5411931627167385010_n-d.jpg 1536w\" sizes=\"auto, (max-width: 768px) 100vw, 768px\" \/><\/figure>\n\n\n\n<figure class=\"wp-block-image size-large\"><img loading=\"lazy\" decoding=\"async\" width=\"768\" height=\"1024\" data-id=\"352\" src=\"https:\/\/blogg.sh.se\/artspace\/wp-content\/uploads\/2023\/04\/336936934_776007490547955_2279179673763875859_n-d-768x1024.jpg\" alt=\"\" class=\"wp-image-352\" srcset=\"https:\/\/blogg.sh.se\/artspace\/wp-content\/uploads\/2023\/04\/336936934_776007490547955_2279179673763875859_n-d-768x1024.jpg 768w, https:\/\/blogg.sh.se\/artspace\/wp-content\/uploads\/2023\/04\/336936934_776007490547955_2279179673763875859_n-d-225x300.jpg 225w, https:\/\/blogg.sh.se\/artspace\/wp-content\/uploads\/2023\/04\/336936934_776007490547955_2279179673763875859_n-d-1152x1536.jpg 1152w, https:\/\/blogg.sh.se\/artspace\/wp-content\/uploads\/2023\/04\/336936934_776007490547955_2279179673763875859_n-d-1200x1600.jpg 1200w, https:\/\/blogg.sh.se\/artspace\/wp-content\/uploads\/2023\/04\/336936934_776007490547955_2279179673763875859_n-d.jpg 1536w\" sizes=\"auto, (max-width: 768px) 100vw, 768px\" \/><\/figure>\n\n\n\n<figure class=\"wp-block-image size-large\"><img loading=\"lazy\" decoding=\"async\" width=\"1024\" height=\"768\" data-id=\"351\" src=\"https:\/\/blogg.sh.se\/artspace\/wp-content\/uploads\/2023\/04\/336913633_2953281111474612_3404608202143384266_n-d-d-1024x768.jpg\" alt=\"\" class=\"wp-image-351\" srcset=\"https:\/\/blogg.sh.se\/artspace\/wp-content\/uploads\/2023\/04\/336913633_2953281111474612_3404608202143384266_n-d-d-1024x768.jpg 1024w, https:\/\/blogg.sh.se\/artspace\/wp-content\/uploads\/2023\/04\/336913633_2953281111474612_3404608202143384266_n-d-d-300x225.jpg 300w, https:\/\/blogg.sh.se\/artspace\/wp-content\/uploads\/2023\/04\/336913633_2953281111474612_3404608202143384266_n-d-d-768x576.jpg 768w, https:\/\/blogg.sh.se\/artspace\/wp-content\/uploads\/2023\/04\/336913633_2953281111474612_3404608202143384266_n-d-d-1536x1152.jpg 1536w, https:\/\/blogg.sh.se\/artspace\/wp-content\/uploads\/2023\/04\/336913633_2953281111474612_3404608202143384266_n-d-d-1200x900.jpg 1200w, https:\/\/blogg.sh.se\/artspace\/wp-content\/uploads\/2023\/04\/336913633_2953281111474612_3404608202143384266_n-d-d-1980x1485.jpg 1980w, https:\/\/blogg.sh.se\/artspace\/wp-content\/uploads\/2023\/04\/336913633_2953281111474612_3404608202143384266_n-d-d.jpg 2048w\" sizes=\"auto, (max-width: 1024px) 100vw, 1024px\" \/><\/figure>\n\n\n\n<figure class=\"wp-block-image size-large\"><img loading=\"lazy\" decoding=\"async\" width=\"1024\" height=\"812\" data-id=\"348\" src=\"https:\/\/blogg.sh.se\/artspace\/wp-content\/uploads\/2023\/04\/336951464_965355544820548_497471497423224046_n-dg-f-1024x812.jpg\" alt=\"\" class=\"wp-image-348\" srcset=\"https:\/\/blogg.sh.se\/artspace\/wp-content\/uploads\/2023\/04\/336951464_965355544820548_497471497423224046_n-dg-f-1024x812.jpg 1024w, https:\/\/blogg.sh.se\/artspace\/wp-content\/uploads\/2023\/04\/336951464_965355544820548_497471497423224046_n-dg-f-300x238.jpg 300w, https:\/\/blogg.sh.se\/artspace\/wp-content\/uploads\/2023\/04\/336951464_965355544820548_497471497423224046_n-dg-f-768x609.jpg 768w, https:\/\/blogg.sh.se\/artspace\/wp-content\/uploads\/2023\/04\/336951464_965355544820548_497471497423224046_n-dg-f-1536x1219.jpg 1536w, https:\/\/blogg.sh.se\/artspace\/wp-content\/uploads\/2023\/04\/336951464_965355544820548_497471497423224046_n-dg-f-1200x952.jpg 1200w, https:\/\/blogg.sh.se\/artspace\/wp-content\/uploads\/2023\/04\/336951464_965355544820548_497471497423224046_n-dg-f.jpg 1936w\" sizes=\"auto, (max-width: 1024px) 100vw, 1024px\" \/><\/figure>\n\n\n\n<figure class=\"wp-block-image size-large\"><img loading=\"lazy\" decoding=\"async\" width=\"1024\" height=\"768\" data-id=\"355\" src=\"https:\/\/blogg.sh.se\/artspace\/wp-content\/uploads\/2023\/04\/337173368_222705563675444_2903493104458413684_n-g-f-1024x768.jpg\" alt=\"\" class=\"wp-image-355\" srcset=\"https:\/\/blogg.sh.se\/artspace\/wp-content\/uploads\/2023\/04\/337173368_222705563675444_2903493104458413684_n-g-f-1024x768.jpg 1024w, https:\/\/blogg.sh.se\/artspace\/wp-content\/uploads\/2023\/04\/337173368_222705563675444_2903493104458413684_n-g-f-300x225.jpg 300w, https:\/\/blogg.sh.se\/artspace\/wp-content\/uploads\/2023\/04\/337173368_222705563675444_2903493104458413684_n-g-f-768x576.jpg 768w, https:\/\/blogg.sh.se\/artspace\/wp-content\/uploads\/2023\/04\/337173368_222705563675444_2903493104458413684_n-g-f-1536x1152.jpg 1536w, https:\/\/blogg.sh.se\/artspace\/wp-content\/uploads\/2023\/04\/337173368_222705563675444_2903493104458413684_n-g-f-1200x900.jpg 1200w, https:\/\/blogg.sh.se\/artspace\/wp-content\/uploads\/2023\/04\/337173368_222705563675444_2903493104458413684_n-g-f-1980x1485.jpg 1980w, https:\/\/blogg.sh.se\/artspace\/wp-content\/uploads\/2023\/04\/337173368_222705563675444_2903493104458413684_n-g-f.jpg 2048w\" sizes=\"auto, (max-width: 1024px) 100vw, 1024px\" \/><\/figure>\n<\/figure>\n\n\n\n<p class=\"has-text-align-right has-secondary-color has-text-color has-small-font-size\">Fotograf: Omid Delafrouz<\/p>\n","protected":false},"excerpt":{"rendered":"<p>15 februari \u2013&nbsp;24 mars 2023 Till v\u00e4nster: Omid Delafrouz, Union Flag, 2021; till h\u00f6ger: Omid Delafrouz, Mechanical Flag 1946, 2021. Fotograf: Jean Baptiste B\u00e9ranger. Tidskr\u00f6n, se oss redo. Tag m\u00e5ttet [&hellip;]<\/p>\n","protected":false},"author":1,"featured_media":0,"parent":0,"menu_order":0,"comment_status":"closed","ping_status":"closed","template":"templates\/template-full-width.php","meta":{"footnotes":""},"class_list":["post-250","page","type-page","status-publish","hentry"],"_links":{"self":[{"href":"https:\/\/blogg.sh.se\/artspace\/wp-json\/wp\/v2\/pages\/250","targetHints":{"allow":["GET"]}}],"collection":[{"href":"https:\/\/blogg.sh.se\/artspace\/wp-json\/wp\/v2\/pages"}],"about":[{"href":"https:\/\/blogg.sh.se\/artspace\/wp-json\/wp\/v2\/types\/page"}],"author":[{"embeddable":true,"href":"https:\/\/blogg.sh.se\/artspace\/wp-json\/wp\/v2\/users\/1"}],"replies":[{"embeddable":true,"href":"https:\/\/blogg.sh.se\/artspace\/wp-json\/wp\/v2\/comments?post=250"}],"version-history":[{"count":13,"href":"https:\/\/blogg.sh.se\/artspace\/wp-json\/wp\/v2\/pages\/250\/revisions"}],"predecessor-version":[{"id":383,"href":"https:\/\/blogg.sh.se\/artspace\/wp-json\/wp\/v2\/pages\/250\/revisions\/383"}],"wp:attachment":[{"href":"https:\/\/blogg.sh.se\/artspace\/wp-json\/wp\/v2\/media?parent=250"}],"curies":[{"name":"wp","href":"https:\/\/api.w.org\/{rel}","templated":true}]}}