{"id":223,"date":"2023-01-19T13:47:48","date_gmt":"2023-01-19T13:47:48","guid":{"rendered":"https:\/\/blogg.sh.se\/artspace\/?page_id=223"},"modified":"2023-01-25T14:18:33","modified_gmt":"2023-01-25T14:18:33","slug":"abakan-och-nattlig-ryttare-magdalena-abakanowicz-och-wladyslaw-hasior-sodertorn-1970-2022","status":"publish","type":"page","link":"https:\/\/blogg.sh.se\/artspace\/abakan-och-nattlig-ryttare-magdalena-abakanowicz-och-wladyslaw-hasior-sodertorn-1970-2022\/","title":{"rendered":"Abakan och Nattlig ryttare. Magdalena Abakanowicz och W\u0142adys\u0142aw Hasior S\u00f6dert\u00f6rn 1970 \/ 2022"},"content":{"rendered":"\n<h2 class=\"alignwide has-text-align-center wp-block-heading\">25 september \u2013 28 oktober 2022<\/h2>\n\n\n\n<figure class=\"wp-block-gallery alignwide has-nested-images columns-default is-cropped wp-block-gallery-1 is-layout-flex wp-block-gallery-is-layout-flex\">\n<figure class=\"wp-block-image size-large\"><img loading=\"lazy\" decoding=\"async\" width=\"1024\" height=\"683\" data-id=\"226\" src=\"https:\/\/blogg.sh.se\/artspace\/wp-content\/uploads\/2023\/01\/aa-1024x683.jpg\" alt=\"\" class=\"wp-image-226\" srcset=\"https:\/\/blogg.sh.se\/artspace\/wp-content\/uploads\/2023\/01\/aa-1024x683.jpg 1024w, https:\/\/blogg.sh.se\/artspace\/wp-content\/uploads\/2023\/01\/aa-300x200.jpg 300w, https:\/\/blogg.sh.se\/artspace\/wp-content\/uploads\/2023\/01\/aa-768x512.jpg 768w, https:\/\/blogg.sh.se\/artspace\/wp-content\/uploads\/2023\/01\/aa-1200x800.jpg 1200w, https:\/\/blogg.sh.se\/artspace\/wp-content\/uploads\/2023\/01\/aa.jpg 1500w\" sizes=\"auto, (max-width: 1024px) 100vw, 1024px\" \/><\/figure>\n\n\n\n<figure class=\"wp-block-image size-large\"><img loading=\"lazy\" decoding=\"async\" width=\"1024\" height=\"683\" data-id=\"224\" src=\"https:\/\/blogg.sh.se\/artspace\/wp-content\/uploads\/2023\/01\/a-1-1024x683.jpg\" alt=\"\" class=\"wp-image-224\" srcset=\"https:\/\/blogg.sh.se\/artspace\/wp-content\/uploads\/2023\/01\/a-1-1024x683.jpg 1024w, https:\/\/blogg.sh.se\/artspace\/wp-content\/uploads\/2023\/01\/a-1-300x200.jpg 300w, https:\/\/blogg.sh.se\/artspace\/wp-content\/uploads\/2023\/01\/a-1-768x512.jpg 768w, https:\/\/blogg.sh.se\/artspace\/wp-content\/uploads\/2023\/01\/a-1-1200x800.jpg 1200w, https:\/\/blogg.sh.se\/artspace\/wp-content\/uploads\/2023\/01\/a-1.jpg 1500w\" sizes=\"auto, (max-width: 1024px) 100vw, 1024px\" \/><\/figure>\n\n\n\n<figure class=\"wp-block-image size-large\"><img loading=\"lazy\" decoding=\"async\" width=\"1024\" height=\"683\" data-id=\"225\" src=\"https:\/\/blogg.sh.se\/artspace\/wp-content\/uploads\/2023\/01\/aaa-1-1024x683.jpg\" alt=\"\" class=\"wp-image-225\" srcset=\"https:\/\/blogg.sh.se\/artspace\/wp-content\/uploads\/2023\/01\/aaa-1-1024x683.jpg 1024w, https:\/\/blogg.sh.se\/artspace\/wp-content\/uploads\/2023\/01\/aaa-1-300x200.jpg 300w, https:\/\/blogg.sh.se\/artspace\/wp-content\/uploads\/2023\/01\/aaa-1-768x512.jpg 768w, https:\/\/blogg.sh.se\/artspace\/wp-content\/uploads\/2023\/01\/aaa-1-1200x800.jpg 1200w, https:\/\/blogg.sh.se\/artspace\/wp-content\/uploads\/2023\/01\/aaa-1.jpg 1500w\" sizes=\"auto, (max-width: 1024px) 100vw, 1024px\" \/><\/figure>\n<\/figure>\n\n\n\n<div class=\"wp-block-group\"><div class=\"wp-block-group__inner-container is-layout-constrained wp-block-group-is-layout-constrained\">\n<p class=\"has-large-font-size\">\u00d6ppningsutst\u00e4llningen vid Art Space, S\u00f6dert\u00f6rns h\u00f6gskola, kretsar kring tv\u00e5 konstn\u00e4rskap som en g\u00e5ng verkat i omr\u00e5det, och fr\u00e5gor det aktiverar. Magdalena Abakanowicz och W\u0142adys\u0142aw Hasior spelade en central roll f\u00f6r gestaltningen av 1970-talets Huddinge och S\u00f6dert\u00e4lje, i en tid d\u00e5 v\u00e4lf\u00e4rdspolitiken spelade en central roll. Art Space vill med utst\u00e4llningen inbjuda till samtal kring fr\u00e5gor om demokrati, yttrandefrihet, kulturpolitik och konstn\u00e4rlig frihet. I utst\u00e4llningen visas tv\u00e5 st\u00f6rre skulpturala verk tillsammans med teckningar och dokumentation.<\/p>\n\n\n\n<p>\u201dMedan verket Abakan 32 (1968) breder ut sig \u00f6ver v\u00e4ggen och ut mot betraktaren, med sina veck och fl\u00e4tade testar, tronar Nattlig ryttare (1967) p\u00e5 ett podium p\u00e5 golvet, riktad snett upp\u00e5t. Abakan 32 \u00e4r gjord av sisal, som f\u00f6r tankarna till halm, gr\u00e4s och jordens v\u00e4xlighet, medan Nattlig ryttare st\u00e5r p\u00e5 jorden och har en riktning som pekar mot luftens element. W\u0142adys\u0142aw Hasior och Magdalena Abakanowicz spenderade tid i S\u00f6dert\u00f6rnomr\u00e5det under 1970- och 1980-talen. De medverkade i utst\u00e4llningar och skapade verk f\u00f6r specifika platser. Abakan 32 och Nattlig ryttare kan ses som f\u00f6rel\u00f6pare till de offentliga verk Hasior och Abakanowicz utf\u00f6rde h\u00e4r som direkta svar p\u00e5 platser och milj\u00f6er,&nbsp; och i samarbete med konstinsitutioner i S\u00f6dert\u00f6rnkommunerna.<\/p>\n\n\n\n<p>I utst\u00e4llningen s\u00e4tts Abakan 32 och Nattlig ryttare i dialog med tv\u00e5 senare verk, d\u00e4r konstn\u00e4rerna har utvecklat sina motiv och material. Abakan 32 har sin forts\u00e4ttning i Abakanowiczs stora textila installation Black-Brown, som utf\u00f6rdes i Huddinge sjukhus foaj\u00e9 vid tidigt 1970-tal. Fram till 1977 kunde patienter, personal och bes\u00f6kare i sjukhuset f\u00f6rlora sig i den rumslighet som skapades av flera st\u00f6rre h\u00e4ngande former av v\u00e4vd sisal. Det starka fibermaterialet som p\u00e5minner om rep, m\u00f6jliggjorde storskaliga skulpturer och att Abakanowicz experimenterande med uttryck och skala p\u00e5 f\u00f6r tiden nya s\u00e4tt.<\/p>\n\n\n\n<p>Nattlig ryttare forts\u00e4tter i Solspann (1972-73), som Hasior f\u00f6reslog f\u00f6r S\u00f6dert\u00e4lje stad. Id\u00e9n f\u00f6ddes 1972 n\u00e4r Hasior var i S\u00f6dert\u00e4lje f\u00f6r sin utst\u00e4llning p\u00e5 S\u00f6dert\u00e4lje konsthall. Solspann best\u00e5r av en grupp upp\u00e5tstr\u00e4vande h\u00e4star och av cirklar utgr\u00e4vda i marken. Jorden och stenarna som gr\u00e4vdes upp p\u00e5 platsen anv\u00e4ndes som material f\u00f6r gjutningar. I en ceremoni som har \u00e5terkommit n\u00e4stan varje h\u00f6st sedan 1970-talet omvandlas ocks\u00e5 h\u00e4starna till beh\u00e5llare f\u00f6r eldar. F\u00f6rsta g\u00e5ngen t\u00e4nde Hasior sj\u00e4lv elden och l\u00e4t alla p\u00e5 plats bli en del i ett st\u00f6rre historiskt, ekologiskt och kosmologiskt sammanhang tillsammans med skulpturerna. Hasior fortsatte sedan att utmana id\u00e9n om det offentliga monumentet med storskalig skulptur placerad direkt ute i landskapet, i ett stort antal verk i Polen och p\u00e5 spridda platser som Montevideo och K\u00f6penhamn.<\/p>\n\n\n\n<p>De b\u00e5da offentliga verken kom till n\u00e4r Stockholm och S\u00f6dert\u00f6rnkommunerna genomgick stora omv\u00e4lvningar. Bostadsomr\u00e5den inom miljonprogrammet och stora sjukhus som Huddinge och S\u00f6dert\u00e4lje anlades. Stadsomvandlingen pr\u00e4glades av en kraftfull kulturpolitik, d\u00e4r konst spelade en central roll. Det var ocks\u00e5 en tid som var kantad av anstr\u00e4ngda relationer mellan nationer under kalla kriget. En r\u00e5dande uppfattning \u00e4r att Europa var delat av en sluten j\u00e4rnrid\u00e5, men i konstlivet skedde trots det vitala utbyten mellan polska och svenska konstn\u00e4rer, institutioner, curatorer och kritiker. Utrikespolitiken var p\u00e5 m\u00e5nga s\u00e4tt l\u00e5st och anstr\u00e4ngd, medan konstlivet kunde skapa kontakter. Dessa \u00f6stligt riktade utbyten har inte blivit tillr\u00e4ckligt genomlysta i tidigare konsthistorisk forskning.<\/p>\n\n\n\n<p>Genom utst\u00e4llandet av Abakan 32 och Nattlig ryttare med dokumentation av de st\u00f6rre verken Black-Brown och Solspann p\u00e5 S\u00f6dert\u00f6rns h\u00f6gskola, aktiveras flera relationer och fr\u00e5gest\u00e4llningar som sp\u00e4nner \u00f6ver de senaste 50 \u00e5ren. Utst\u00e4llningen \u00e5terskapar linjer mellan verk, mellan platser i S\u00f6dert\u00f6rnomr\u00e5det och mellan Sverige och Polen.\u201d<\/p>\n\n\n\n<p><em>Camilla Larsson<\/em><\/p>\n\n\n\n<p>Camilla Larson, fil dr i konstvetenskap, disputerade vid S\u00f6dert\u00f6rns h\u00f6gskola 2021 med avhandlingen Framtr\u00e4danden : performativitetsteoretiska tolkningar av Tadeusz Kantors konstn\u00e4rskap<\/p>\n<\/div><\/div>\n\n\n\n<div class=\"wp-block-media-text alignwide is-stacked-on-mobile has-background\" style=\"background-color:#d6c5ba57\"><figure class=\"wp-block-media-text__media\"><img loading=\"lazy\" decoding=\"async\" width=\"667\" height=\"815\" src=\"https:\/\/blogg.sh.se\/artspace\/wp-content\/uploads\/2023\/01\/aaaa-e1674135849353.jpg\" alt=\"\" class=\"wp-image-227 size-full\" srcset=\"https:\/\/blogg.sh.se\/artspace\/wp-content\/uploads\/2023\/01\/aaaa-e1674135849353.jpg 667w, https:\/\/blogg.sh.se\/artspace\/wp-content\/uploads\/2023\/01\/aaaa-e1674135849353-246x300.jpg 246w\" sizes=\"auto, (max-width: 667px) 100vw, 667px\" \/><\/figure><div class=\"wp-block-media-text__content\">\n<p><strong>Curator:<\/strong> Camilla Larsson.<\/p>\n\n\n\n<p><strong>Utst\u00e4llningsperiod:<\/strong>&nbsp;25 september \u2013 28 oktober 2022<\/p>\n\n\n\n<p>Utst\u00e4llningen \u00e4r del i ett p\u00e5g\u00e5ende samverkansprojekt, Inblick S\u00f6dert\u00f6rn, Utblick Polen. 50 \u00e5r av konst, offentlighet och kulturpolitik, som drivs av Konstvetenskapen p\u00e5 S\u00f6dert\u00f6rns h\u00f6gskola i samverkan med Region Stockholm, S\u00f6dert\u00e4lje konsthall, Botkyrka konsthall och Polska Institutet. Det \u00e4r finansierat genom Samverkansenheten vid S\u00f6dert\u00f6rns h\u00f6gskola.<\/p>\n\n\n\n<p><strong>Art Spac<\/strong>e drivs av S\u00f6dert\u00f6rns h\u00f6gskola i samverkan med Stiftelsen Clara.<\/p>\n\n\n\n<p><strong>Kontakt:<\/strong><br>Annika \u00d6hrner, utst\u00e4llningsansvarig,&nbsp;<a href=\"mailto:annika.ohrner@sh.se\">annika.ohrner@sh.se<\/a>.<br>E-post:&nbsp;<a href=\"mailto:artspace@sh.se\">artspace@sh.se<\/a>.<\/p>\n<\/div><\/div>\n","protected":false},"excerpt":{"rendered":"<p>25 september \u2013 28 oktober 2022 \u00d6ppningsutst\u00e4llningen vid Art Space, S\u00f6dert\u00f6rns h\u00f6gskola, kretsar kring tv\u00e5 konstn\u00e4rskap som en g\u00e5ng verkat i omr\u00e5det, och fr\u00e5gor det aktiverar. Magdalena Abakanowicz och W\u0142adys\u0142aw [&hellip;]<\/p>\n","protected":false},"author":1,"featured_media":0,"parent":0,"menu_order":0,"comment_status":"closed","ping_status":"closed","template":"templates\/template-full-width.php","meta":{"footnotes":""},"class_list":["post-223","page","type-page","status-publish","hentry"],"_links":{"self":[{"href":"https:\/\/blogg.sh.se\/artspace\/wp-json\/wp\/v2\/pages\/223","targetHints":{"allow":["GET"]}}],"collection":[{"href":"https:\/\/blogg.sh.se\/artspace\/wp-json\/wp\/v2\/pages"}],"about":[{"href":"https:\/\/blogg.sh.se\/artspace\/wp-json\/wp\/v2\/types\/page"}],"author":[{"embeddable":true,"href":"https:\/\/blogg.sh.se\/artspace\/wp-json\/wp\/v2\/users\/1"}],"replies":[{"embeddable":true,"href":"https:\/\/blogg.sh.se\/artspace\/wp-json\/wp\/v2\/comments?post=223"}],"version-history":[{"count":2,"href":"https:\/\/blogg.sh.se\/artspace\/wp-json\/wp\/v2\/pages\/223\/revisions"}],"predecessor-version":[{"id":278,"href":"https:\/\/blogg.sh.se\/artspace\/wp-json\/wp\/v2\/pages\/223\/revisions\/278"}],"wp:attachment":[{"href":"https:\/\/blogg.sh.se\/artspace\/wp-json\/wp\/v2\/media?parent=223"}],"curies":[{"name":"wp","href":"https:\/\/api.w.org\/{rel}","templated":true}]}}