{"id":199,"date":"2023-01-19T10:51:44","date_gmt":"2023-01-19T10:51:44","guid":{"rendered":"https:\/\/blogg.sh.se\/artspace\/?page_id=199"},"modified":"2023-01-25T14:21:55","modified_gmt":"2023-01-25T14:21:55","slug":"vara-plats-be-space-lina-bjerneld-astrid-svangren-och-erik-udden","status":"publish","type":"page","link":"https:\/\/blogg.sh.se\/artspace\/vara-plats-be-space-lina-bjerneld-astrid-svangren-och-erik-udden\/","title":{"rendered":"Vara plats\/Be Space. Lina Bjerneld, Astrid Svangren och Erik Udd\u00e9n"},"content":{"rendered":"\n<h2 class=\"alignwide has-text-align-center wp-block-heading\">17 november 2022 \u2013 20 januari 2023<\/h2>\n\n\n\n<figure class=\"wp-block-gallery alignwide has-nested-images columns-default is-cropped wp-block-gallery-1 is-layout-flex wp-block-gallery-is-layout-flex\">\n<figure class=\"wp-block-image size-large\"><img loading=\"lazy\" decoding=\"async\" width=\"1024\" height=\"683\" data-id=\"147\" src=\"https:\/\/blogg.sh.se\/artspace\/wp-content\/uploads\/2023\/01\/ART-SPACE2-69-av-73-1024x683.jpg\" alt=\"\" class=\"wp-image-147\" srcset=\"https:\/\/blogg.sh.se\/artspace\/wp-content\/uploads\/2023\/01\/ART-SPACE2-69-av-73-1024x683.jpg 1024w, https:\/\/blogg.sh.se\/artspace\/wp-content\/uploads\/2023\/01\/ART-SPACE2-69-av-73-300x200.jpg 300w, https:\/\/blogg.sh.se\/artspace\/wp-content\/uploads\/2023\/01\/ART-SPACE2-69-av-73-768x512.jpg 768w, https:\/\/blogg.sh.se\/artspace\/wp-content\/uploads\/2023\/01\/ART-SPACE2-69-av-73-1200x800.jpg 1200w, https:\/\/blogg.sh.se\/artspace\/wp-content\/uploads\/2023\/01\/ART-SPACE2-69-av-73.jpg 1500w\" sizes=\"auto, (max-width: 1024px) 100vw, 1024px\" \/><\/figure>\n\n\n\n<figure class=\"wp-block-image size-large\"><img loading=\"lazy\" decoding=\"async\" width=\"1024\" height=\"683\" data-id=\"151\" src=\"https:\/\/blogg.sh.se\/artspace\/wp-content\/uploads\/2023\/01\/ART-SPACE2-3-av-73-1024x683.jpg\" alt=\"\" class=\"wp-image-151\" srcset=\"https:\/\/blogg.sh.se\/artspace\/wp-content\/uploads\/2023\/01\/ART-SPACE2-3-av-73-1024x683.jpg 1024w, https:\/\/blogg.sh.se\/artspace\/wp-content\/uploads\/2023\/01\/ART-SPACE2-3-av-73-300x200.jpg 300w, https:\/\/blogg.sh.se\/artspace\/wp-content\/uploads\/2023\/01\/ART-SPACE2-3-av-73-768x512.jpg 768w, https:\/\/blogg.sh.se\/artspace\/wp-content\/uploads\/2023\/01\/ART-SPACE2-3-av-73-1200x800.jpg 1200w, https:\/\/blogg.sh.se\/artspace\/wp-content\/uploads\/2023\/01\/ART-SPACE2-3-av-73.jpg 1500w\" sizes=\"auto, (max-width: 1024px) 100vw, 1024px\" \/><\/figure>\n\n\n\n<figure class=\"wp-block-image size-large\"><img loading=\"lazy\" decoding=\"async\" width=\"1024\" height=\"683\" data-id=\"190\" src=\"https:\/\/blogg.sh.se\/artspace\/wp-content\/uploads\/2023\/01\/pfpf-1024x683.jpg\" alt=\"\" class=\"wp-image-190\" srcset=\"https:\/\/blogg.sh.se\/artspace\/wp-content\/uploads\/2023\/01\/pfpf-1024x683.jpg 1024w, https:\/\/blogg.sh.se\/artspace\/wp-content\/uploads\/2023\/01\/pfpf-300x200.jpg 300w, https:\/\/blogg.sh.se\/artspace\/wp-content\/uploads\/2023\/01\/pfpf-768x512.jpg 768w, https:\/\/blogg.sh.se\/artspace\/wp-content\/uploads\/2023\/01\/pfpf-1200x800.jpg 1200w, https:\/\/blogg.sh.se\/artspace\/wp-content\/uploads\/2023\/01\/pfpf.jpg 1500w\" sizes=\"auto, (max-width: 1024px) 100vw, 1024px\" \/><\/figure>\n<\/figure>\n\n\n\n<div class=\"wp-block-group alignwide\"><div class=\"wp-block-group__inner-container is-layout-constrained wp-block-group-is-layout-constrained\">\n<p class=\"has-large-font-size\">I den andra utst\u00e4llningen i Art Space, <em>Vara plats,<\/em> presenteras verk av tre konstn\u00e4rer inne i gallerirummet men ocks\u00e5 ute p\u00e5 campustorget. De slingrar sig, h\u00e4nger, sv\u00e4var, lutar mot v\u00e4gg och mot f\u00f6nster, br\u00e5kar mot rummens utkanter. De tycks n\u00e4stan mullra l\u00e5gt.<\/p>\n\n\n\n<p>S\u00f6dert\u00f6rns h\u00f6gskola breder ut sig i Flemingsberg i tre byggnader runt Blickatorget och dess bergknalle, <em>Primus<\/em> (1970\/1996), <em>Moas b\u00e5ge<\/em> (White 2003), <em>Biblioteket<\/em> (Malmstr\u00f6m 2004) och lite l\u00e4ngre bort, polisutbildningens <em>ANA 12<\/em> och <em>ANA 14<\/em> (Bjurstr\u00f6m &amp; Brodin 1997 resp. Tengbom 2019).<\/p>\n\n\n\n<p>Utst\u00e4llningen <em>Vara plats<\/em> vill utmana upplevelsen av ett stabilt arkitektoniskt rum. \u00c4ven skulpt\u00f6ren Claes Hakes (f. 1945) befintliga skulpturgrupp <em>Moas Stenar<\/em> (2002) mitt p\u00e5 torget \u00e4r en utg\u00e5ngspunkt. Konstverken skapar nya uttryck i en tidigare fastst\u00e4lld rumslighet, betraktaren f\u00e5r se det fasta rummet f\u00f6rskjutas och utmanas.<\/p>\n\n\n\n<p>I&nbsp;<strong>Lina Bjernelds<\/strong>&nbsp;teckningar r\u00f6r sig kroppar igenom och fram, de kastas ut ur eller tr\u00e4nger in i bildytan, som i en takm\u00e5lning fr\u00e5n ren\u00e4ssansen. \u00c4ven i hennes bem\u00e5lade fotografier beskrivs instabila rum med glapp och avbrott. En utg\u00e5ngspunkt har varit mellanrummen i den st\u00f6rsta skulpturen i Claes Hakes skulpturgrupp, och en \u00f6nskan att utforska tillst\u00e5nd av mellanl\u00e4ge och limbo.<\/p>\n\n\n\n<p><strong>Astrid Svangrens<\/strong> installation r\u00f6r sig fr\u00e5n Art Space och ut \u00f6ver campus. Inne anv\u00e4nder hon l\u00e4tta och transparenta material, de \u00e4r fragment fr\u00e5n en m\u00e5lerisk process. Ute \u00e4r materialen mer best\u00e4ndiga och handfasta; som sn\u00e4ckor, rep, sn\u00f6ren och tyg. Hon efterstr\u00e4var p\u00e5 en g\u00e5ng en k\u00e4nsla av rester, fragment och minnen av n\u00e5got sargat och s\u00e5rbart och ett starkt och trotsigt uttryck.<\/p>\n\n\n\n<p><strong>Erik Udd\u00e9ns<\/strong> m\u00e5lningar som visas i utst\u00e4llningsrummet, befinner sig i gr\u00e4nslandet mellan m\u00e5leri och skulptur. Han anv\u00e4nder olika material i sitt arbete, konventionella och okonventionella, f\u00f6r att konstruera och transformera verken. De fysiska m\u00e5lningarna navigerar betraktarens rum i ett dubbelt varande som b\u00e5de f\u00f6nster och kropp.<\/p>\n\n\n\n<p>Utst\u00e4llningen tog utg\u00e5ngspunkt i en inbjudan till konstn\u00e4ren Lina Bjerneld att skapa en utst\u00e4llning f\u00f6r Art Space, utifr\u00e5n hennes iakttagelser av platsen. Utst\u00e4llningskonceptet formades i dialog med Art Space och fr\u00e5n hennes fler\u00e5riga n\u00e4rvaro p\u00e5 S\u00f6dert\u00f6rns campus dit Konstskolan Idun Lov\u00e9n flyttade 2019. Bjerneld har varit l\u00e4rare och studierektor p\u00e5 skolan sedan 2012. Hennes p\u00e5g\u00e5ende praktik skapar konstn\u00e4rliga \u00e5terkopplingar till rummet och utrymme f\u00f6r kollegiala samarbeten.<\/p>\n<\/div><\/div>\n\n\n\n<div class=\"wp-block-media-text alignwide is-stacked-on-mobile has-background\" style=\"background-color:#d6c5ba57\"><figure class=\"wp-block-media-text__media\"><img loading=\"lazy\" decoding=\"async\" width=\"667\" height=\"817\" src=\"https:\/\/blogg.sh.se\/artspace\/wp-content\/uploads\/2023\/01\/ART-SPACE2-5-av-73-e1674134170150.jpg\" alt=\"\" class=\"wp-image-211 size-full\" srcset=\"https:\/\/blogg.sh.se\/artspace\/wp-content\/uploads\/2023\/01\/ART-SPACE2-5-av-73-e1674134170150.jpg 667w, https:\/\/blogg.sh.se\/artspace\/wp-content\/uploads\/2023\/01\/ART-SPACE2-5-av-73-e1674134170150-245x300.jpg 245w\" sizes=\"auto, (max-width: 667px) 100vw, 667px\" \/><\/figure><div class=\"wp-block-media-text__content\">\n<p><strong>\u00d6ppettider:<\/strong> vardagar 10.00-16.00<br><strong>Utst\u00e4llningsperiod:<\/strong> 17 november \u2013 20 januari.<br><strong>Hitta hit:<\/strong> Art Space S\u00f6dert\u00f6rn ligger p\u00e5 S\u00f6dert\u00f6rns h\u00f6gskola i Flemingsberg, centralt p\u00e5 campus till h\u00f6ger om huvudentr\u00e9n i huset Moas b\u00e5ge. S\u00f6dert\u00f6rns h\u00f6gskola ligger 5 minuters promenad fr\u00e5n Flemingsberg centrum eller 19 minuter med lokaltrafik fr\u00e5n Stockholm City. Tag pendelt\u00e5g eller fj\u00e4rrt\u00e5g till Flemingsbergs station och v\u00e4lj uppg\u00e5ngen mot S\u00f6dert\u00f6rns h\u00f6gskola<\/p>\n\n\n\n<p><strong>Art Space <\/strong>drivs av S\u00f6dert\u00f6rns h\u00f6gskola i samverkan med Stiftelsen Clara.<\/p>\n\n\n\n<p><strong>Kontakt:<\/strong><br>Annika \u00d6hrner, utst\u00e4llningsansvarig, <a href=\"mailto:annika.ohrner@sh.se\">annika.ohrner@sh.se<\/a>. <br>E-post: <a href=\"mailto:artspace@sh.se\">artspace@sh.se<\/a>.<\/p>\n<\/div><\/div>\n\n\n\n<hr class=\"wp-block-separator has-alpha-channel-opacity\"\/>\n\n\n\n<h2 class=\"wp-block-heading\">Biografier<\/h2>\n\n\n\n<p><strong>Lina Bjerneld<\/strong> (f. 1979 i Mora) bor och verkar i Stockholm. Hon examinerades 2008 fr\u00e5n Kungl. Konsth\u00f6gskolan i Stockholm d\u00e4r hon nu arbetar som professor i m\u00e5leri och teckning. Hennes senaste utst\u00e4llningar omfattar presentationer p\u00e5 \u00d6rebro konsthall, Bonniers konsthall, och hon visade en solopresentation p\u00e5 Konstakademien 2019. Bjerneld finns representerad i samlingar p\u00e5 Moderna Museet och Malm\u00f6 Konstmuseum, bland annat. Hon arbetar med forskningsprojektet <em>Institutet av reproducerbarhet<\/em>, finansierat av KKH. <a href=\"https:\/\/linabjerneld.com\">https:\/\/linabjerneld.com<\/a><a href=\"http:\/\/www.astridsvangren.net\/\"><\/a><\/p>\n\n\n\n<p><strong>Astrid Svangren<\/strong> (f. 1972 i G\u00f6teborg), bor och arbetar i K\u00f6penhamn. Hon har en MFA, Master of Fine Arts, fr\u00e5n Konsth\u00f6gskolan i Malm\u00f6. Svangrens verk har visats p\u00e5&nbsp;Quartz Studio, Turin;&nbsp;Kohta, Helsinki; Miami Basel;&nbsp;GL Holtegaard, Copenhagen; Moderna Museet Malm\u00f6; Moderna Museet Stockholm; Bonniers Konsthall; Malm\u00f6 konstmuseum; Kiasma, Helsinki; Wan\u00e5s Konst; Artipelag; The Margulies Collection, Miami; Galerie Christophe Gaillard, Paris; Tracy Williams Ltd, New York; Maria Stenfors, London and Christian Andersen, Copenhagen, med mera. <a href=\"http:\/\/www.astridsvangren.net\">http:\/\/www.astridsvangren.net<\/a><\/p>\n\n\n\n<p class=\".site-content .entry-header, .entry-content, .entry-summary, .entry-meta, .page-content { margin: 0 auto; max-width: 700px; }\"><strong>Erik Udd\u00e9n<\/strong> (f. 1990 i V\u00e4ster\u00e5s) bor och arbetar i Stockholm. Han har en BFA fr\u00e5n Malm\u00f6 konsth\u00f6gskola, 2020 och en MFA fr\u00e5n Kungliga konsth\u00f6gskolan i Stockholm, 2022. Erik Udd\u00e9n har tilldelats stipendier fr\u00e5n Konstakademien; R. och H. Svenssons donationsfond, 2022 och Karin och Erik Engmans stipendium 2018. Erik Udd\u00e9ns arbeten har visats i utbildningssammanhang p\u00e5 Mazettihuset i Malm\u00f6 och Konstakademien i Stockholm. Han har \u00e4ven st\u00e4llt ut p\u00e5 Sandvikens Konsthall, Bolln\u00e4s Konsthall och Galleri Bo Bjerggaard i K\u00f6penhamn.&nbsp;Kontakt: <a href=\"mailto:erikudden@hotmail.com\">erikudden@hotmail.com<\/a><\/p>\n","protected":false},"excerpt":{"rendered":"<p>17 november 2022 \u2013 20 januari 2023 I den andra utst\u00e4llningen i Art Space, Vara plats, presenteras verk av tre konstn\u00e4rer inne i gallerirummet men ocks\u00e5 ute p\u00e5 campustorget. De [&hellip;]<\/p>\n","protected":false},"author":1,"featured_media":0,"parent":0,"menu_order":0,"comment_status":"closed","ping_status":"closed","template":"templates\/template-full-width.php","meta":{"footnotes":""},"class_list":["post-199","page","type-page","status-publish","hentry"],"_links":{"self":[{"href":"https:\/\/blogg.sh.se\/artspace\/wp-json\/wp\/v2\/pages\/199","targetHints":{"allow":["GET"]}}],"collection":[{"href":"https:\/\/blogg.sh.se\/artspace\/wp-json\/wp\/v2\/pages"}],"about":[{"href":"https:\/\/blogg.sh.se\/artspace\/wp-json\/wp\/v2\/types\/page"}],"author":[{"embeddable":true,"href":"https:\/\/blogg.sh.se\/artspace\/wp-json\/wp\/v2\/users\/1"}],"replies":[{"embeddable":true,"href":"https:\/\/blogg.sh.se\/artspace\/wp-json\/wp\/v2\/comments?post=199"}],"version-history":[{"count":8,"href":"https:\/\/blogg.sh.se\/artspace\/wp-json\/wp\/v2\/pages\/199\/revisions"}],"predecessor-version":[{"id":249,"href":"https:\/\/blogg.sh.se\/artspace\/wp-json\/wp\/v2\/pages\/199\/revisions\/249"}],"wp:attachment":[{"href":"https:\/\/blogg.sh.se\/artspace\/wp-json\/wp\/v2\/media?parent=199"}],"curies":[{"name":"wp","href":"https:\/\/api.w.org\/{rel}","templated":true}]}}