{"id":1009,"date":"2026-03-17T14:16:03","date_gmt":"2026-03-17T13:16:03","guid":{"rendered":"https:\/\/blogg.sh.se\/artspace\/?page_id=1009"},"modified":"2026-03-17T14:21:59","modified_gmt":"2026-03-17T13:21:59","slug":"det-ar-inte-kunskap-vi-saknar-vad-som-fattas-oss-ar-modet-att-inse-vad-vi-vet","status":"publish","type":"page","link":"https:\/\/blogg.sh.se\/artspace\/det-ar-inte-kunskap-vi-saknar-vad-som-fattas-oss-ar-modet-att-inse-vad-vi-vet\/","title":{"rendered":"Det \u00e4r inte kunskap vi saknar. Vad som fattas oss \u00e4r modet att inse vad vi vet."},"content":{"rendered":"\n<div class=\"wp-block-group is-vertical is-layout-flex wp-container-core-group-is-layout-8cf370e7 wp-block-group-is-layout-flex\">\n<h4 class=\"wp-block-heading has-text-align-center\">Stefan Teleman. 26 mars &#8211; 22 maj 2026.<\/h4>\n<\/div>\n\n\n\n<figure class=\"wp-block-image size-large\"><img loading=\"lazy\" decoding=\"async\" width=\"1024\" height=\"719\" src=\"https:\/\/blogg.sh.se\/artspace\/wp-content\/uploads\/2026\/03\/vicekungen-egypten-1024x719.jpg\" alt=\"\" class=\"wp-image-1006\" srcset=\"https:\/\/blogg.sh.se\/artspace\/wp-content\/uploads\/2026\/03\/vicekungen-egypten-1024x719.jpg 1024w, https:\/\/blogg.sh.se\/artspace\/wp-content\/uploads\/2026\/03\/vicekungen-egypten-300x211.jpg 300w, https:\/\/blogg.sh.se\/artspace\/wp-content\/uploads\/2026\/03\/vicekungen-egypten-768x539.jpg 768w, https:\/\/blogg.sh.se\/artspace\/wp-content\/uploads\/2026\/03\/vicekungen-egypten-1536x1079.jpg 1536w, https:\/\/blogg.sh.se\/artspace\/wp-content\/uploads\/2026\/03\/vicekungen-egypten-1200x843.jpg 1200w, https:\/\/blogg.sh.se\/artspace\/wp-content\/uploads\/2026\/03\/vicekungen-egypten.jpg 1834w\" sizes=\"auto, (max-width: 1024px) 100vw, 1024px\" \/><\/figure>\n\n\n\n<p>Stefan Teleman \u00e4r en av Sveriges fr\u00e4msta satiriska konstn\u00e4rskap med r\u00f6tter i en l\u00e5ng samh\u00e4llskritisk tradition. Expressiva, humoristiska och subversiva, riktar hans bilder udden mot krigshets och f\u00f6rgivettagna sanningar. <\/p>\n\n\n\n<p>Teleman \u00e4r \u00e4ven en briljant portr\u00e4tt- och landskapskonstn\u00e4r. I Art Space visas ett tjugotal portr\u00e4tt av historiska figurer: krigsherrar, robotar, milit\u00e4rer, fascister, ledare och offer f\u00f6r krig och folkmord. Deras \u00f6den f\u00f6renas av de europeiska folkmordens historia och 1900-talets stora krigsh\u00e4ndelser. <\/p>\n\n\n\n<p>Figurerna \u00e4r h\u00e4mtade ur tv\u00e5 av f\u00f6rfattaren Sven Lindqvists (1932-2019) b\u00f6cker, i linje med Telemans bok- och litteraturintresse. Debattboken Utrota varenda j\u00e4vel, 1992<br>beskrev hur f\u00f6rintelsen av judarna h\u00e4rstammar ur samma ideologi om europeisk \u00f6verh\u00f6ghet som pr\u00e4glat kolonialismen sedan 1400-talet. I\u00a0Nu dog du. Bombernas \u00e5rhundrade\u00a0(1999), skildrade Lindqvist 1900-talets krigsh\u00e4ndelser och hur utpl\u00e5nandet av en ohygglig m\u00e4ngd civilpersoner f\u00f6rnekas och f\u00f6rdrivs ur historieskrivningen. B\u00e5da b\u00f6ckerna fick stort genomslag, har kommit ut i nya utg\u00e5vor och \u00f6versatts till flera spr\u00e5k. <\/p>\n\n\n\n<p>Telemans portr\u00e4tt i Art Space f\u00f6rflyttar m\u00e4nnisko\u00f6den och v\u00e4rldskonflikter rakt in i v\u00e5r egen tid av s\u00e4kerhetshot, kris och folkf\u00f6rdrivning. De konfronterar och roar bes\u00f6karen i samma satiriska grepp. Med ett utsnitt ur Lindqvists slutformulering i Utrota varenda j\u00e4vel, uppmanar de:<\/p>\n\n\n\n<div class=\"wp-block-group is-vertical is-layout-flex wp-container-core-group-is-layout-8cf370e7 wp-block-group-is-layout-flex\">\n<p><em>Du\u00a0vet\u00a0det.\u00a0Jag\u00a0ocks\u00e5.\u00a0Det\u00a0\u00e4r\u00a0inte\u00a0kunskap\u00a0vi\u00a0saknar. Vad\u00a0som\u00a0fattas\u00a0oss\u00a0<\/em><\/p>\n\n\n\n<p><em>\u00e4r\u00a0modet\u00a0att\u00a0inse\u00a0vad\u00a0vi\u00a0vet\u00a0och\u00a0dra slutsatserna.<\/em><\/p>\n<\/div>\n\n\n\n<p>Utst\u00e4llningen visar originalverk i akvarell och blandteknik och Lindqvists texter. I galleriet finns plats att sl\u00e5 sig ned och l\u00e4sa ur b\u00f6ckerna. Den \u00e4r curerad av Erik Berggren och producerad av Art Space i samarbete med Lobby, utst\u00e4llningsytan vid Link\u00f6pings universitet. \u00d6ppet kl 10.00-16.00<br><\/p>\n\n\n\n<p>Stefan Teleman (1936 -2026), gick Konsth\u00f6gkolan 1961-1966 och \u00e4r representad i Moderna Museet, Norrk\u00f6pings konstmuseum och \u00d6sterg\u00f6tlands museum m. fl. samlingar. Teleman var aktiv i 1960- och 1970-talets kulturscen d\u00e4r stora politiska h\u00e4ndelser och konsten sammanfl\u00e4tades, bland annat som medgrundare till Bildf\u00f6rlaget<br>\u00d6ppna \u00f6gon. Teleman hade en stor separatutst\u00e4llning vid Norrk\u00f6pings konstmuseum 2019-2020 och \u00e4r forts\u00e4ttningsvis aktuell med offentliga verk och utst\u00e4llningar.<br>\u00a0<br>Runda-bordssamalt den 15 april.<\/p>\n\n\n\n<p>En ett samtal om\u00a0l\u00f6gn, auktorit\u00e4rt v\u00e5ld, subversiva strategier och satir, med anledning av Stefan Telemans p\u00e5g\u00e5ende utst\u00e4llning i Art Space S\u00f6dert\u00f6rn (26 mars &#8211; 22 maj 2026, kl 10.00-16.00 vardagar).\u00a0Lokal: MA 517.<br>\u00a0<br>Medverkande: Erik Berggren, utst\u00e4llningens curator, REMESO, Link\u00f6pings universitet; Anna-Karin Selberg, filosof och f\u00f6rfattare,\u00a0nyligen\u00a0avslutat post-doc-projekt vid S\u00f6dert\u00f6rn:\u00a0Industries of Lies:\u00a0<a href=\"https:\/\/ostersjostiftelsen.se\/project\/industry-of-lies-how-lies-are-transformed-into-reality-in-a-russian-troll-farm\/\">How\u00a0lies are transformed into reality in a Russian \u201ctroll farm\u201d (\u00d6SS)<\/a>,\u00a0Oscar Svanelid, konstvetare, postdoc vid S\u00f6dert\u00f6rn med projektet:\u00a0Offentlig konst i slutna milj\u00f6er: Kritiska perspektiv p\u00e5 konst och demokrati i Sverige och Norge\u00a0(VR). Annika \u00d6hrner, konstvetare vid S\u00f6dert\u00f6rn &amp; ansvarig f\u00f6r Art Space, leder samtalet.<\/p>\n","protected":false},"excerpt":{"rendered":"<p>Stefan Teleman. 26 mars &#8211; 22 maj 2026. Stefan Teleman \u00e4r en av Sveriges fr\u00e4msta satiriska konstn\u00e4rskap med r\u00f6tter i en l\u00e5ng samh\u00e4llskritisk tradition. Expressiva, humoristiska och subversiva, riktar hans [&hellip;]<\/p>\n","protected":false},"author":7,"featured_media":0,"parent":0,"menu_order":0,"comment_status":"closed","ping_status":"closed","template":"","meta":{"footnotes":""},"class_list":["post-1009","page","type-page","status-publish","hentry"],"_links":{"self":[{"href":"https:\/\/blogg.sh.se\/artspace\/wp-json\/wp\/v2\/pages\/1009","targetHints":{"allow":["GET"]}}],"collection":[{"href":"https:\/\/blogg.sh.se\/artspace\/wp-json\/wp\/v2\/pages"}],"about":[{"href":"https:\/\/blogg.sh.se\/artspace\/wp-json\/wp\/v2\/types\/page"}],"author":[{"embeddable":true,"href":"https:\/\/blogg.sh.se\/artspace\/wp-json\/wp\/v2\/users\/7"}],"replies":[{"embeddable":true,"href":"https:\/\/blogg.sh.se\/artspace\/wp-json\/wp\/v2\/comments?post=1009"}],"version-history":[{"count":2,"href":"https:\/\/blogg.sh.se\/artspace\/wp-json\/wp\/v2\/pages\/1009\/revisions"}],"predecessor-version":[{"id":1015,"href":"https:\/\/blogg.sh.se\/artspace\/wp-json\/wp\/v2\/pages\/1009\/revisions\/1015"}],"wp:attachment":[{"href":"https:\/\/blogg.sh.se\/artspace\/wp-json\/wp\/v2\/media?parent=1009"}],"curies":[{"name":"wp","href":"https:\/\/api.w.org\/{rel}","templated":true}]}}